
{"id":6058,"date":"2020-07-14T13:34:40","date_gmt":"2020-07-14T11:34:40","guid":{"rendered":"https:\/\/ticsalutsocial.atoom.space\/?post_type=event&#038;p=6058"},"modified":"2021-07-21T16:28:04","modified_gmt":"2021-07-21T14:28:04","slug":"10es-jornades-rdi-tic-salut-i-social-webinar-01","status":"publish","type":"event","link":"https:\/\/ticsalutsocial.atoom.space\/es\/event\/10es-jornades-rdi-tic-salut-i-social-webinar-01\/","title":{"rendered":"10es Jornades R+D+I TIC Salut i Social: Webinar 01"},"content":{"rendered":"<p>En motiu del 10\u00e8 aniversari de les Jornades R+D+I TIC Salut i Social a Vic\u00a0i en el context de la\u00a0situaci\u00f3 actual,\u00a0enguany hem preparat un programa de\u00a0webinars\u00a0distribu\u00efts en quatre sessions de tarda que\u00a0comptaran amb la participaci\u00f3 de\u00a0ponents experts.<\/p>\n<p>Aquesta primera sessi\u00f3 girar\u00e0 entorna la <strong>\u00abTransformaci\u00f3 Digital en Atenci\u00f3\u00a0Prim\u00e0ria\u00a0Comunit\u00e0ria\u00bb<\/strong><\/p>\n<p><strong>Ponents:<\/strong><\/p>\n<ul>\n<li>Dra. Marta Sagarra i Castro. Metgessa de fam\u00edlia, directora EAP Capellades. Grup eConsulta\/Videconsulta GTCC. Ger\u00e8ncia Territorial Catalunya Central | Institut Catal\u00e0 de la Salut<\/li>\n<li>Dra S\u00edlvia Narejos P\u00e9rez. Metgessa de Fam\u00edlia CAP Centelles. Directora General EBA Centelles. Directora RDI EBA Centelles. Directora Grup Indicadors ACEBA. Coordinadora TIC ACEBA<\/li>\n<li>Sr. David Reifs, CTIO (Cap tecnol\u00f2gic de la oficina d\u2019innovaci\u00f3) de Seidor i CEO de Skilled Skin<\/li>\n<li>\n<div>Dr. Pere Guirado Vila. Metge de Fam\u00edlia de l&#8217;EAP Palleja. Coordinador del Grup ecoAP de la CAMFIC.<\/div>\n<\/li>\n<li>\n<div>Dra. Beatriz P\u00e9rez Gonz\u00e1lez, metgessa de familia i directora EAP santa Margarida de montbui. Membre del grup d&#8217;ecoAP de la CAMFiC, docent i responsable de l&#8217;aplicaci\u00f3 de la ecografia pulmonar en la covid19 a l&#8217;Anoia principalment a la ConCA d&#8217;Odena durant la Pandemia.<\/div>\n<\/li>\n<li>Sr. Marc Fortes Bordas. Infermer i M\u00e0ster en Educaci\u00f3 per la Salut. Coordinador del projecte infermera virtual. Membre de la oficina de mobilitat de la fundaci\u00f3 TIC Salut i Social. Professor col\u00b7laborador Universitat de Barcelona. Professor col\u00b7laborador &#8211; Universitat de Lleida.<\/li>\n<li>Dr.Antoni Sis\u00f3 Almirall. President de la Societat Catalana de Medicina Familiar i Comunitaria (CAMFiC). Director d&#8217;investigaci\u00f3 del Consorci d\u2019Atenci\u00f3 Prim\u00e0ria de Salut Barcelona Esquerre (CAPSBE). Professor Associat de la Facultat de Medicina de la Universidad de Barcelona.<\/li>\n<\/ul>\n<p><strong>Moderadors:<\/strong><\/p>\n<ul>\n<li>Dr. Laura Camps i Vila. Metgessa de fam\u00edlia EAP Pla\u00e7a Catalunya l Manresa. Ger\u00e8ncia Territorial Catalunya Central | Institut Catal\u00e0 de la Salut<\/li>\n<li>Dr. Josep Vidal i Alaball. Metge de fam\u00edlia EAP Nav\u00e0s-Balsareny. Coordinador de la Unitat de Recerca i Innovaci\u00f3 en Atenci\u00f3 Prim\u00e0ria. Ger\u00e8ncia Territorial Catalunya Central | Institut Catal\u00e0 de la Salut<\/li>\n<\/ul>\n<p><strong>De qu\u00e8 parlarem:<\/strong><\/p>\n<p>La irrupci\u00f3 de les tecnologies digitals ha implicat grans transformacions en l&#8217;\u00e0mbit de la salut. Canvis en la comunicaci\u00f3 entre els principals agents sanitaris, canvis en l&#8217;atenci\u00f3 cl\u00ednica o en les compet\u00e8ncies dels professionals. Per\u00f2 ha estat la crisis sanit\u00e0ria de la COVID-19 el catalitzador que ha fet accelerar aquesta transformaci\u00f3 digital. El Sistema de Salut de Catalunya, i especialment l\u2019Atenci\u00f3 Prim\u00e0ria i Comunit\u00e0ria, ha hagut d\u2019adaptar-se i transformar-se digitalment, accelerant un proc\u00e9s que ja s\u2019estava implementant des de feia anys. Millores en les teleconsultes, en el teletreball o en la relaci\u00f3 entre nivells assistencials s\u00f3n alguns dels canvis que han perm\u00e8s, en uns moments d\u2019extrema complexitat, seguir donant atenci\u00f3 a les necessitats de la poblaci\u00f3 amb seguretat i que s\u2019han de convertir en palanca per consolidar un model de sistemes d&#8217;informaci\u00f3 centrat en les persones.<\/p>\n<p><strong>Inscripcions obertes.<\/strong><\/p>\n<p><strong>Enriquim el debat:<\/strong><\/p>\n<p>T&#8217;agradaria formular alguna pregunta pr\u00e8via a la sessi\u00f3? A trav\u00e9s d&#8217;aquest <strong><a href=\"https:\/\/forms.gle\/GamgH5uPKURBPjE8A\">formulari<\/a><\/strong> podr\u00e0s fer-nos arribar la pregunta i intentarem que pugui ser formulada durant el debat.<\/p>\n","protected":false},"featured_media":6054,"menu_order":0,"template":"","meta":{"_acf_changed":false,"inline_featured_image":false},"tipus":[],"topic":[121,123],"class_list":["post-6058","event","type-event","status-publish","has-post-thumbnail","hentry","topic-dpd-es","topic-actualidad"],"acf":{"imatge":6056,"informacio":{"ubicacio":"Edici\u00f3 en l\u00ednia","data":"23\/09\/2020","hora":"De 16:00h a 17:30h","preu":"Gratu\u00efta pr\u00e8via inscripci\u00f3","inscripcions":""}},"yoast_head":"<!-- This site is optimized with the Yoast SEO plugin v27.1.1 - https:\/\/yoast.com\/product\/yoast-seo-wordpress\/ -->\n<title>10es Jornades R+D+I TIC Salut i Social: Webinar 01 - Fundaci\u00f3 TIC Salut i Social<\/title>\n<meta name=\"robots\" content=\"index, follow, max-snippet:-1, max-image-preview:large, max-video-preview:-1\" \/>\n<link rel=\"canonical\" href=\"https:\/\/ticsalutsocial.atoom.space\/es\/event\/10es-jornades-rdi-tic-salut-i-social-webinar-01\/\" \/>\n<meta property=\"og:locale\" content=\"es_ES\" \/>\n<meta property=\"og:type\" content=\"article\" \/>\n<meta property=\"og:title\" content=\"10es Jornades R+D+I TIC Salut i Social: Webinar 01 - Fundaci\u00f3 TIC Salut i Social\" \/>\n<meta property=\"og:description\" content=\"En motiu del 10\u00e8 aniversari de les Jornades R+D+I TIC Salut i Social a Vic\u00a0i en el context de la\u00a0situaci\u00f3 actual,\u00a0enguany hem preparat un programa de\u00a0webinars\u00a0distribu\u00efts en quatre sessions de tarda que\u00a0comptaran amb la participaci\u00f3 de\u00a0ponents experts. Aquesta primera sessi\u00f3 girar\u00e0 entorna la \u00abTransformaci\u00f3 Digital en Atenci\u00f3\u00a0Prim\u00e0ria\u00a0Comunit\u00e0ria\u00bb Ponents: Dra. Marta Sagarra i Castro. Metgessa de [&hellip;]\" \/>\n<meta property=\"og:url\" content=\"https:\/\/ticsalutsocial.atoom.space\/es\/event\/10es-jornades-rdi-tic-salut-i-social-webinar-01\/\" \/>\n<meta property=\"og:site_name\" content=\"Fundaci\u00f3 TIC Salut i Social\" \/>\n<meta property=\"article:modified_time\" content=\"2021-07-21T14:28:04+00:00\" \/>\n<meta property=\"og:image\" content=\"https:\/\/ticsalutsocial.atoom.space\/wp-content\/uploads\/2020\/07\/mailing-webinar-1.png\" \/>\n\t<meta property=\"og:image:width\" content=\"1366\" \/>\n\t<meta property=\"og:image:height\" content=\"768\" \/>\n\t<meta property=\"og:image:type\" content=\"image\/png\" \/>\n<meta name=\"twitter:card\" content=\"summary_large_image\" \/>\n<meta name=\"twitter:label1\" content=\"Tiempo de lectura\" \/>\n\t<meta name=\"twitter:data1\" content=\"3 minutos\" \/>\n<script type=\"application\/ld+json\" class=\"yoast-schema-graph\">{\"@context\":\"https:\/\/schema.org\",\"@graph\":[{\"@type\":\"WebPage\",\"@id\":\"https:\/\/ticsalutsocial.atoom.space\/es\/event\/10es-jornades-rdi-tic-salut-i-social-webinar-01\/\",\"url\":\"https:\/\/ticsalutsocial.atoom.space\/es\/event\/10es-jornades-rdi-tic-salut-i-social-webinar-01\/\",\"name\":\"10es Jornades R+D+I TIC Salut i Social: Webinar 01 - Fundaci\u00f3 TIC Salut i Social\",\"isPartOf\":{\"@id\":\"https:\/\/ticsalutsocial.atoom.space\/es\/#website\"},\"primaryImageOfPage\":{\"@id\":\"https:\/\/ticsalutsocial.atoom.space\/es\/event\/10es-jornades-rdi-tic-salut-i-social-webinar-01\/#primaryimage\"},\"image\":{\"@id\":\"https:\/\/ticsalutsocial.atoom.space\/es\/event\/10es-jornades-rdi-tic-salut-i-social-webinar-01\/#primaryimage\"},\"thumbnailUrl\":\"https:\/\/ticsalutsocial.atoom.space\/wp-content\/uploads\/2020\/07\/mailing-webinar-1.png\",\"datePublished\":\"2020-07-14T11:34:40+00:00\",\"dateModified\":\"2021-07-21T14:28:04+00:00\",\"breadcrumb\":{\"@id\":\"https:\/\/ticsalutsocial.atoom.space\/es\/event\/10es-jornades-rdi-tic-salut-i-social-webinar-01\/#breadcrumb\"},\"inLanguage\":\"es\",\"potentialAction\":[{\"@type\":\"ReadAction\",\"target\":[\"https:\/\/ticsalutsocial.atoom.space\/es\/event\/10es-jornades-rdi-tic-salut-i-social-webinar-01\/\"]}]},{\"@type\":\"ImageObject\",\"inLanguage\":\"es\",\"@id\":\"https:\/\/ticsalutsocial.atoom.space\/es\/event\/10es-jornades-rdi-tic-salut-i-social-webinar-01\/#primaryimage\",\"url\":\"https:\/\/ticsalutsocial.atoom.space\/wp-content\/uploads\/2020\/07\/mailing-webinar-1.png\",\"contentUrl\":\"https:\/\/ticsalutsocial.atoom.space\/wp-content\/uploads\/2020\/07\/mailing-webinar-1.png\",\"width\":1366,\"height\":768},{\"@type\":\"BreadcrumbList\",\"@id\":\"https:\/\/ticsalutsocial.atoom.space\/es\/event\/10es-jornades-rdi-tic-salut-i-social-webinar-01\/#breadcrumb\",\"itemListElement\":[{\"@type\":\"ListItem\",\"position\":1,\"name\":\"Inici\",\"item\":\"https:\/\/ticsalutsocial.atoom.space\/es\/\"},{\"@type\":\"ListItem\",\"position\":2,\"name\":\"10es Jornades R+D+I TIC Salut i Social: Webinar 01\"}]},{\"@type\":\"WebSite\",\"@id\":\"https:\/\/ticsalutsocial.atoom.space\/es\/#website\",\"url\":\"https:\/\/ticsalutsocial.atoom.space\/es\/\",\"name\":\"Fundaci\u00f3 TIC Salut i Social\",\"description\":\"\",\"potentialAction\":[{\"@type\":\"SearchAction\",\"target\":{\"@type\":\"EntryPoint\",\"urlTemplate\":\"https:\/\/ticsalutsocial.atoom.space\/es\/?s={search_term_string}\"},\"query-input\":{\"@type\":\"PropertyValueSpecification\",\"valueRequired\":true,\"valueName\":\"search_term_string\"}}],\"inLanguage\":\"es\"}]}<\/script>\n<!-- \/ Yoast SEO plugin. -->","yoast_head_json":{"title":"10es Jornades R+D+I TIC Salut i Social: Webinar 01 - Fundaci\u00f3 TIC Salut i Social","robots":{"index":"index","follow":"follow","max-snippet":"max-snippet:-1","max-image-preview":"max-image-preview:large","max-video-preview":"max-video-preview:-1"},"canonical":"https:\/\/ticsalutsocial.atoom.space\/es\/event\/10es-jornades-rdi-tic-salut-i-social-webinar-01\/","og_locale":"es_ES","og_type":"article","og_title":"10es Jornades R+D+I TIC Salut i Social: Webinar 01 - Fundaci\u00f3 TIC Salut i Social","og_description":"En motiu del 10\u00e8 aniversari de les Jornades R+D+I TIC Salut i Social a Vic\u00a0i en el context de la\u00a0situaci\u00f3 actual,\u00a0enguany hem preparat un programa de\u00a0webinars\u00a0distribu\u00efts en quatre sessions de tarda que\u00a0comptaran amb la participaci\u00f3 de\u00a0ponents experts. Aquesta primera sessi\u00f3 girar\u00e0 entorna la \u00abTransformaci\u00f3 Digital en Atenci\u00f3\u00a0Prim\u00e0ria\u00a0Comunit\u00e0ria\u00bb Ponents: Dra. Marta Sagarra i Castro. Metgessa de [&hellip;]","og_url":"https:\/\/ticsalutsocial.atoom.space\/es\/event\/10es-jornades-rdi-tic-salut-i-social-webinar-01\/","og_site_name":"Fundaci\u00f3 TIC Salut i Social","article_modified_time":"2021-07-21T14:28:04+00:00","og_image":[{"width":1366,"height":768,"url":"https:\/\/ticsalutsocial.atoom.space\/wp-content\/uploads\/2020\/07\/mailing-webinar-1.png","type":"image\/png"}],"twitter_card":"summary_large_image","twitter_misc":{"Tiempo de lectura":"3 minutos"},"schema":{"@context":"https:\/\/schema.org","@graph":[{"@type":"WebPage","@id":"https:\/\/ticsalutsocial.atoom.space\/es\/event\/10es-jornades-rdi-tic-salut-i-social-webinar-01\/","url":"https:\/\/ticsalutsocial.atoom.space\/es\/event\/10es-jornades-rdi-tic-salut-i-social-webinar-01\/","name":"10es Jornades R+D+I TIC Salut i Social: Webinar 01 - Fundaci\u00f3 TIC Salut i Social","isPartOf":{"@id":"https:\/\/ticsalutsocial.atoom.space\/es\/#website"},"primaryImageOfPage":{"@id":"https:\/\/ticsalutsocial.atoom.space\/es\/event\/10es-jornades-rdi-tic-salut-i-social-webinar-01\/#primaryimage"},"image":{"@id":"https:\/\/ticsalutsocial.atoom.space\/es\/event\/10es-jornades-rdi-tic-salut-i-social-webinar-01\/#primaryimage"},"thumbnailUrl":"https:\/\/ticsalutsocial.atoom.space\/wp-content\/uploads\/2020\/07\/mailing-webinar-1.png","datePublished":"2020-07-14T11:34:40+00:00","dateModified":"2021-07-21T14:28:04+00:00","breadcrumb":{"@id":"https:\/\/ticsalutsocial.atoom.space\/es\/event\/10es-jornades-rdi-tic-salut-i-social-webinar-01\/#breadcrumb"},"inLanguage":"es","potentialAction":[{"@type":"ReadAction","target":["https:\/\/ticsalutsocial.atoom.space\/es\/event\/10es-jornades-rdi-tic-salut-i-social-webinar-01\/"]}]},{"@type":"ImageObject","inLanguage":"es","@id":"https:\/\/ticsalutsocial.atoom.space\/es\/event\/10es-jornades-rdi-tic-salut-i-social-webinar-01\/#primaryimage","url":"https:\/\/ticsalutsocial.atoom.space\/wp-content\/uploads\/2020\/07\/mailing-webinar-1.png","contentUrl":"https:\/\/ticsalutsocial.atoom.space\/wp-content\/uploads\/2020\/07\/mailing-webinar-1.png","width":1366,"height":768},{"@type":"BreadcrumbList","@id":"https:\/\/ticsalutsocial.atoom.space\/es\/event\/10es-jornades-rdi-tic-salut-i-social-webinar-01\/#breadcrumb","itemListElement":[{"@type":"ListItem","position":1,"name":"Inici","item":"https:\/\/ticsalutsocial.atoom.space\/es\/"},{"@type":"ListItem","position":2,"name":"10es Jornades R+D+I TIC Salut i Social: Webinar 01"}]},{"@type":"WebSite","@id":"https:\/\/ticsalutsocial.atoom.space\/es\/#website","url":"https:\/\/ticsalutsocial.atoom.space\/es\/","name":"Fundaci\u00f3 TIC Salut i Social","description":"","potentialAction":[{"@type":"SearchAction","target":{"@type":"EntryPoint","urlTemplate":"https:\/\/ticsalutsocial.atoom.space\/es\/?s={search_term_string}"},"query-input":{"@type":"PropertyValueSpecification","valueRequired":true,"valueName":"search_term_string"}}],"inLanguage":"es"}]}},"_links":{"self":[{"href":"https:\/\/ticsalutsocial.atoom.space\/es\/wp-json\/wp\/v2\/event\/6058","targetHints":{"allow":["GET"]}}],"collection":[{"href":"https:\/\/ticsalutsocial.atoom.space\/es\/wp-json\/wp\/v2\/event"}],"about":[{"href":"https:\/\/ticsalutsocial.atoom.space\/es\/wp-json\/wp\/v2\/types\/event"}],"wp:featuredmedia":[{"embeddable":true,"href":"https:\/\/ticsalutsocial.atoom.space\/es\/wp-json\/wp\/v2\/media\/6054"}],"wp:attachment":[{"href":"https:\/\/ticsalutsocial.atoom.space\/es\/wp-json\/wp\/v2\/media?parent=6058"}],"wp:term":[{"taxonomy":"tipus","embeddable":true,"href":"https:\/\/ticsalutsocial.atoom.space\/es\/wp-json\/wp\/v2\/tipus?post=6058"},{"taxonomy":"topic","embeddable":true,"href":"https:\/\/ticsalutsocial.atoom.space\/es\/wp-json\/wp\/v2\/topic?post=6058"}],"curies":[{"name":"wp","href":"https:\/\/api.w.org\/{rel}","templated":true}]}}