
{"id":6086,"date":"2020-10-26T11:28:40","date_gmt":"2020-10-26T09:28:40","guid":{"rendered":"https:\/\/ticsalutsocial.atoom.space\/?post_type=event&#038;p=6086"},"modified":"2021-07-21T16:28:15","modified_gmt":"2021-07-21T14:28:15","slug":"la-digitalitzacio-en-lassistencia-en-salut-mental-webinar-som-salut-mental-360","status":"publish","type":"event","link":"https:\/\/ticsalutsocial.atoom.space\/es\/event\/la-digitalitzacio-en-lassistencia-en-salut-mental-webinar-som-salut-mental-360\/","title":{"rendered":"&#8216;La digitalitzaci\u00f3 en l&#8217;assist\u00e8ncia en salut mental&#8217;, webinar SOM Salut Mental 360"},"content":{"rendered":"<p><img decoding=\"async\" class=\"aligncenter size-large wp-image-24451\" src=\"https:\/\/ticsalutsocial.atoom.space\/wp-content\/uploads\/2020\/10\/07928849-b44e-4d17-b008-393908c21697-700x394-1.jpg\" alt=\"\" \/><\/p>\n<div class=\"field field-name-resumen field-type-ds field-label-hidden\">\n<div class=\"field-items\">\n<div class=\"field-item even\">\n<p>Quins s\u00f3n els reptes i oportunitats per humanitzar l&#8217;\u00fas de les TIC? Intentarem respondre a aquesta pregunta en aquesta trobada digital emmarcada dins del cicle de Sant Joan de D\u00e9u sobre salut mental i COVID-19.<\/p>\n<\/div>\n<\/div>\n<\/div>\n<div class=\"field field-name-body field-type-text-with-summary field-label-hidden\">\n<div class=\"field-items\">\n<div class=\"field-item even\">\n<p>Al mar\u00e7 de 2020, amb la irrupci\u00f3 de la pand\u00e8mia i la declaraci\u00f3 de l&#8217;a\u00efllament social, preventiu i obligatori, la gran majoria dels tractaments que rebien els usuaris de salut mental es van reconvertir en format virtual. Els professionals van haver de transformar en temps r\u00e8cord els seus tractaments presencials en modalitat online, per poder continuar oferint assist\u00e8ncia de manera normalitzada.<\/p>\n<p>Ja no tenim dubtes que la\u00a0<strong>COVID-19<\/strong>\u00a0marcar\u00e0 un abans i un despr\u00e9s en la transformaci\u00f3 digital de la sanitat. La\u00a0<strong>implementaci\u00f3 de la telemedicina<\/strong>\u00a0ha reivindicat la seva posici\u00f3 com a m\u00e8tode de suport garantint una qualitat assistencial a un nivell molt superior al que cr\u00e8iem possible fa a penes uns mesos.<\/p>\n<p>L&#8217;atenci\u00f3 sanit\u00e0ria per via telem\u00e0tica ha evitat que persones dependents de tractaments farmacol\u00f2gics i consultes m\u00e8diques es quedessin sense les seves receptes i poguessin desviar les seves consultes a aquests sistemes d&#8217;atenci\u00f3. Aquest sistema va permetre, en els moments \u00e0lgids de la crisi, que els hospitals consagrin tots els seus recursos a l&#8217;atenci\u00f3 de persones amb COVID-19.<\/p>\n<p>Els experts assenyalen que el contacte presencial continua sent necessari per al tractament dels problemes de salut mental, ja que hi ha uns certs beneficis de la ter\u00e0pia presencial que no es poden aconseguir a trav\u00e9s dels dispositius digitals.<\/p>\n<h3 class=\"blue\">Modera<\/h3>\n<ul>\n<li>Dr. Josep Maria Haro Abad\u00a0&#8211;\u00a0Psiquiatra i\u00a0doctor en salut\u00a0p\u00fablica. Director de Doc\u00e8ncia, Recerca\u00a0i\u00a0Innovaci\u00f3\u00a0del\u00a0Parc Sanitari Sant Joan de D\u00e9u.<\/li>\n<\/ul>\n<h3 class=\"blue\">Ponents\u200b<\/h3>\n<ul>\n<li>Dr. Francesc Garc\u00eda Cuy\u00e0s, doctor en Cirurgia General i\u00a0Digestiva. Adjunt\u00a0a la Direcci\u00f3 M\u00e8dica de l&#8217;Hospital Sant Joan de D\u00e9u de Barcelona.<\/li>\n<li>Imma Mal\u00e9 Pegueroles, infermera i\u00a0usu\u00e0ria del Sistema de Salut\u00a0Mental.<\/li>\n<li>Dr. Joan Carles March Cerd\u00e0, doctor en Medicina. Professor de la Escuela Andaluza de Salud P\u00fablica.<\/li>\n<\/ul>\n<p>El portal <strong><a href=\"https:\/\/www.som360.org\/es\" target=\"_blank\" rel=\"noopener noreferrer\">SOM\u00a0Salud\u00a0Mental 360<\/a>\u00a0<\/strong>vol ser un referent nacional i internacional en temes de salut mental, des d&#8217;una perspectiva apoderadora i centrada en els drets humans, establint noves relacions entre els diferents agents socials implicats. Des d&#8217;una visi\u00f3 de 360, es dirigeix a la poblaci\u00f3 general, per\u00f2 tamb\u00e9 a la persona atesa i al seu entorn, als especialistes d&#8217;aquest \u00e0mbit i als professionals d&#8217;altres sectors, com els docents, els cuidadors i cuidadores o el voluntariat. I ho fa des de la proximitat, amb vocaci\u00f3 d&#8217;innovar i donar un servei de qualitat. Es va estrenar amb un monogr\u00e0fic sobre l&#8217;impacte emocional de la COVID-19 i oferir\u00e0 un seguit de &#8216;webinars&#8217; els propers dies.<\/p>\n<p>Els impulsors d&#8217;aquesta iniciativa s\u00f3n els centres de SJD a Sant Boi (Parc Sanitari Sant Joan de D\u00e9u), Esplugues (Hospital Maternoinfantil) i Lleida (SJD Terres de Lleida), a m\u00e9s de SJD Serveis Socials Barcelona i SJD Solidaritat.<\/p>\n<\/div>\n<\/div>\n<\/div>\n","protected":false},"featured_media":0,"menu_order":0,"template":"","meta":{"_acf_changed":false,"inline_featured_image":false},"tipus":[],"topic":[121],"class_list":["post-6086","event","type-event","status-publish","hentry","topic-dpd-es"],"acf":{"informacio":{"ubicacio":"Esdeveniment en l\u00ednea","data":"03\/11\/2020","hora":"18:00 a 19:00h","preu":"","inscripcions":""}},"yoast_head":"<!-- This site is optimized with the Yoast SEO plugin v27.1.1 - https:\/\/yoast.com\/product\/yoast-seo-wordpress\/ -->\n<title>&#039;La digitalitzaci\u00f3 en l&#039;assist\u00e8ncia en salut mental&#039;, webinar SOM Salut Mental 360 - Fundaci\u00f3 TIC Salut i Social<\/title>\n<meta name=\"robots\" content=\"index, follow, max-snippet:-1, max-image-preview:large, max-video-preview:-1\" \/>\n<link rel=\"canonical\" href=\"https:\/\/ticsalutsocial.atoom.space\/es\/event\/la-digitalitzacio-en-lassistencia-en-salut-mental-webinar-som-salut-mental-360\/\" \/>\n<meta property=\"og:locale\" content=\"es_ES\" \/>\n<meta property=\"og:type\" content=\"article\" \/>\n<meta property=\"og:title\" content=\"&#039;La digitalitzaci\u00f3 en l&#039;assist\u00e8ncia en salut mental&#039;, webinar SOM Salut Mental 360 - Fundaci\u00f3 TIC Salut i Social\" \/>\n<meta property=\"og:description\" content=\"Quins s\u00f3n els reptes i oportunitats per humanitzar l&#8217;\u00fas de les TIC? Intentarem respondre a aquesta pregunta en aquesta trobada digital emmarcada dins del cicle de Sant Joan de D\u00e9u sobre salut mental i COVID-19. Al mar\u00e7 de 2020, amb la irrupci\u00f3 de la pand\u00e8mia i la declaraci\u00f3 de l&#8217;a\u00efllament social, preventiu i obligatori, la [&hellip;]\" \/>\n<meta property=\"og:url\" content=\"https:\/\/ticsalutsocial.atoom.space\/es\/event\/la-digitalitzacio-en-lassistencia-en-salut-mental-webinar-som-salut-mental-360\/\" \/>\n<meta property=\"og:site_name\" content=\"Fundaci\u00f3 TIC Salut i Social\" \/>\n<meta property=\"article:modified_time\" content=\"2021-07-21T14:28:15+00:00\" \/>\n<meta property=\"og:image\" content=\"https:\/\/ticsalutsocial.atoom.space\/wp-content\/uploads\/2020\/10\/07928849-b44e-4d17-b008-393908c21697-700x394-1.jpg\" \/>\n<meta name=\"twitter:card\" content=\"summary_large_image\" \/>\n<meta name=\"twitter:label1\" content=\"Tiempo de lectura\" \/>\n\t<meta name=\"twitter:data1\" content=\"2 minutos\" \/>\n<script type=\"application\/ld+json\" class=\"yoast-schema-graph\">{\"@context\":\"https:\/\/schema.org\",\"@graph\":[{\"@type\":\"WebPage\",\"@id\":\"https:\/\/ticsalutsocial.atoom.space\/es\/event\/la-digitalitzacio-en-lassistencia-en-salut-mental-webinar-som-salut-mental-360\/\",\"url\":\"https:\/\/ticsalutsocial.atoom.space\/es\/event\/la-digitalitzacio-en-lassistencia-en-salut-mental-webinar-som-salut-mental-360\/\",\"name\":\"'La digitalitzaci\u00f3 en l'assist\u00e8ncia en salut mental', webinar SOM Salut Mental 360 - Fundaci\u00f3 TIC Salut i Social\",\"isPartOf\":{\"@id\":\"https:\/\/ticsalutsocial.atoom.space\/es\/#website\"},\"primaryImageOfPage\":{\"@id\":\"https:\/\/ticsalutsocial.atoom.space\/es\/event\/la-digitalitzacio-en-lassistencia-en-salut-mental-webinar-som-salut-mental-360\/#primaryimage\"},\"image\":{\"@id\":\"https:\/\/ticsalutsocial.atoom.space\/es\/event\/la-digitalitzacio-en-lassistencia-en-salut-mental-webinar-som-salut-mental-360\/#primaryimage\"},\"thumbnailUrl\":\"https:\/\/ticsalutsocial.atoom.space\/wp-content\/uploads\/2020\/10\/07928849-b44e-4d17-b008-393908c21697-700x394-1.jpg\",\"datePublished\":\"2020-10-26T09:28:40+00:00\",\"dateModified\":\"2021-07-21T14:28:15+00:00\",\"breadcrumb\":{\"@id\":\"https:\/\/ticsalutsocial.atoom.space\/es\/event\/la-digitalitzacio-en-lassistencia-en-salut-mental-webinar-som-salut-mental-360\/#breadcrumb\"},\"inLanguage\":\"es\",\"potentialAction\":[{\"@type\":\"ReadAction\",\"target\":[\"https:\/\/ticsalutsocial.atoom.space\/es\/event\/la-digitalitzacio-en-lassistencia-en-salut-mental-webinar-som-salut-mental-360\/\"]}]},{\"@type\":\"ImageObject\",\"inLanguage\":\"es\",\"@id\":\"https:\/\/ticsalutsocial.atoom.space\/es\/event\/la-digitalitzacio-en-lassistencia-en-salut-mental-webinar-som-salut-mental-360\/#primaryimage\",\"url\":\"https:\/\/ticsalutsocial.atoom.space\/wp-content\/uploads\/2020\/10\/07928849-b44e-4d17-b008-393908c21697-700x394-1.jpg\",\"contentUrl\":\"https:\/\/ticsalutsocial.atoom.space\/wp-content\/uploads\/2020\/10\/07928849-b44e-4d17-b008-393908c21697-700x394-1.jpg\"},{\"@type\":\"BreadcrumbList\",\"@id\":\"https:\/\/ticsalutsocial.atoom.space\/es\/event\/la-digitalitzacio-en-lassistencia-en-salut-mental-webinar-som-salut-mental-360\/#breadcrumb\",\"itemListElement\":[{\"@type\":\"ListItem\",\"position\":1,\"name\":\"Inici\",\"item\":\"https:\/\/ticsalutsocial.atoom.space\/es\/\"},{\"@type\":\"ListItem\",\"position\":2,\"name\":\"&#8216;La digitalitzaci\u00f3 en l&#8217;assist\u00e8ncia en salut mental&#8217;, webinar SOM Salut Mental 360\"}]},{\"@type\":\"WebSite\",\"@id\":\"https:\/\/ticsalutsocial.atoom.space\/es\/#website\",\"url\":\"https:\/\/ticsalutsocial.atoom.space\/es\/\",\"name\":\"Fundaci\u00f3 TIC Salut i Social\",\"description\":\"\",\"potentialAction\":[{\"@type\":\"SearchAction\",\"target\":{\"@type\":\"EntryPoint\",\"urlTemplate\":\"https:\/\/ticsalutsocial.atoom.space\/es\/?s={search_term_string}\"},\"query-input\":{\"@type\":\"PropertyValueSpecification\",\"valueRequired\":true,\"valueName\":\"search_term_string\"}}],\"inLanguage\":\"es\"}]}<\/script>\n<!-- \/ Yoast SEO plugin. -->","yoast_head_json":{"title":"'La digitalitzaci\u00f3 en l'assist\u00e8ncia en salut mental', webinar SOM Salut Mental 360 - Fundaci\u00f3 TIC Salut i Social","robots":{"index":"index","follow":"follow","max-snippet":"max-snippet:-1","max-image-preview":"max-image-preview:large","max-video-preview":"max-video-preview:-1"},"canonical":"https:\/\/ticsalutsocial.atoom.space\/es\/event\/la-digitalitzacio-en-lassistencia-en-salut-mental-webinar-som-salut-mental-360\/","og_locale":"es_ES","og_type":"article","og_title":"'La digitalitzaci\u00f3 en l'assist\u00e8ncia en salut mental', webinar SOM Salut Mental 360 - Fundaci\u00f3 TIC Salut i Social","og_description":"Quins s\u00f3n els reptes i oportunitats per humanitzar l&#8217;\u00fas de les TIC? Intentarem respondre a aquesta pregunta en aquesta trobada digital emmarcada dins del cicle de Sant Joan de D\u00e9u sobre salut mental i COVID-19. Al mar\u00e7 de 2020, amb la irrupci\u00f3 de la pand\u00e8mia i la declaraci\u00f3 de l&#8217;a\u00efllament social, preventiu i obligatori, la [&hellip;]","og_url":"https:\/\/ticsalutsocial.atoom.space\/es\/event\/la-digitalitzacio-en-lassistencia-en-salut-mental-webinar-som-salut-mental-360\/","og_site_name":"Fundaci\u00f3 TIC Salut i Social","article_modified_time":"2021-07-21T14:28:15+00:00","og_image":[{"url":"https:\/\/ticsalutsocial.atoom.space\/wp-content\/uploads\/2020\/10\/07928849-b44e-4d17-b008-393908c21697-700x394-1.jpg","type":"","width":"","height":""}],"twitter_card":"summary_large_image","twitter_misc":{"Tiempo de lectura":"2 minutos"},"schema":{"@context":"https:\/\/schema.org","@graph":[{"@type":"WebPage","@id":"https:\/\/ticsalutsocial.atoom.space\/es\/event\/la-digitalitzacio-en-lassistencia-en-salut-mental-webinar-som-salut-mental-360\/","url":"https:\/\/ticsalutsocial.atoom.space\/es\/event\/la-digitalitzacio-en-lassistencia-en-salut-mental-webinar-som-salut-mental-360\/","name":"'La digitalitzaci\u00f3 en l'assist\u00e8ncia en salut mental', webinar SOM Salut Mental 360 - Fundaci\u00f3 TIC Salut i Social","isPartOf":{"@id":"https:\/\/ticsalutsocial.atoom.space\/es\/#website"},"primaryImageOfPage":{"@id":"https:\/\/ticsalutsocial.atoom.space\/es\/event\/la-digitalitzacio-en-lassistencia-en-salut-mental-webinar-som-salut-mental-360\/#primaryimage"},"image":{"@id":"https:\/\/ticsalutsocial.atoom.space\/es\/event\/la-digitalitzacio-en-lassistencia-en-salut-mental-webinar-som-salut-mental-360\/#primaryimage"},"thumbnailUrl":"https:\/\/ticsalutsocial.atoom.space\/wp-content\/uploads\/2020\/10\/07928849-b44e-4d17-b008-393908c21697-700x394-1.jpg","datePublished":"2020-10-26T09:28:40+00:00","dateModified":"2021-07-21T14:28:15+00:00","breadcrumb":{"@id":"https:\/\/ticsalutsocial.atoom.space\/es\/event\/la-digitalitzacio-en-lassistencia-en-salut-mental-webinar-som-salut-mental-360\/#breadcrumb"},"inLanguage":"es","potentialAction":[{"@type":"ReadAction","target":["https:\/\/ticsalutsocial.atoom.space\/es\/event\/la-digitalitzacio-en-lassistencia-en-salut-mental-webinar-som-salut-mental-360\/"]}]},{"@type":"ImageObject","inLanguage":"es","@id":"https:\/\/ticsalutsocial.atoom.space\/es\/event\/la-digitalitzacio-en-lassistencia-en-salut-mental-webinar-som-salut-mental-360\/#primaryimage","url":"https:\/\/ticsalutsocial.atoom.space\/wp-content\/uploads\/2020\/10\/07928849-b44e-4d17-b008-393908c21697-700x394-1.jpg","contentUrl":"https:\/\/ticsalutsocial.atoom.space\/wp-content\/uploads\/2020\/10\/07928849-b44e-4d17-b008-393908c21697-700x394-1.jpg"},{"@type":"BreadcrumbList","@id":"https:\/\/ticsalutsocial.atoom.space\/es\/event\/la-digitalitzacio-en-lassistencia-en-salut-mental-webinar-som-salut-mental-360\/#breadcrumb","itemListElement":[{"@type":"ListItem","position":1,"name":"Inici","item":"https:\/\/ticsalutsocial.atoom.space\/es\/"},{"@type":"ListItem","position":2,"name":"&#8216;La digitalitzaci\u00f3 en l&#8217;assist\u00e8ncia en salut mental&#8217;, webinar SOM Salut Mental 360"}]},{"@type":"WebSite","@id":"https:\/\/ticsalutsocial.atoom.space\/es\/#website","url":"https:\/\/ticsalutsocial.atoom.space\/es\/","name":"Fundaci\u00f3 TIC Salut i Social","description":"","potentialAction":[{"@type":"SearchAction","target":{"@type":"EntryPoint","urlTemplate":"https:\/\/ticsalutsocial.atoom.space\/es\/?s={search_term_string}"},"query-input":{"@type":"PropertyValueSpecification","valueRequired":true,"valueName":"search_term_string"}}],"inLanguage":"es"}]}},"_links":{"self":[{"href":"https:\/\/ticsalutsocial.atoom.space\/es\/wp-json\/wp\/v2\/event\/6086","targetHints":{"allow":["GET"]}}],"collection":[{"href":"https:\/\/ticsalutsocial.atoom.space\/es\/wp-json\/wp\/v2\/event"}],"about":[{"href":"https:\/\/ticsalutsocial.atoom.space\/es\/wp-json\/wp\/v2\/types\/event"}],"wp:attachment":[{"href":"https:\/\/ticsalutsocial.atoom.space\/es\/wp-json\/wp\/v2\/media?parent=6086"}],"wp:term":[{"taxonomy":"tipus","embeddable":true,"href":"https:\/\/ticsalutsocial.atoom.space\/es\/wp-json\/wp\/v2\/tipus?post=6086"},{"taxonomy":"topic","embeddable":true,"href":"https:\/\/ticsalutsocial.atoom.space\/es\/wp-json\/wp\/v2\/topic?post=6086"}],"curies":[{"name":"wp","href":"https:\/\/api.w.org\/{rel}","templated":true}]}}