
{"id":28992,"date":"2024-10-29T13:30:05","date_gmt":"2024-10-29T11:30:05","guid":{"rendered":"https:\/\/ticsalutsocial.atoom.space\/oferta\/convocatoria-slt478-24-responsable-operatiu-dels-projectes-dinnovacio-en-latencio-i-cures-de-persones-amb-dependencia\/"},"modified":"2024-12-02T13:31:51","modified_gmt":"2024-12-02T11:31:51","slug":"convocatoria-slt478-24-responsable-operatiu-dels-projectes-dinnovacio-en-latencio-i-cures-de-persones-amb-dependencia","status":"publish","type":"oferta","link":"https:\/\/ticsalutsocial.atoom.space\/es\/oferta\/convocatoria-slt478-24-responsable-operatiu-dels-projectes-dinnovacio-en-latencio-i-cures-de-persones-amb-dependencia\/","title":{"rendered":"Convocat\u00f2ria SLT478-24: Responsable operatiu dels projectes d&#8217;innovaci\u00f3 en l&#8217;atenci\u00f3 i cures de persones amb depend\u00e8ncia"},"content":{"rendered":"\r\n<p><a href=\"https:\/\/ticsalutsocial.atoom.space\/wp-content\/uploads\/2024\/10\/RESOLUCIO-CONVOCATORIA-SLT_478_24.pdf\"><strong>RESOLUCI\u00d3 de 28 de novembre de 2024, per fer p\u00fablica l\u2019anul\u00b7laci\u00f3 de la convocat\u00f2ria SLT478-24, per la provisi\u00f3 d\u2019un lloc de treball temporal de Responsable operatiu dels projectes d\u2019innovaci\u00f3 en l\u2019atenci\u00f3 i cures de persones amb depend\u00e8nc<\/strong><\/a><a href=\"https:\/\/ticsalutsocial.atoom.space\/wp-content\/uploads\/2024\/10\/RESOLUCIO-CONVOCATORIA-SLT_478_24.pdf\" target=\"_blank\" rel=\"noreferrer noopener\"><strong>ia.<\/strong><\/a><\/p>\r\n\r\n\r\n\r\n<p>Publicada el 2 de desembre del 2024<\/p>\r\n<hr \/>\r\n\r\n\r\n<h3 class=\"wp-block-heading\"><a href=\"https:\/\/ticsalutsocial.atoom.space\/wp-content\/uploads\/2024\/10\/Bases-ConvocatoriaTicSalut-Responsable-operatiu-projectes-innovacio-en-atencio-i-cures.pdf\" target=\"_blank\" rel=\"noreferrer noopener\">Convocat\u00f2ria SLT478-24: Responsable operatiu dels projectes d&#8217;innovaci\u00f3 en l&#8217;atenci\u00f3 i cures de persones amb depend\u00e8ncia.<\/a><\/h3>\r\n\r\n\r\n\r\n<p>Publicada el 29 d&#8217;octubre del 2024<\/p>\r\n","protected":false},"menu_order":0,"template":"","meta":{"_acf_changed":false,"inline_featured_image":false},"class_list":["post-28992","oferta","type-oferta","status-publish","hentry"],"acf":{"codi_oferta":"SLT478-24","tencada":true,"pendent":false,"resolc":{"titol":"","contingut":""}},"yoast_head":"<!-- This site is optimized with the Yoast SEO plugin v27.1.1 - https:\/\/yoast.com\/product\/yoast-seo-wordpress\/ -->\n<title>Convocat\u00f2ria SLT478-24: Responsable operatiu dels projectes d&#039;innovaci\u00f3 en l&#039;atenci\u00f3 i cures de persones amb depend\u00e8ncia - Fundaci\u00f3 TIC Salut i Social<\/title>\n<meta name=\"robots\" content=\"index, follow, max-snippet:-1, max-image-preview:large, max-video-preview:-1\" \/>\n<link rel=\"canonical\" href=\"https:\/\/ticsalutsocial.atoom.space\/es\/oferta\/convocatoria-slt478-24-responsable-operatiu-dels-projectes-dinnovacio-en-latencio-i-cures-de-persones-amb-dependencia\/\" \/>\n<meta property=\"og:locale\" content=\"es_ES\" \/>\n<meta property=\"og:type\" content=\"article\" \/>\n<meta property=\"og:title\" content=\"Convocat\u00f2ria SLT478-24: Responsable operatiu dels projectes d&#039;innovaci\u00f3 en l&#039;atenci\u00f3 i cures de persones amb depend\u00e8ncia - Fundaci\u00f3 TIC Salut i Social\" \/>\n<meta property=\"og:description\" content=\"RESOLUCI\u00d3 de 28 de novembre de 2024, per fer p\u00fablica l\u2019anul\u00b7laci\u00f3 de la convocat\u00f2ria SLT478-24, per la provisi\u00f3 d\u2019un lloc de treball temporal de Responsable operatiu dels projectes d\u2019innovaci\u00f3 en l\u2019atenci\u00f3 i cures de persones amb depend\u00e8ncia. Publicada el 2 de desembre del 2024 Convocat\u00f2ria SLT478-24: Responsable operatiu dels projectes d&#8217;innovaci\u00f3 en l&#8217;atenci\u00f3 i cures [&hellip;]\" \/>\n<meta property=\"og:url\" content=\"https:\/\/ticsalutsocial.atoom.space\/es\/oferta\/convocatoria-slt478-24-responsable-operatiu-dels-projectes-dinnovacio-en-latencio-i-cures-de-persones-amb-dependencia\/\" \/>\n<meta property=\"og:site_name\" content=\"Fundaci\u00f3 TIC Salut i Social\" \/>\n<meta property=\"article:modified_time\" content=\"2024-12-02T11:31:51+00:00\" \/>\n<meta name=\"twitter:card\" content=\"summary_large_image\" \/>\n<script type=\"application\/ld+json\" class=\"yoast-schema-graph\">{\"@context\":\"https:\/\/schema.org\",\"@graph\":[{\"@type\":\"WebPage\",\"@id\":\"https:\/\/ticsalutsocial.atoom.space\/es\/oferta\/convocatoria-slt478-24-responsable-operatiu-dels-projectes-dinnovacio-en-latencio-i-cures-de-persones-amb-dependencia\/\",\"url\":\"https:\/\/ticsalutsocial.atoom.space\/es\/oferta\/convocatoria-slt478-24-responsable-operatiu-dels-projectes-dinnovacio-en-latencio-i-cures-de-persones-amb-dependencia\/\",\"name\":\"Convocat\u00f2ria SLT478-24: Responsable operatiu dels projectes d'innovaci\u00f3 en l'atenci\u00f3 i cures de persones amb depend\u00e8ncia - Fundaci\u00f3 TIC Salut i Social\",\"isPartOf\":{\"@id\":\"https:\/\/ticsalutsocial.atoom.space\/es\/#website\"},\"datePublished\":\"2024-10-29T11:30:05+00:00\",\"dateModified\":\"2024-12-02T11:31:51+00:00\",\"breadcrumb\":{\"@id\":\"https:\/\/ticsalutsocial.atoom.space\/es\/oferta\/convocatoria-slt478-24-responsable-operatiu-dels-projectes-dinnovacio-en-latencio-i-cures-de-persones-amb-dependencia\/#breadcrumb\"},\"inLanguage\":\"es\",\"potentialAction\":[{\"@type\":\"ReadAction\",\"target\":[\"https:\/\/ticsalutsocial.atoom.space\/es\/oferta\/convocatoria-slt478-24-responsable-operatiu-dels-projectes-dinnovacio-en-latencio-i-cures-de-persones-amb-dependencia\/\"]}]},{\"@type\":\"BreadcrumbList\",\"@id\":\"https:\/\/ticsalutsocial.atoom.space\/es\/oferta\/convocatoria-slt478-24-responsable-operatiu-dels-projectes-dinnovacio-en-latencio-i-cures-de-persones-amb-dependencia\/#breadcrumb\",\"itemListElement\":[{\"@type\":\"ListItem\",\"position\":1,\"name\":\"Inici\",\"item\":\"https:\/\/ticsalutsocial.atoom.space\/es\/\"},{\"@type\":\"ListItem\",\"position\":2,\"name\":\"Convocat\u00f2ria SLT478-24: Responsable operatiu dels projectes d&#8217;innovaci\u00f3 en l&#8217;atenci\u00f3 i cures de persones amb depend\u00e8ncia\"}]},{\"@type\":\"WebSite\",\"@id\":\"https:\/\/ticsalutsocial.atoom.space\/es\/#website\",\"url\":\"https:\/\/ticsalutsocial.atoom.space\/es\/\",\"name\":\"Fundaci\u00f3 TIC Salut i Social\",\"description\":\"\",\"potentialAction\":[{\"@type\":\"SearchAction\",\"target\":{\"@type\":\"EntryPoint\",\"urlTemplate\":\"https:\/\/ticsalutsocial.atoom.space\/es\/?s={search_term_string}\"},\"query-input\":{\"@type\":\"PropertyValueSpecification\",\"valueRequired\":true,\"valueName\":\"search_term_string\"}}],\"inLanguage\":\"es\"}]}<\/script>\n<!-- \/ Yoast SEO plugin. -->","yoast_head_json":{"title":"Convocat\u00f2ria SLT478-24: Responsable operatiu dels projectes d'innovaci\u00f3 en l'atenci\u00f3 i cures de persones amb depend\u00e8ncia - Fundaci\u00f3 TIC Salut i Social","robots":{"index":"index","follow":"follow","max-snippet":"max-snippet:-1","max-image-preview":"max-image-preview:large","max-video-preview":"max-video-preview:-1"},"canonical":"https:\/\/ticsalutsocial.atoom.space\/es\/oferta\/convocatoria-slt478-24-responsable-operatiu-dels-projectes-dinnovacio-en-latencio-i-cures-de-persones-amb-dependencia\/","og_locale":"es_ES","og_type":"article","og_title":"Convocat\u00f2ria SLT478-24: Responsable operatiu dels projectes d'innovaci\u00f3 en l'atenci\u00f3 i cures de persones amb depend\u00e8ncia - Fundaci\u00f3 TIC Salut i Social","og_description":"RESOLUCI\u00d3 de 28 de novembre de 2024, per fer p\u00fablica l\u2019anul\u00b7laci\u00f3 de la convocat\u00f2ria SLT478-24, per la provisi\u00f3 d\u2019un lloc de treball temporal de Responsable operatiu dels projectes d\u2019innovaci\u00f3 en l\u2019atenci\u00f3 i cures de persones amb depend\u00e8ncia. Publicada el 2 de desembre del 2024 Convocat\u00f2ria SLT478-24: Responsable operatiu dels projectes d&#8217;innovaci\u00f3 en l&#8217;atenci\u00f3 i cures [&hellip;]","og_url":"https:\/\/ticsalutsocial.atoom.space\/es\/oferta\/convocatoria-slt478-24-responsable-operatiu-dels-projectes-dinnovacio-en-latencio-i-cures-de-persones-amb-dependencia\/","og_site_name":"Fundaci\u00f3 TIC Salut i Social","article_modified_time":"2024-12-02T11:31:51+00:00","twitter_card":"summary_large_image","schema":{"@context":"https:\/\/schema.org","@graph":[{"@type":"WebPage","@id":"https:\/\/ticsalutsocial.atoom.space\/es\/oferta\/convocatoria-slt478-24-responsable-operatiu-dels-projectes-dinnovacio-en-latencio-i-cures-de-persones-amb-dependencia\/","url":"https:\/\/ticsalutsocial.atoom.space\/es\/oferta\/convocatoria-slt478-24-responsable-operatiu-dels-projectes-dinnovacio-en-latencio-i-cures-de-persones-amb-dependencia\/","name":"Convocat\u00f2ria SLT478-24: Responsable operatiu dels projectes d'innovaci\u00f3 en l'atenci\u00f3 i cures de persones amb depend\u00e8ncia - Fundaci\u00f3 TIC Salut i Social","isPartOf":{"@id":"https:\/\/ticsalutsocial.atoom.space\/es\/#website"},"datePublished":"2024-10-29T11:30:05+00:00","dateModified":"2024-12-02T11:31:51+00:00","breadcrumb":{"@id":"https:\/\/ticsalutsocial.atoom.space\/es\/oferta\/convocatoria-slt478-24-responsable-operatiu-dels-projectes-dinnovacio-en-latencio-i-cures-de-persones-amb-dependencia\/#breadcrumb"},"inLanguage":"es","potentialAction":[{"@type":"ReadAction","target":["https:\/\/ticsalutsocial.atoom.space\/es\/oferta\/convocatoria-slt478-24-responsable-operatiu-dels-projectes-dinnovacio-en-latencio-i-cures-de-persones-amb-dependencia\/"]}]},{"@type":"BreadcrumbList","@id":"https:\/\/ticsalutsocial.atoom.space\/es\/oferta\/convocatoria-slt478-24-responsable-operatiu-dels-projectes-dinnovacio-en-latencio-i-cures-de-persones-amb-dependencia\/#breadcrumb","itemListElement":[{"@type":"ListItem","position":1,"name":"Inici","item":"https:\/\/ticsalutsocial.atoom.space\/es\/"},{"@type":"ListItem","position":2,"name":"Convocat\u00f2ria SLT478-24: Responsable operatiu dels projectes d&#8217;innovaci\u00f3 en l&#8217;atenci\u00f3 i cures de persones amb depend\u00e8ncia"}]},{"@type":"WebSite","@id":"https:\/\/ticsalutsocial.atoom.space\/es\/#website","url":"https:\/\/ticsalutsocial.atoom.space\/es\/","name":"Fundaci\u00f3 TIC Salut i Social","description":"","potentialAction":[{"@type":"SearchAction","target":{"@type":"EntryPoint","urlTemplate":"https:\/\/ticsalutsocial.atoom.space\/es\/?s={search_term_string}"},"query-input":{"@type":"PropertyValueSpecification","valueRequired":true,"valueName":"search_term_string"}}],"inLanguage":"es"}]}},"_links":{"self":[{"href":"https:\/\/ticsalutsocial.atoom.space\/es\/wp-json\/wp\/v2\/oferta\/28992","targetHints":{"allow":["GET"]}}],"collection":[{"href":"https:\/\/ticsalutsocial.atoom.space\/es\/wp-json\/wp\/v2\/oferta"}],"about":[{"href":"https:\/\/ticsalutsocial.atoom.space\/es\/wp-json\/wp\/v2\/types\/oferta"}],"wp:attachment":[{"href":"https:\/\/ticsalutsocial.atoom.space\/es\/wp-json\/wp\/v2\/media?parent=28992"}],"curies":[{"name":"wp","href":"https:\/\/api.w.org\/{rel}","templated":true}]}}