
{"id":13842,"date":"2022-08-23T10:26:54","date_gmt":"2022-08-23T08:26:54","guid":{"rendered":"https:\/\/ticsalutsocial.atoom.space\/ambit-social\/"},"modified":"2024-11-18T16:26:43","modified_gmt":"2024-11-18T14:26:43","slug":"ambit-social","status":"publish","type":"page","link":"https:\/\/ticsalutsocial.atoom.space\/es\/que-fem\/ambit-social\/","title":{"rendered":"\u00c1mbito social"},"content":{"rendered":"","protected":false},"excerpt":{"rendered":"","protected":false},"author":21,"featured_media":0,"parent":24861,"menu_order":0,"comment_status":"closed","ping_status":"closed","template":"page-templates\/ambit-social.php","meta":{"_acf_changed":false,"inline_featured_image":false,"footnotes":""},"tipus":[],"class_list":["post-13842","page","type-page","status-publish","hentry"],"acf":{"finalitzat":false,"tipus_plantilla":"seccions","frase_intro":"<h2>Iniciativa creada y liderada por la <em>Fundaci\u00f3 TIC Salut Social<\/em>, e impulsada en colaboraci\u00f3n con el Departamento de Derechos Sociales.<\/h2>\n","template_seccions":{"objectius":{"titol":"","objectius":[{"icona":false,"texte":"<p><strong>Mejorar<\/strong> la integraci\u00f3n de los datos de los servicios sociales de Catalu\u00f1a.<\/p>\n"},{"icona":false,"texte":"<p><strong>Definir<\/strong> el vocabulario controlado com\u00fan a utlizar para inrteroperar informaci\u00f3n entre los sistemas de la atenci\u00f3n social y tambi\u00e9n entre los sistemas sanitarios y sociales.<\/p>\n"}]},"cont_flex":[{"acf_fc_layout":"texte_gradient","mostrar_numero":false,"backcolor":"gris","titol":"InterSocial","texte_superior":"<div>\n<p>El<strong> proyecto InterSocial<\/strong> se crea en 2016 a partir de la necesidad de definir un vocabulario controlado que permita interoperar la informaci\u00f3n de los servicios sociales de Catalu\u00f1a.<\/p>\n<p>A partir de las necesidades de estandarizaci\u00f3n e interoperabilidad de los Sistemas de Informaci\u00f3n del \u00e1mbito social, InterSocial se convierte en un servicio regular de la Fundaci\u00f3n TIC Salut Social hacia el Departamento de Derechos Sociales para facilitar el intercambio de informaci\u00f3n integrada entre diferentes \u00e1mbitos y sistemas, como el social y el de salud, y poder ofrecer unos servicios asistenciales de mayor calidad<\/p>\n<\/div>\n<div>\n<p>Analizado el estado del arte previo de los est\u00e1ndares existentes a nivel internacional y nacional, el est\u00e1ndar terminol\u00f3gico seleccionado para habilitar la homogeneizaci\u00f3n de vocabularios controlados es <strong>SNOMED CT<\/strong>. Se trata de una terminolog\u00eda muy extensa en la que se pueden encontrar conceptos sociales y de salud. De modo que se convierte en la mejor opci\u00f3n para hacer que el \u00e1mbito social sea interoperable interna y externamente con otros \u00e1mbitos como<strong> Educaci\u00f3n, Justicia o Salud<\/strong>.<\/p>\n<p>InterSocial se consolida mediante compartici\u00f3n estructurada de informaci\u00f3n entre diferentes sistemas de informaci\u00f3n a trav\u00e9s de un diccionario actualizado, codificado y estructurado en:<\/p>\n<\/div>\n","texte_gradient":{"titol":"","contingut":"Factores - Problem\u00e1ticas - Observaciones - Respuestas: <br \/>\r\n<br \/>\r\n381 conceptos codificados                                     ","icona":13005},"texte_inferior":"<div>\n<h4><strong> \u00daltima actualizaci\u00f3n: noviembre 2024<\/strong><\/h4>\n<p>&nbsp;<\/p>\n<p>Estos vocabularios controlados buscan la integraci\u00f3n de los datos de los servicios sociales y facilitar el trabajo que desarrollan los profesionales del \u00e1mbito de los servicios sociales.<\/p>\n<\/div>\n<div>\n<p class=\"p3\">Con el objetivo de promover el trabajo en red y la adopci\u00f3n de los est\u00e1ndares para informaci\u00f3n interoperable la Fundaci\u00f3n pone a disposici\u00f3n de la comunidad el <strong>Diccionario Terminol\u00f3gico Social.<\/strong><\/p>\n<\/div>\n<p>A trav\u00e9s del siguiente enlace os redirigiremos a la p\u00e1gina de la Extensi\u00f3n Catalana de SNOMED CT. Rellenad el \u201cFormulario Solicitud Extensi\u00f3n Catalana y Subconjuntos de SNOMED CT\u201d para que vuestra petici\u00f3n sea evaluada.<\/p>\n<div>\n<p><a class=\"consult-btn\" style=\"text-decoration: none;\" href=\"https:\/\/ticsalutsocial.atoom.space\/es\/formulari-dobtencio-de-snomed-ct-2\/\" target=\"_blank\" rel=\"noopener\">Formulario de petici\u00f3n<\/a><\/p>\n<\/div>\n"},{"acf_fc_layout":"texte","mostrar_numero":false,"backcolor":"blanc","titol":"wSOCIAL","texte":"<div>\n<p>En el marco del Plan estrat\u00e9gico de Servicios Sociales del Departamento de Derechos Sociales, se pretende dar un nuevo impulso a los Sistemas de Informaci\u00f3n del Sistema Catal\u00e1n de Servicios Sociales.<\/p>\n<p>Promoviendo la creaci\u00f3n de nuevos sistemas de informaci\u00f3n que homogeneicen los procesos del mundo local se garantiza la accesibilidad a la informaci\u00f3n incorporando mecanismos de automatizaci\u00f3n para reducir el tiempo de los procesos de gesti\u00f3n.<\/p>\n<p>El liderazgo del Departamento de Derechos Sociales en este \u00e1mbito pasa por desarrollar los sistemas de informaci\u00f3n del \u00e1mbito de los Servicios Sociales integrados con eSocial. De forma centrada en el ciudadano y orientada al dato, facilitar\u00e1 informaci\u00f3n para la toma de decisiones, la evaluaci\u00f3n y la transparencia.<\/p>\n<p>Caracter\u00edsticas del sistema:<\/p>\n<\/div>\n<ul>\n<li>Repositorio de datos consolidados.<\/li>\n<li>Habilitar\u00e1 el avance hacia la Historia Social Compartida.<\/li>\n<li>Integraci\u00f3n con otros sistemas p\u00fablicos del Estado del Bienestar.<\/li>\n<\/ul>\n<div>En este contexto, la Direcci\u00f3n General de Servicios Sociales<strong>\u00a0solicita a la Fundaci\u00f3n TIC Salut Social asesoramiento y soporte t\u00e9cnico en la construcci\u00f3n de los m\u00f3dulos y procesos necesarios para la creaci\u00f3n y desarrollo del entorno de trabajo de Servicios Sociales, wSocial:<\/strong><\/div>\n<p>&nbsp;<\/p>\n<ul>\n<li>Participar de forma proactiva en el seguimiento del proyecto.<\/li>\n<li>Participar en las sesiones de trabajo t\u00e9cnicas lideradas por la direcci\u00f3n General de Servicios Sociales (sprints).<\/li>\n<li>Apoyo en la integraci\u00f3n, actualizaci\u00f3n y evoluci\u00f3n del diccionario InterSocial.<\/li>\n<li>Mantenimiento de InterSocial como servicio.<\/li>\n<li>Comunicaci\u00f3n y difusi\u00f3n de los resultados del proyecto en el sector.<\/li>\n<li>Participaci\u00f3n en eventos p\u00fablicos.<\/li>\n<\/ul>\n"},{"acf_fc_layout":"texte","mostrar_numero":false,"backcolor":"gris","titol":"Fondos pr\u00f3xima generaci\u00f3n UE","texte":"<p>El Departamento de Derechos Sociales impulsa diversas l\u00edneas de subvenci\u00f3n y proyectos propios orientados a acelerar una transformaci\u00f3n en el \u00e1mbito de los servicios sociales, la atenci\u00f3n a la infancia y las pol\u00edticas de vivienda.<\/p>\n<p>La Fundaci\u00f3n TIC Salut Social, a trav\u00e9s de su Oficina T\u00e9cnica de asesoramiento tecnol\u00f3gico, da su apoyo al Departamento de Derechos Sociales en esta convocatoria de subvenciones en las l\u00edneas:<\/p>\n<ul>\n<li>L\u00ednea 2: Proyectos de tecnolog\u00eda al servicio de la atenci\u00f3n y los cuidados de las personas.<\/li>\n<li>L\u00ednea 3: Proyectos tecnol\u00f3gicos que contribuyan a la mejora y a la transformaci\u00f3n de los modelos de gesti\u00f3n de los servicios sociales.<\/li>\n<li>L\u00ednea 4: Proyectos de innovaci\u00f3n en servicios sociales.<\/li>\n<\/ul>\n<p>Para ampliar informaci\u00f3n referente a esta convocatoria de subvenciones se puede acceder al siguiente enlace:<\/p>\n<p><a class=\"consult-btn\" style=\"text-decoration: none;\" href=\"https:\/\/dretssocials.gencat.cat\/fonseuropeus\" target=\"_blank\" rel=\"noopener\">Visita la web<\/a><\/p>\n<p>&nbsp;<\/p>\n"},{"acf_fc_layout":"bloc_acordio_docs","mostrar_numero":false,"backcolor":"gris","titol":"Saber m\u00e1s","introduccio":"<p>Si quieres conocer m\u00e1s detalles sobre el \u00e1mbito social consulta la siguiente informaci\u00f3n de referencia:<\/p>\n","acordio":[{"titol":"Entidades del \u00e1mbito social","continguts":[{"titol":"","contingut":"<p><a class=\"consult-btn\" style=\"text-decoration: none;\" href=\"https:\/\/dretssocials.gencat.cat\/ca\/inici\" target=\"_blank\" rel=\"noopener\">Departament de Drets Socials<\/a><\/p>\n<p><a class=\"consult-btn\" style=\"text-decoration: none;\" href=\"https:\/\/www.tercersector.cat\/\" target=\"_blank\" rel=\"noopener\">Taula del Tercer Sector<\/a><\/p>\n<p><a class=\"consult-btn\" style=\"text-decoration: none;\" href=\"https:\/\/www.tscat.cat\/\" target=\"_blank\" rel=\"noopener\">Col\u00b7legi Oficial de Treball Social de Catalunya<\/a><\/p>\n","documents":false}]},{"titol":"Integraci\u00f3n Social y Sanitaria","continguts":[{"titol":"","contingut":"<p>En el marco del Plan de Gobierno 2013-2016, mediante Acuerdo GOV\/120\/2013, para crear el Plan interdepartamental de interacci\u00f3n de los servicios sanitarios y sociales.<br \/>\nPosteriormente se profundiz\u00f3 en el modelo dise\u00f1ado y, mediante el Acuerdo GOV\/28\/2014, de 25 de febrero, se cre\u00f3 el Plan interdepartamental de atenci\u00f3n e interacci\u00f3n social y sanitaria (PIAISS) como expresi\u00f3n de la voluntad del Gobierno ir un paso m\u00e1s all\u00e1 en la interacci\u00f3n entre los servicios sanitarios y sociales y la apuesta por un modelo asistencial centrado en las personas.<\/p>\n<p>En el Plan de Gobierno para la XII legislatura, aprobado el 25 septiembre de 2018, se pone de manifiesto la necesidad de desplegar una estrategia \u00fanica de atenci\u00f3n integrada social y sanitaria debido a las necesidades sanitarias y sociales de la poblaci\u00f3n, especialmente para aquellas personas mayores o necesidades complejas. Esta estrategia debe promover la autonom\u00eda personal y facilitar la permanencia en el entorno habitual y la inclusi\u00f3n social de estas personas. Para alcanzar este objetivo es necesario reforzar el valor de la atenci\u00f3n integral e integrada a las personas y el valor de la eficiencia y la calidad del modelo de provisi\u00f3n, promoviendo el encaje de los servicios sanitarios y sociales, lo que determina la conveniencia de redefinir el PIAISS, que se sustituye por el nuevo Plan de Atenci\u00f3n Integrada Social y Sanitaria (PAISS).<\/p>\n<p>Para ampliar informaci\u00f3n se puede acceder al siguiente enlace:<br \/>\n<a class=\"consult-btn\" style=\"text-decoration: none;\" href=\"https:\/\/salutweb.gencat.cat\/ca\/site\/aiss\/inici\/\" target=\"_blank\" rel=\"noopener\">Atenci\u00f3n integrada social y sanitaria<\/a><\/p>\n","documents":false}]},{"titol":"II Plan Estrat\u00e9gico de Servicios Sociales (PESS) 2021 \u2013 2024","continguts":[{"titol":"","contingut":"<p>El Departamento impulsa el II Plan estrat\u00e9gico de Servicios Sociales (PESS) 2021-24 como marco de referencia para la planificaci\u00f3n del Sistema Catal\u00e1n de Servicios Sociales (SCSS) durante los pr\u00f3ximos cuatro a\u00f1os, con el objetivo de dar respuesta a los retos sociodemogr\u00e1ficos que el actual estado de bienestar debe afrontar:<\/p>\n<ul>\n<li>Las desigualdades sociales<\/li>\n<li>La feminizaci\u00f3n del riesgo de pobreza o exclusi\u00f3n<\/li>\n<li>El incremento del envejecimiento<\/li>\n<li>El sobreenvejecimiento y la discapacidad<\/li>\n<li>La diversificaci\u00f3n de la sociedad catalana y de los hogares que la componen<\/li>\n<\/ul>\n<p>Para ampliar informaci\u00f3n se puede acceder a los siguientes enlaces:<\/p>\n<p><a href=\"https:\/\/dretssocials.gencat.cat\/ca\/ambits_tematics\/serveis_socials\/pla-estrategic-de-serveis-socials-de-catalunya\/PESS2021-24\/index.html#googtrans(ca|es)\" target=\"_blank\" rel=\"noopener\">II Plan Estrat\u00e9gico de Servicios Sociales 2021 &#8211; 2024<\/a><\/p>\n","documents":false}]},{"titol":"Estructura del Sistema Catal\u00e1n de Servicios Sociales","continguts":[{"titol":"","contingut":"<p>De acuerdo con la Ley 12\/2007 de Servicios Sociales, el Sistema Catal\u00e1n de Servicios Sociales (SCSS) constituye el conjunto de recursos, prestaciones de servicios, tecnol\u00f3gicas y econ\u00f3micas y los programas, equipamientos y actividades de prevenci\u00f3n, atenci\u00f3n y promoci\u00f3n social. Est\u00e1 integrado por los servicios sociales de titularidad p\u00fablica y privada de la Administraci\u00f3n de la Generalidad, de las entidades locales y de otras administraciones. Todos estos servicios configuran la Red de Servicios Sociales de Atenci\u00f3n P\u00fablica.<\/p>\n<p>Los servicios sociales b\u00e1sicos (SSB) se organizan territorialmente en \u00e1reas b\u00e1sicas de servicios sociales (105 ABSS) sobre las comarcas o sobre una poblaci\u00f3n m\u00ednima de 20.000 habitantes y son el primer nivel de atenci\u00f3n del SCSS y la garant\u00eda de proximidad m\u00e1xima a las personas usuarias, en la medida en que se prestan en el \u00e1rea territorial m\u00e1s cercana a la ciudadan\u00eda. El colectivo de profesionales que lo integran, informan, orientan, hacen diagn\u00f3sticos y valoraciones, prescriben prestaciones, detectan situaciones de riesgo para actuar de manera preventiva y llevan a cabo proyectos comunitarios para la integraci\u00f3n social de las personas y lectivos en riesgo.<\/p>\n<p>Los servicios sociales especializados se organizan atendiendo a la tipolog\u00eda para dar respuesta a situaciones y necesidades que requieren una especializaci\u00f3n t\u00e9cnica o la disposici\u00f3n de unos recursos determinados.<\/p>\n<p>Por otra parte existe el Tercer Sector Social, que es el conjunto de entidades privadas sin \u00e1nimo de lucro, mutualistas o prestadoras de servicios, que trabajan por la inclusi\u00f3n y la cohesi\u00f3n social, con especial atenci\u00f3n a los colectivos m\u00e1s vulnerables de la sociedad . En Catalunya re\u00fane a m\u00e1s de 7.500 entidades no lucrativas que act\u00faan en el campo social y presta servicios a m\u00e1s de un mill\u00f3n de personas.<\/p>\n<p>Para ampliar informaci\u00f3n se puede acceder a los siguientes enlaces:<\/p>\n<p><a class=\"consult-btn\" style=\"text-decoration: none;\" href=\"https:\/\/dretssocials.gencat.cat\/ca\/ambits_tematics\/serveis_socials\/el_sistema_catala_de_serveis_socials\/\" target=\"_blank\" rel=\"noopener\">Servicios sociales<\/a><\/p>\n<p><a class=\"consult-btn\" style=\"text-decoration: none;\" href=\"https:\/\/dretssocials.gencat.cat\/ca\/ambits_tematics\/serveis_socials\/tercer_sector_social\/\" target=\"_blank\" rel=\"noopener\">Tercer sector social<\/a><\/p>\n","documents":false}]}],"texte":""}]},"ancora":"ambito-social"},"yoast_head":"<!-- This site is optimized with the Yoast SEO plugin v27.1.1 - https:\/\/yoast.com\/product\/yoast-seo-wordpress\/ -->\n<title>\u00c1mbito social - Fundaci\u00f3 TIC Salut i Social<\/title>\n<meta name=\"robots\" content=\"index, follow, max-snippet:-1, max-image-preview:large, max-video-preview:-1\" \/>\n<link rel=\"canonical\" href=\"https:\/\/ticsalutsocial.atoom.space\/es\/que-fem\/ambit-social\/\" \/>\n<meta property=\"og:locale\" content=\"es_ES\" \/>\n<meta property=\"og:type\" content=\"article\" \/>\n<meta property=\"og:title\" content=\"\u00c1mbito social - Fundaci\u00f3 TIC Salut i Social\" \/>\n<meta property=\"og:url\" content=\"https:\/\/ticsalutsocial.atoom.space\/es\/que-fem\/ambit-social\/\" \/>\n<meta property=\"og:site_name\" content=\"Fundaci\u00f3 TIC Salut i Social\" \/>\n<meta property=\"article:modified_time\" content=\"2024-11-18T14:26:43+00:00\" \/>\n<meta name=\"twitter:card\" content=\"summary_large_image\" \/>\n<script type=\"application\/ld+json\" class=\"yoast-schema-graph\">{\"@context\":\"https:\/\/schema.org\",\"@graph\":[{\"@type\":\"WebPage\",\"@id\":\"https:\/\/ticsalutsocial.atoom.space\/es\/que-fem\/ambit-social\/\",\"url\":\"https:\/\/ticsalutsocial.atoom.space\/es\/que-fem\/ambit-social\/\",\"name\":\"\u00c1mbito social - Fundaci\u00f3 TIC Salut i Social\",\"isPartOf\":{\"@id\":\"https:\/\/ticsalutsocial.atoom.space\/es\/#website\"},\"datePublished\":\"2022-08-23T08:26:54+00:00\",\"dateModified\":\"2024-11-18T14:26:43+00:00\",\"breadcrumb\":{\"@id\":\"https:\/\/ticsalutsocial.atoom.space\/es\/que-fem\/ambit-social\/#breadcrumb\"},\"inLanguage\":\"es\",\"potentialAction\":[{\"@type\":\"ReadAction\",\"target\":[\"https:\/\/ticsalutsocial.atoom.space\/es\/que-fem\/ambit-social\/\"]}]},{\"@type\":\"BreadcrumbList\",\"@id\":\"https:\/\/ticsalutsocial.atoom.space\/es\/que-fem\/ambit-social\/#breadcrumb\",\"itemListElement\":[{\"@type\":\"ListItem\",\"position\":1,\"name\":\"Inici\",\"item\":\"https:\/\/ticsalutsocial.atoom.space\/es\/\"},{\"@type\":\"ListItem\",\"position\":2,\"name\":\"Que Fem\",\"item\":\"https:\/\/ticsalutsocial.atoom.space\/es\/que-fem\/\"},{\"@type\":\"ListItem\",\"position\":3,\"name\":\"\u00c1mbito social\"}]},{\"@type\":\"WebSite\",\"@id\":\"https:\/\/ticsalutsocial.atoom.space\/es\/#website\",\"url\":\"https:\/\/ticsalutsocial.atoom.space\/es\/\",\"name\":\"Fundaci\u00f3 TIC Salut i Social\",\"description\":\"\",\"potentialAction\":[{\"@type\":\"SearchAction\",\"target\":{\"@type\":\"EntryPoint\",\"urlTemplate\":\"https:\/\/ticsalutsocial.atoom.space\/es\/?s={search_term_string}\"},\"query-input\":{\"@type\":\"PropertyValueSpecification\",\"valueRequired\":true,\"valueName\":\"search_term_string\"}}],\"inLanguage\":\"es\"}]}<\/script>\n<!-- \/ Yoast SEO plugin. -->","yoast_head_json":{"title":"\u00c1mbito social - Fundaci\u00f3 TIC Salut i Social","robots":{"index":"index","follow":"follow","max-snippet":"max-snippet:-1","max-image-preview":"max-image-preview:large","max-video-preview":"max-video-preview:-1"},"canonical":"https:\/\/ticsalutsocial.atoom.space\/es\/que-fem\/ambit-social\/","og_locale":"es_ES","og_type":"article","og_title":"\u00c1mbito social - Fundaci\u00f3 TIC Salut i Social","og_url":"https:\/\/ticsalutsocial.atoom.space\/es\/que-fem\/ambit-social\/","og_site_name":"Fundaci\u00f3 TIC Salut i Social","article_modified_time":"2024-11-18T14:26:43+00:00","twitter_card":"summary_large_image","schema":{"@context":"https:\/\/schema.org","@graph":[{"@type":"WebPage","@id":"https:\/\/ticsalutsocial.atoom.space\/es\/que-fem\/ambit-social\/","url":"https:\/\/ticsalutsocial.atoom.space\/es\/que-fem\/ambit-social\/","name":"\u00c1mbito social - Fundaci\u00f3 TIC Salut i Social","isPartOf":{"@id":"https:\/\/ticsalutsocial.atoom.space\/es\/#website"},"datePublished":"2022-08-23T08:26:54+00:00","dateModified":"2024-11-18T14:26:43+00:00","breadcrumb":{"@id":"https:\/\/ticsalutsocial.atoom.space\/es\/que-fem\/ambit-social\/#breadcrumb"},"inLanguage":"es","potentialAction":[{"@type":"ReadAction","target":["https:\/\/ticsalutsocial.atoom.space\/es\/que-fem\/ambit-social\/"]}]},{"@type":"BreadcrumbList","@id":"https:\/\/ticsalutsocial.atoom.space\/es\/que-fem\/ambit-social\/#breadcrumb","itemListElement":[{"@type":"ListItem","position":1,"name":"Inici","item":"https:\/\/ticsalutsocial.atoom.space\/es\/"},{"@type":"ListItem","position":2,"name":"Que Fem","item":"https:\/\/ticsalutsocial.atoom.space\/es\/que-fem\/"},{"@type":"ListItem","position":3,"name":"\u00c1mbito social"}]},{"@type":"WebSite","@id":"https:\/\/ticsalutsocial.atoom.space\/es\/#website","url":"https:\/\/ticsalutsocial.atoom.space\/es\/","name":"Fundaci\u00f3 TIC Salut i Social","description":"","potentialAction":[{"@type":"SearchAction","target":{"@type":"EntryPoint","urlTemplate":"https:\/\/ticsalutsocial.atoom.space\/es\/?s={search_term_string}"},"query-input":{"@type":"PropertyValueSpecification","valueRequired":true,"valueName":"search_term_string"}}],"inLanguage":"es"}]}},"_links":{"self":[{"href":"https:\/\/ticsalutsocial.atoom.space\/es\/wp-json\/wp\/v2\/pages\/13842","targetHints":{"allow":["GET"]}}],"collection":[{"href":"https:\/\/ticsalutsocial.atoom.space\/es\/wp-json\/wp\/v2\/pages"}],"about":[{"href":"https:\/\/ticsalutsocial.atoom.space\/es\/wp-json\/wp\/v2\/types\/page"}],"author":[{"embeddable":true,"href":"https:\/\/ticsalutsocial.atoom.space\/es\/wp-json\/wp\/v2\/users\/21"}],"replies":[{"embeddable":true,"href":"https:\/\/ticsalutsocial.atoom.space\/es\/wp-json\/wp\/v2\/comments?post=13842"}],"version-history":[{"count":31,"href":"https:\/\/ticsalutsocial.atoom.space\/es\/wp-json\/wp\/v2\/pages\/13842\/revisions"}],"predecessor-version":[{"id":29128,"href":"https:\/\/ticsalutsocial.atoom.space\/es\/wp-json\/wp\/v2\/pages\/13842\/revisions\/29128"}],"up":[{"embeddable":true,"href":"https:\/\/ticsalutsocial.atoom.space\/es\/wp-json\/wp\/v2\/pages\/24861"}],"wp:attachment":[{"href":"https:\/\/ticsalutsocial.atoom.space\/es\/wp-json\/wp\/v2\/media?parent=13842"}],"wp:term":[{"taxonomy":"tipus","embeddable":true,"href":"https:\/\/ticsalutsocial.atoom.space\/es\/wp-json\/wp\/v2\/tipus?post=13842"}],"curies":[{"name":"wp","href":"https:\/\/api.w.org\/{rel}","templated":true}]}}