
{"id":13845,"date":"2022-08-23T10:54:50","date_gmt":"2022-08-23T08:54:50","guid":{"rendered":"https:\/\/ticsalutsocial.atoom.space\/competencies-professionals\/"},"modified":"2024-01-23T15:23:34","modified_gmt":"2024-01-23T13:23:34","slug":"competencies-professionals","status":"publish","type":"page","link":"https:\/\/ticsalutsocial.atoom.space\/es\/que-fem\/competencies-professionals\/","title":{"rendered":"Competencias profesionales"},"content":{"rendered":"","protected":false},"excerpt":{"rendered":"","protected":false},"author":21,"featured_media":0,"parent":24861,"menu_order":0,"comment_status":"closed","ping_status":"closed","template":"page-templates\/competencies-professionals.php","meta":{"_acf_changed":false,"inline_featured_image":false,"footnotes":""},"tipus":[],"class_list":["post-13845","page","type-page","status-publish","hentry"],"acf":{"finalitzat":false,"tipus_plantilla":"seccions","template_seccions":{"objectius":{"titol":"Competencias digitales en Salud","objectius":[{"icona":false,"texte":"<p><strong>Dise\u00f1ar<\/strong> el mapa de competencias digitales para profesionales asistenciales.<\/p>\n"},{"icona":false,"texte":"<p><strong>Crear<\/strong> el modelo de evaluaci\u00f3n y acreditaci\u00f3n de las competencias digitales para profesionales asistenciales.<\/p>\n"},{"icona":false,"texte":"<p><strong>Elaborar<\/strong> las bases de contenidos formativos a partir del mapa de competencias digitales.<\/p>\n"}]},"cont_flex":[{"acf_fc_layout":"texte_gradient","mostrar_numero":false,"backcolor":"gris","titol":"\u00bfQu\u00e9 son las competencias digitales?","texte_superior":"<p>Las competencias digitales son el conjunto de\u00a0conocimientos, habilidades y actitudes necesarias para la utilizaci\u00f3n de las tecnolog\u00edas en el \u00e1mbito personal, social y profesional de forma efectiva y segura.<\/p>\n<p>Estas competencias te permiten desarrollarte utilizando las tecnolog\u00edas en tu trabajo, estudios y vida cotidiana. Te ayudan a colaborar, comunicar, compartir, informarte y difundir informaci\u00f3n en un entorno digital de forma efectiva, segura, cr\u00edtica y c\u00edvica.<\/p>\n<p>En este mapa encontrar\u00e1s una concreci\u00f3n de las competencias digitales generales en las funciones, tareas y necesidades para los profesionales de profesiones sanitarias.<\/p>\n<p>Estas competencias se aprenden, se alcanzan y se incorporan con la pr\u00e1ctica.<\/p>\n","texte_gradient":{"titol":"","contingut":"La Fundaci\u00f3n TIC Salud Social desarrolla el \u00e1mbito de las competencias digitales por Salut a partir de proyectos como COMPDIG-Salut o DELIVER.","icona":7801},"texte_inferior":"<p>Visita los proyectos relacionados con este \u00e1rea de trabajo:<\/p>\n<p><a class=\"consult-btn\" style=\"text-decoration: none;\" href=\"https:\/\/ticsalutsocial.atoom.space\/es\/project\/compdig_salut\/\">COMPDIG-Salut<\/a><\/p>\n<p><a class=\"consult-btn\" style=\"text-decoration: none;\" href=\"https:\/\/ticsalutsocial.atoom.space\/es\/project\/deliver\/\">DELIVER<\/a><\/p>\n"},{"acf_fc_layout":"texte_gradient","mostrar_numero":false,"backcolor":"gris","titol":"Mayor y mejor digitalizaci\u00f3n","texte_superior":"","texte_gradient":{"titol":"","contingut":"Ante el actual escenario marcado por el aumento en la digitalizaci\u00f3n de los procesos asistenciales, de las relaciones y de la aparici\u00f3n de nuevas potencialidades, los profesionales desempe\u00f1an un rol imprescindible para el establecimiento de nuevos modelos de atenci\u00f3n a la poblaci\u00f3n.<br \/>\r\n<br \/>\r\nEn este sentido, se requieren actuaciones que hagan posible la capacitaci\u00f3n de estos profesionales para adecuar e incrementar su desarrollo profesional en el contexto digital que nos envuelve y hacer frente a los nuevos retos.","icona":13297},"texte_inferior":""},{"acf_fc_layout":"texte","mostrar_numero":true,"backcolor":"gris","titol":"Mapa de competencias digitales por Salut","texte":"<p><strong>Autor\u00eda: Montse Guitert \/ Teresa Romeu \/ Eulalia Hern\u00e1ndez \/ Francesc Saig\u00ed<\/strong><\/p>\n<p>Te damos la bienvenida al mapa de competencias digitales para los profesionales de profesiones sanitarias donde encontrar\u00e1s un conjunto de conocimientos, habilidades y actitudes que te permiten integrar el uso de las <strong>tecnolog\u00edas digitales<\/strong> de forma segura y eficiente en tu labor como profesional de la salud de Catalu\u00f1a.<\/p>\n<p>&nbsp;<\/p>\n<h2>\u00bfQu\u00e9 es el mapa de competencias digitales Salut?<\/h2>\n<p>Es la recopilaci\u00f3n de las competencias digitales concretas para las profesiones sanitarias con el objetivo de situar y orientar a los profesionales sobre cu\u00e1les son las competencias digitales a desarrollar para ejercer la profesi\u00f3n de una forma segura, c\u00edvica y cr\u00edtica ante la transformaci\u00f3n digital en el \u00e1mbito de la Salud.<\/p>\n<h2>\u00bfDe d\u00f3nde viene?<\/h2>\n<p>Este mapa de competencias se ha llevado a cabo como continuaci\u00f3n del trabajo del Grupo 4 del Foro de Di\u00e1logo profesional: \u201cMejorar las competencias TIC de los profesionales de la salud, avanzar en un uso de las TIC que facilite la humanizaci\u00f3n de la atenci\u00f3n presencial y en el dise\u00f1o de servicios de atenci\u00f3n no presencial\u201d.<\/p>\n<p>M\u00e1s informaci\u00f3n<br \/>\n<a class=\"consult-btn\" style=\"text-decoration: none;\" href=\"https:\/\/salutweb.gencat.cat\/ca\/el_departament\/eixos-xiv-legislatura\/forum-dialeg-professional\/\" target=\"_blank\" rel=\"noopener\">Foro de Di\u00e1logo Profesional<\/a><\/p>\n<p><a class=\"consult-btn\" style=\"text-decoration: none;\" href=\"https:\/\/salutweb.gencat.cat\/web\/.content\/_departament\/eixos-xiv-legislatura\/1r_forum_dialeg_professional\/documents\/conclusions-forum-dialeg-professional.pdf\" target=\"_blank\" rel=\"noopener\">Conclusiones Foro de Di\u00e1logo Profesional (PDF)<\/a><\/p>\n<h2>\u00bfC\u00f3mo funciona?<\/h2>\n<p>A continuaci\u00f3n encontrar\u00e1 la definici\u00f3n de las 4 \u00e1reas tem\u00e1ticas y las 10 competencias digitales que las componen.<\/p>\n<p>Cada competencia recoge las palabras clave y los indicadores que describen las variables que permiten comprobar si se han alcanzado y en qu\u00e9 nivel.<\/p>\n"},{"acf_fc_layout":"bloc_acordio","mostrar_numero":true,"backcolor":"gris","titol":"\u00c1reas tem\u00e1ticas de las competencias digitales","introduccio":"","acordio":[{"titol":"Acceso, gesti\u00f3n y an\u00e1lisis de datos","contingut":"<h3>COMPETENCIAS<\/h3>\n<h3><strong>1 \u00b7 GESTI\u00d3N DE DATOS:<\/strong><\/h3>\n<p>Gestiona datos e informaci\u00f3n sanitaria y social, en cualquiera de sus fases (acceso, recogida, monitorizaci\u00f3n, almacenamiento, recuperaci\u00f3n, filtrado, eliminaci\u00f3n&#8230;) proveniente de diferentes fuentes de informaci\u00f3n y formatos.<\/p>\n<h3>Indicadores<\/h3>\n<ul>\n<li>Utiliza las diferentes fuentes de datos de informaci\u00f3n sanitaria y social m\u00e1s adecuadas en funci\u00f3n del objetivo perseguido.<\/li>\n<li>Asegura que la informaci\u00f3n vinculada al registro sanitario y social refleja la idoneidad, calidad, integridad y autenticidad.<\/li>\n<li>Aplica y promueve las pol\u00edticas y medidas organizativas y reguladoras de acceso, recogida, monitorizaci\u00f3n, almacenamiento, recuperaci\u00f3n, filtrado y eliminaci\u00f3n de datos e informaci\u00f3n sanitaria y social en funci\u00f3n de su puesto de trabajo.<\/li>\n<\/ul>\n<p>&nbsp;<\/p>\n<h3>Palabras clave<\/h3>\n<ul>\n<li>Sistemas integrados (continuum asistencial).<\/li>\n<li>Registros de informaci\u00f3n sanitaria y social.<\/li>\n<li>Gesti\u00f3n de la informaci\u00f3n.<\/li>\n<li>Gobernanza de datos: trazabilidad e interoperabilidad.<\/li>\n<li>Sistemas de informaci\u00f3n en Salud.<\/li>\n<li>Sistemas de ayuda a la decisi\u00f3n \/ herramientas de soporte a la decisi\u00f3n.<\/li>\n<li>B\u00fasqueda de servicios de Salud.<\/li>\n<li>Evaluaci\u00f3n de servicios de salud.<\/li>\n<\/ul>\n<p>&nbsp;<\/p>\n<h3><strong>2 \u00b7 AN\u00c1LISIS DE DATOS:<\/strong><\/h3>\n<p>Analiza e interpreta datos y conjuntos de \u00e9stos con ayuda de algoritmos, inteligencia artificial, datos masivos y herramientas digitales.<\/p>\n<h3>Indicadores<\/h3>\n<ul>\n<li>Obtiene datos de sitios web, de servicios y\/o aplicaciones, y los trata para facilitar la toma de decisiones en el entorno de salud y social (cuadros de mando, inteligencia artificial de negocio, anal\u00edtica web,&#8230;).<\/li>\n<li>Organiza y sintetiza datos para crear, ejecutar y analizar informes seg\u00fan corresponda a su puesto de trabajo.<\/li>\n<li>Selecciona y dise\u00f1a indicadores \u00f3ptimos para medir, agrupar, comparar y relacionar los datos seg\u00fan su finalidad.<\/li>\n<\/ul>\n<p>&nbsp;<\/p>\n<h3>Palabras clave<\/h3>\n<ul>\n<li>Est\u00e1ndares de codificaci\u00f3n en Salud (CIM, ATIC, NIC\/NOC\/NANDA, SNOMED,&#8230;).<\/li>\n<li>An\u00e1lisis y evaluaci\u00f3n de datos (m\u00e9tricas, resultados, KPI,&#8230;).<\/li>\n<li>Datos masivos.<\/li>\n<\/ul>\n","quiz":false,"preguntes_quiz":false,"resultats_general":false,"info_resultats":false,"formulari":false,"formulari_shortcode":""},{"titol":"Comunicaci\u00f3n y Colaboraci\u00f3n","contingut":"<h3>COMPETENCIAS<\/h3>\n<h3><strong>1 \u00b7 COMUNICACI\u00d3N:<\/strong><\/h3>\n<p>Fomenta la comunicaci\u00f3n, la interacci\u00f3n y el intercambio de informaci\u00f3n y datos sanitarios y sociales a trav\u00e9s de herramientas digitales (s\u00edncronas\/as\u00edncronas) y adaptadas a los diferentes actores implicados.<\/p>\n<h3>Indicadores<\/h3>\n<ul>\n<li>Fomenta el uso de herramientas de comunicaci\u00f3n de salud digital para facilitar la asistencia, que puede ser online.<\/li>\n<li>Elige y utiliza la herramienta de comunicaci\u00f3n m\u00e1s adecuada seg\u00fan el contexto y los actores implicados en los distintos servicios disponibles.<\/li>\n<li>Apoya a los diferentes actores en la utilizaci\u00f3n de herramientas para intercambiar datos sanitarios y sociales.<\/li>\n<\/ul>\n<h3>Palabras clave<\/h3>\n<ul>\n<li>Sistemas de informaci\u00f3n en Salud.<\/li>\n<li>Comunicaci\u00f3n s\u00edncrona\/asincrona.<\/li>\n<li>Relaci\u00f3n digital asistencial y ciudadan\u00eda.<\/li>\n<\/ul>\n<p>&nbsp;<\/p>\n<h3><strong>2 \u00b7 COLABORACI\u00d3N:<\/strong><\/h3>\n<p>Potencia y promueve la colaboraci\u00f3n en red entre los distintos actores con objetivos y finalidades compartidas.<\/p>\n<h3>Indicadores<\/h3>\n<ul>\n<li>Promueve la incorporaci\u00f3n de herramientas digitales para mejorar o innovar en las metodolog\u00edas de colaboraci\u00f3n y trabajo en equipo en el entorno sanitario y social.<\/li>\n<li>Detecta y participa activamente en redes vinculadas al \u00e1mbito sanitario y social, a nivel nacional e internacional.<\/li>\n<li>Promueve la conexi\u00f3n entre distintas personas y organizaciones en redes vinculadas al entorno sanitario y social para el intercambio de aprendizajes, conocimiento, recursos y buenas pr\u00e1cticas.<\/li>\n<\/ul>\n<h3>Palabras clave<\/h3>\n<ul>\n<li>Trabajo colaborativo en red.<\/li>\n<\/ul>\n<p>&nbsp;<\/p>\n<h3><strong>3 \u00b7CONTENIDOS DIGITALES:<\/strong><\/h3>\n<p>Crea, publica y comparte contenidos digitales relacionados con la salud, valorando el contexto y el canal m\u00e1s apropiado y atendiendo al objetivo y personas destinatarias (ciudadan\u00eda, usuarios de los servicios de Salud, profesionales sanitarios o externos).<\/p>\n<h3>Indicadores<\/h3>\n<ul>\n<li>Utiliza herramientas digitales de dise\u00f1o y edici\u00f3n para producir contenido cient\u00edfico-sanitario adaptado a las personas destinatarias y al canal de comunicaci\u00f3n.<\/li>\n<li>Define una estrategia de comunicaci\u00f3n y difusi\u00f3n digital para conseguir los objetivos definidos seg\u00fan su rol profesional.<\/li>\n<\/ul>\n<p>&nbsp;<\/p>\n<h3>Palabras clave<\/h3>\n<ul>\n<li>Sistemas de informaci\u00f3n en Salud.<\/li>\n<li>Relaci\u00f3n digital asistencial y ciudadan\u00eda.<\/li>\n<\/ul>\n","quiz":false,"preguntes_quiz":false,"resultats_general":false,"info_resultats":false,"formulari":false,"formulari_shortcode":""},{"titol":"Conciencia digital","contingut":"<h3>COMPETENCIAS<\/h3>\n<h3><strong>1 \u00b7 PROTECCI\u00d3N DE DATOS:<\/strong><\/h3>\n<p>Asegura el cumplimiento de los protocolos, marcos reguladores y normativa sobre privacidad, confidencialidad y protecci\u00f3n de la informaci\u00f3n y datos sanitarios y sociales.<\/p>\n<h3>Indicadores<\/h3>\n<ul>\n<li>Aplica los requerimientos vigentes sobre privacidad, confidencialidad y protecci\u00f3n de la informaci\u00f3n de datos sanitarios y sociales,<\/li>\n<li>Eval\u00faa de forma cr\u00edtica los requerimientos de privacidad y seguridad relacionados con los registros y divulgaci\u00f3n de informaci\u00f3n sanitaria y social protegida, seg\u00fan su rol profesional.<\/li>\n<li>Informa y\/o denuncia cualquier posible incumplimiento, retenci\u00f3n o destrucci\u00f3n indebida de informaci\u00f3n sanitaria y social, y se asegura que se toman las medidas correctoras adecuadas cuando se haya comprometido la privacidad o seguridad de cualquier informaci\u00f3n confidencial.<\/li>\n<\/ul>\n<p>&nbsp;<\/p>\n<h3>Palabras clave<\/h3>\n<ul>\n<li>Privacidad.<\/li>\n<li>Seguridad.<\/li>\n<li>Confidencialidad.<\/li>\n<li>Protecci\u00f3n y acceso a la informaci\u00f3n.<\/li>\n<\/ul>\n<p>&nbsp;<\/p>\n<h3><strong>2 \u00b7\u00c9TICA Y CIVISMO:<\/strong><\/h3>\n<p>Aplica principios \u00e9ticos, criterios de seguridad y civismo en el uso responsable de las tecnolog\u00edas -canales, herramientas y lenguajes- digitales en Salut.<\/p>\n<h3>Indicadores<\/h3>\n<ul>\n<li>Utiliza mecanismos para mantener la seguridad de los sistemas y dispositivos de intercambio de informaci\u00f3n sanitaria y social.<\/li>\n<li>Atiende a los derechos de autor\u00eda y utiliza las licencias de propiedad intelectual cuando dise\u00f1a, implementa, investiga y\/o difunde contenido sanitario y social.<\/li>\n<li>Impulsa y garantiza buenas pr\u00e1cticas de respeto, convivencia y \u00e9ticas en el entorno sanitario y social.<\/li>\n<\/ul>\n<p>&nbsp;<\/p>\n<h3>Palabras clave<\/h3>\n<ul>\n<li>Reputaci\u00f3n digital.<\/li>\n<li>\u00c9tica.<\/li>\n<li>Propiedad intelectual.<\/li>\n<li>C\u00f3digo deontol\u00f3gico.<\/li>\n<\/ul>\n","quiz":false,"preguntes_quiz":false,"resultats_general":false,"info_resultats":false,"formulari":false,"formulari_shortcode":""},{"titol":"Desarrollo profesional","contingut":"<h3>COMPETENCIAS<\/h3>\n<h3><strong>1 \u00b7 CAPACITACI\u00d3N DIGITAL:<\/strong><\/h3>\n<p>Se forma y actualiza constantemente en salud digital.<\/p>\n<h3>Indicadores<\/h3>\n<ul>\n<li>Muestra una actitud cr\u00edtica y proactiva por el aprendizaje en competencia digital a lo largo de la vida profesional.<\/li>\n<li>Identifica las tecnolog\u00edas m\u00e1s avanzadas y eval\u00faa sus posibilidades en el \u00e1mbito de la salud.<\/li>\n<\/ul>\n<p>&nbsp;<\/p>\n<h3>Palabras clave<\/h3>\n<ul>\n<li>Alfabetizaci\u00f3n en salud digital.<\/li>\n<\/ul>\n<p>&nbsp;<\/p>\n<h3><strong>2 \u00b7 IDENTIDAD DIGITAL:<\/strong><\/h3>\n<p>Gestiona su identidad digital profesional y vela por una reputaci\u00f3n digital \u00f3ptima<\/p>\n<h3>Indicadores<\/h3>\n<ul>\n<li>Protege la identidad digital profesional y la diferencia de la identidad digital personal.<\/li>\n<li>Monitoriza y analiza estrategias para la optimizaci\u00f3n de su reputaci\u00f3n digital profesional.<\/li>\n<\/ul>\n<p>&nbsp;<\/p>\n<h3>Palabras clave<\/h3>\n<ul>\n<li>Identidad digital profesional.<\/li>\n<li>Identidad digital personal.<\/li>\n<li>Reputaci\u00f3n digital.<\/li>\n<\/ul>\n<p>&nbsp;<\/p>\n<h3><strong>3 \u00b7 TRANSFORMACI\u00d3N DIGITAL:<\/strong><\/h3>\n<p>Participa y promueve la transformaci\u00f3n digital en el \u00e1mbito de la salud.<\/p>\n<h3>Indicadores<\/h3>\n<ul>\n<li>Participa en la (re)definici\u00f3n de procesos de transformaci\u00f3n digital seg\u00fan su rol en la instituci\u00f3n.<\/li>\n<li>Busca y prioriza la generaci\u00f3n de soluciones y\/o productos digitales en el \u00e1mbito de la salud y social seg\u00fan el rol profesional.<\/li>\n<li>Participa activa y constructivamente en el debate sobre la transformaci\u00f3n digital del \u00e1mbito salud y social.<\/li>\n<\/ul>\n<p>&nbsp;<\/p>\n<h3>Palabras clave<\/h3>\n<ul>\n<li>Transformaci\u00f3n digital.<\/li>\n<\/ul>\n","quiz":false,"preguntes_quiz":false,"resultats_general":false,"info_resultats":false,"formulari":false,"formulari_shortcode":""}],"texte":"<p><a class=\"consult-btn\" style=\"text-decoration: none;\" href=\"https:\/\/mapa-compdig-salut.uoc.edu\/competencies-digitals.html\">Amplia informaci\u00f3n<\/a><\/p>\n"}]},"ancora":"competencias-profesionales"},"yoast_head":"<!-- This site is optimized with the Yoast SEO plugin v27.1.1 - https:\/\/yoast.com\/product\/yoast-seo-wordpress\/ -->\n<title>Competencias profesionales - Fundaci\u00f3 TIC Salut i Social<\/title>\n<meta name=\"robots\" content=\"index, follow, max-snippet:-1, max-image-preview:large, max-video-preview:-1\" \/>\n<link rel=\"canonical\" href=\"https:\/\/ticsalutsocial.atoom.space\/es\/que-fem\/competencies-professionals\/\" \/>\n<meta property=\"og:locale\" content=\"es_ES\" \/>\n<meta property=\"og:type\" content=\"article\" \/>\n<meta property=\"og:title\" content=\"Competencias profesionales - Fundaci\u00f3 TIC Salut i Social\" \/>\n<meta property=\"og:url\" content=\"https:\/\/ticsalutsocial.atoom.space\/es\/que-fem\/competencies-professionals\/\" \/>\n<meta property=\"og:site_name\" content=\"Fundaci\u00f3 TIC Salut i Social\" \/>\n<meta property=\"article:modified_time\" content=\"2024-01-23T13:23:34+00:00\" \/>\n<meta name=\"twitter:card\" content=\"summary_large_image\" \/>\n<script type=\"application\/ld+json\" class=\"yoast-schema-graph\">{\"@context\":\"https:\/\/schema.org\",\"@graph\":[{\"@type\":\"WebPage\",\"@id\":\"https:\/\/ticsalutsocial.atoom.space\/es\/que-fem\/competencies-professionals\/\",\"url\":\"https:\/\/ticsalutsocial.atoom.space\/es\/que-fem\/competencies-professionals\/\",\"name\":\"Competencias profesionales - Fundaci\u00f3 TIC Salut i Social\",\"isPartOf\":{\"@id\":\"https:\/\/ticsalutsocial.atoom.space\/es\/#website\"},\"datePublished\":\"2022-08-23T08:54:50+00:00\",\"dateModified\":\"2024-01-23T13:23:34+00:00\",\"breadcrumb\":{\"@id\":\"https:\/\/ticsalutsocial.atoom.space\/es\/que-fem\/competencies-professionals\/#breadcrumb\"},\"inLanguage\":\"es\",\"potentialAction\":[{\"@type\":\"ReadAction\",\"target\":[\"https:\/\/ticsalutsocial.atoom.space\/es\/que-fem\/competencies-professionals\/\"]}]},{\"@type\":\"BreadcrumbList\",\"@id\":\"https:\/\/ticsalutsocial.atoom.space\/es\/que-fem\/competencies-professionals\/#breadcrumb\",\"itemListElement\":[{\"@type\":\"ListItem\",\"position\":1,\"name\":\"Inici\",\"item\":\"https:\/\/ticsalutsocial.atoom.space\/es\/\"},{\"@type\":\"ListItem\",\"position\":2,\"name\":\"Que Fem\",\"item\":\"https:\/\/ticsalutsocial.atoom.space\/es\/que-fem\/\"},{\"@type\":\"ListItem\",\"position\":3,\"name\":\"Competencias profesionales\"}]},{\"@type\":\"WebSite\",\"@id\":\"https:\/\/ticsalutsocial.atoom.space\/es\/#website\",\"url\":\"https:\/\/ticsalutsocial.atoom.space\/es\/\",\"name\":\"Fundaci\u00f3 TIC Salut i Social\",\"description\":\"\",\"potentialAction\":[{\"@type\":\"SearchAction\",\"target\":{\"@type\":\"EntryPoint\",\"urlTemplate\":\"https:\/\/ticsalutsocial.atoom.space\/es\/?s={search_term_string}\"},\"query-input\":{\"@type\":\"PropertyValueSpecification\",\"valueRequired\":true,\"valueName\":\"search_term_string\"}}],\"inLanguage\":\"es\"}]}<\/script>\n<!-- \/ Yoast SEO plugin. -->","yoast_head_json":{"title":"Competencias profesionales - Fundaci\u00f3 TIC Salut i Social","robots":{"index":"index","follow":"follow","max-snippet":"max-snippet:-1","max-image-preview":"max-image-preview:large","max-video-preview":"max-video-preview:-1"},"canonical":"https:\/\/ticsalutsocial.atoom.space\/es\/que-fem\/competencies-professionals\/","og_locale":"es_ES","og_type":"article","og_title":"Competencias profesionales - Fundaci\u00f3 TIC Salut i Social","og_url":"https:\/\/ticsalutsocial.atoom.space\/es\/que-fem\/competencies-professionals\/","og_site_name":"Fundaci\u00f3 TIC Salut i Social","article_modified_time":"2024-01-23T13:23:34+00:00","twitter_card":"summary_large_image","schema":{"@context":"https:\/\/schema.org","@graph":[{"@type":"WebPage","@id":"https:\/\/ticsalutsocial.atoom.space\/es\/que-fem\/competencies-professionals\/","url":"https:\/\/ticsalutsocial.atoom.space\/es\/que-fem\/competencies-professionals\/","name":"Competencias profesionales - Fundaci\u00f3 TIC Salut i Social","isPartOf":{"@id":"https:\/\/ticsalutsocial.atoom.space\/es\/#website"},"datePublished":"2022-08-23T08:54:50+00:00","dateModified":"2024-01-23T13:23:34+00:00","breadcrumb":{"@id":"https:\/\/ticsalutsocial.atoom.space\/es\/que-fem\/competencies-professionals\/#breadcrumb"},"inLanguage":"es","potentialAction":[{"@type":"ReadAction","target":["https:\/\/ticsalutsocial.atoom.space\/es\/que-fem\/competencies-professionals\/"]}]},{"@type":"BreadcrumbList","@id":"https:\/\/ticsalutsocial.atoom.space\/es\/que-fem\/competencies-professionals\/#breadcrumb","itemListElement":[{"@type":"ListItem","position":1,"name":"Inici","item":"https:\/\/ticsalutsocial.atoom.space\/es\/"},{"@type":"ListItem","position":2,"name":"Que Fem","item":"https:\/\/ticsalutsocial.atoom.space\/es\/que-fem\/"},{"@type":"ListItem","position":3,"name":"Competencias profesionales"}]},{"@type":"WebSite","@id":"https:\/\/ticsalutsocial.atoom.space\/es\/#website","url":"https:\/\/ticsalutsocial.atoom.space\/es\/","name":"Fundaci\u00f3 TIC Salut i Social","description":"","potentialAction":[{"@type":"SearchAction","target":{"@type":"EntryPoint","urlTemplate":"https:\/\/ticsalutsocial.atoom.space\/es\/?s={search_term_string}"},"query-input":{"@type":"PropertyValueSpecification","valueRequired":true,"valueName":"search_term_string"}}],"inLanguage":"es"}]}},"_links":{"self":[{"href":"https:\/\/ticsalutsocial.atoom.space\/es\/wp-json\/wp\/v2\/pages\/13845","targetHints":{"allow":["GET"]}}],"collection":[{"href":"https:\/\/ticsalutsocial.atoom.space\/es\/wp-json\/wp\/v2\/pages"}],"about":[{"href":"https:\/\/ticsalutsocial.atoom.space\/es\/wp-json\/wp\/v2\/types\/page"}],"author":[{"embeddable":true,"href":"https:\/\/ticsalutsocial.atoom.space\/es\/wp-json\/wp\/v2\/users\/21"}],"replies":[{"embeddable":true,"href":"https:\/\/ticsalutsocial.atoom.space\/es\/wp-json\/wp\/v2\/comments?post=13845"}],"version-history":[{"count":9,"href":"https:\/\/ticsalutsocial.atoom.space\/es\/wp-json\/wp\/v2\/pages\/13845\/revisions"}],"predecessor-version":[{"id":24894,"href":"https:\/\/ticsalutsocial.atoom.space\/es\/wp-json\/wp\/v2\/pages\/13845\/revisions\/24894"}],"up":[{"embeddable":true,"href":"https:\/\/ticsalutsocial.atoom.space\/es\/wp-json\/wp\/v2\/pages\/24861"}],"wp:attachment":[{"href":"https:\/\/ticsalutsocial.atoom.space\/es\/wp-json\/wp\/v2\/media?parent=13845"}],"wp:term":[{"taxonomy":"tipus","embeddable":true,"href":"https:\/\/ticsalutsocial.atoom.space\/es\/wp-json\/wp\/v2\/tipus?post=13845"}],"curies":[{"name":"wp","href":"https:\/\/api.w.org\/{rel}","templated":true}]}}