
{"id":13865,"date":"2022-08-23T13:44:59","date_gmt":"2022-08-23T11:44:59","guid":{"rendered":"https:\/\/ticsalutsocial.atoom.space\/interoperabilitat-i-tecnologies\/"},"modified":"2024-11-26T10:31:09","modified_gmt":"2024-11-26T08:31:09","slug":"interoperabilitat-y-estandares","status":"publish","type":"page","link":"https:\/\/ticsalutsocial.atoom.space\/es\/que-fem\/interoperabilitat-y-estandares\/","title":{"rendered":"Interoperabilidad"},"content":{"rendered":"","protected":false},"excerpt":{"rendered":"","protected":false},"author":21,"featured_media":0,"parent":24861,"menu_order":0,"comment_status":"closed","ping_status":"closed","template":"page-templates\/interoperabilitat.php","meta":{"_acf_changed":false,"inline_featured_image":false,"footnotes":""},"tipus":[],"class_list":["post-13865","page","type-page","status-publish","hentry"],"acf":{"finalitzat":false,"tipus_plantilla":"seccions","template_seccions":{"objectius":{"titol":"Interoperabilidad","objectius":[{"icona":false,"texte":"<p><strong>Identificar<\/strong> necesidades y definir c\u00f3mo los est\u00e1ndares de referencia que se deben adaptarse y adoptarse.<\/p>\n"},{"icona":false,"texte":"<p><strong>Promover<\/strong> la utilizaci\u00f3n de est\u00e1ndares de referencia internacional (HL7 FHIR, SNOMED CT, LOINC, IHE, DICOM, OpenEHR, entre otros).<\/p>\n"},{"icona":false,"texte":"<p><strong>Poner al alcance<\/strong> de toda la comunidad informaci\u00f3n t\u00e9cnica de referencia, clara, veraz y \u00fatil.<\/p>\n"},{"icona":false,"texte":"<p><strong>Proporcionar<\/strong> recomendaciones y soporte a los organismos p\u00fablicos y privados en la adopci\u00f3n de los est\u00e1ndares.<\/p>\n"}]},"cont_flex":[{"acf_fc_layout":"bloc_documents","mostrar_numero":false,"backcolor":"gris","titol":"La interoperabilidad es la capacidad de compartir informaci\u00f3n entre sistemas o dispositivos sin que se pierda su significado. Garantiza el acceso a la informaci\u00f3n independientemente del lugar en que se haya registrado y favorece el reaprovechamiento, minimizando puntos ciegos y asegurando lo continuum asistencial","intro":"","documents":false},{"acf_fc_layout":"bloc_documents","mostrar_numero":false,"backcolor":"gris","titol":"Servicios","intro":"<h4>Centro Nacional de Referencia\u00a0SNOMED\u00a0CT<\/h4>\n<p>El \u00c1mbito de Interoperabilidad y Tecnolog\u00edas de la Fundaci\u00f3n TIC Salud Social como Centro Nacional de Referencia de\u00a0SNOMED\u00a0CT\u00a0para el Departamento de Salud de Catalu\u00f1a es el organismo encargado de mantener y publicar la Extensi\u00f3n catalana\u00a0SNOMED\u00a0CT.<\/p>\n<p><a class=\"veure-btn\" style=\"text-decoration: none;\" href=\"https:\/\/ticsalutsocial.atoom.space\/formulari-dobtencio-de-snomed-ct-2\/\" target=\"_blank\" rel=\"noopener\">Inf\u00f3rmate o solicita la Extensi\u00f3n catalana SNOMED CT<\/a><\/p>\n<p>&nbsp;<\/p>\n<h4>Centro Nacional de Referencia\u00a0OIDs<\/h4>\n<p>El \u00c1mbito de Interoperabilidad y tecnolog\u00edas de la <em>Fundaci\u00f3 TIC Salut Social<\/em> como Centro Nacional de Referencia de OIDs para el <em>Departament de Salut<\/em> de Catalu\u00f1a es el organismo encargado de mantener, gestionar y publicar los OIDs del <em>Departament de Salut<\/em> de Catalu\u00f1a.<\/p>\n<p><a class=\"veure-btn\" style=\"text-decoration: none;\" href=\"PENDENT CREAR PESTANYA I LINK DE REDIRECCI\u00d3\" target=\"_blank\" rel=\"noopener\">Inf\u00f3rmate o solicita el cat\u00e1logo de OIDs<\/a><\/p>\n<p>&nbsp;<\/p>\n<h4><strong>Cat\u00e1logos <em>Departament de Salut de Catalunya<\/em><\/strong><\/h4>\n<p>El \u00c1mbito de Interoperabilidad y Tecnolog\u00edas de la Fundaci\u00f3n TIC Salud Social se encarga de actualizar, mantener, y proporcionar los cat\u00e1logos, vocabularios controlados, y subconjuntos al Departamento de Salud de Catalu\u00f1a intermediando el Servidor Terminol\u00f3gico y la Herramienta de cat\u00e1logos cl\u00ednicos del Sistema Sanitario Catal\u00e1n<\/p>\n<p><a class=\"veure-btn\" style=\"text-decoration: none;\" href=\"PENDENT CREAR PESTANYA I LINK DE REDIRECCI\u00d3\" target=\"_blank\" rel=\"noopener\">Inf\u00f3rmate sobre los cat\u00e1logos del <em>Departament de Salut<\/em><\/a><\/p>\n<p>&nbsp;<\/p>\n<h4><strong>Wiki OFSTI<\/strong><\/h4>\n<p>El \u00c1mbito de Interoperabilidad y tecnolog\u00edas de la <em>Fundaci\u00f3 TIC Salut Social<\/em> proporciona y actualiza el contenido de esta wiki para dar conocimiento sobre la interoperabilidad, los est\u00e1ndares, y los cat\u00e1logos, al sector de la salud.<\/p>\n<p><a class=\"veure-btn\" style=\"text-decoration: none;\" href=\"http:\/\/ofsti.ticsalutsocial.cat\/wiki\/doku.php?id=ca:start\" target=\"_blank\" rel=\"noopener\">Accede a la wiki<\/a><\/p>\n","documents":false},{"acf_fc_layout":"bloc_acordio","mostrar_numero":false,"backcolor":"gris","titol":"Proyectos","introduccio":"<p>La OFSTI participa de manera transversal en diferentes proyectos del <em>Sistema de Salut de Catalunya<\/em> y en proyectes propios de la <em>Fundaci\u00f3 TIC Salut Social<\/em>. Algunas de les tareas realizadas son liderar cuestiones sobre interoperabilidad, asumir las tareas del desarrollo d elos mensajes HL7 FHIR o de la codificaci\u00f3n SNOMED CT y LOINC, desarrollar pilotos del Servidor Terminol\u00f3gico Social, o bien ser responsables de certificaciones de Bancos de pruebas HL7 FHIR para dispositivos para al seguiment de la Diabetis mellitus.<\/p>\n<p>A continuaci\u00f3n se describen algunos.<\/p>\n<p>&nbsp;<\/p>\n","acordio":[{"titol":"WiFIS","contingut":"<p>El marco de interoperabilidad WiFIS (Work Flow para Instituciones de Salud), permite a los centros del Sistema Sanitario Integral de utilizaci\u00f3n p\u00fablica de Catalu\u00f1a (SISCAT) intercambiar informaci\u00f3n de forma estandarizada, normalizando los procesos y las comunicaciones entre los sistemas de los centros de Atenci\u00f3n Primaria, Atenci\u00f3n Especializada o Salud Mental.<\/p>\n<p>Para llevar a cabo la normalizaci\u00f3n de procesos y comunicaciones se han creado las Gu\u00edas de implementaci\u00f3n donde se definen las normas, modelos de intercambio de informaci\u00f3n, mensajer\u00eda y terminolog\u00edas para realizar esta normalizaci\u00f3n. Todos los centros que sigan las gu\u00edas de implementaci\u00f3n tendr\u00e1n la capacidad de conectarse con la plataforma de interoperabilidad definida al proyecto\u00a0iS3\u00a0para intercambiar informaci\u00f3n con los otros centros que incorporen el mismo protocolo.<\/p>\n<p>Los principales est\u00e1ndares en que se basa Wifis son la mensajer\u00eda HL7 V2.5 (con adopciones de la versi\u00f3n 2.7 y posteriores) y la terminolog\u00eda SNOMED CT para representar el contenido. espa\u00f1ol.<\/p>\n","quiz":false,"preguntes_quiz":false,"resultats_general":false,"info_resultats":false,"formulari":false,"formulari_shortcode":""},{"titol":"Homologaciones","contingut":"<p>Durante los a\u00f1os 2017 y 2018 se ha llevado a cabo un proceso de certificaci\u00f3n del medidor de glucosa en sangre.<\/p>\n<p>El objetivo de este campo es promover un formato com\u00fan de intercambio de datos para que la informaci\u00f3n generada por los medidores de glucosa en sangre sea interoperable.<\/p>\n<p>El proceso consiste a verificar que el dispositivo siga las directrices <strong><em>Contin\u00faa de\u00a0PCHAlliance<\/em><\/strong>. M\u00e1s concretamente la est\u00e1ndar ISO\/IEEE\u00a011073-10417: Especializaci\u00f3n de dispositivos medidores de glucosa en sangre.<\/p>\n","quiz":false,"preguntes_quiz":false,"resultats_general":false,"info_resultats":false,"formulari":false,"formulari_shortcode":""},{"titol":"ICTUSnet","contingut":"<p>Desde la OFSTI se ha participado en el proyecto europeo ICTUSnet, liderado conjuntamente por el Plan Director de Enfermedades Vasculares Cerebrales de Catalu\u00f1a y por\u00a0 AQuAS.<\/p>\n<p>Las tareas llevadas a cabo desde la<em> Fundaci\u00f3 TIC Salut Social<\/em> se enfocaron a definir el marco de interoperabilidad.<\/p>\n","quiz":false,"preguntes_quiz":false,"resultats_general":false,"info_resultats":false,"formulari":false,"formulari_shortcode":""},{"titol":"SIMDCAT","contingut":"<p>En el marco del proyecto SIMDCAT, la OFSTI ha realizado un informe de evaluaci\u00f3n del Suplemento 145 DICOM, para estandarizar la representaci\u00f3n, el env\u00edo y el tratamiento de la patolog\u00eda digital.<\/p>\n<p><a class=\"veure-btn\" style=\"text-decoration: none;\" href=\"https:\/\/ticsalutsocial.atoom.space\/es\/project\/simdcat\/\" target=\"_blank\" rel=\"noopener\">Proyecto SIMDCAT<\/a><\/p>\n","quiz":false,"preguntes_quiz":false,"resultats_general":false,"info_resultats":false,"formulari":false,"formulari_shortcode":""},{"titol":"InterSocial ","contingut":"<p>La Fundaci\u00f3n ha participado en el proyecto InterSocial desarrollando el Servidor Terminol\u00f3gico Social.<\/p>\n<p>Consulta toda la informaci\u00f3n:<\/p>\n<p><a class=\"veure-btn\" style=\"text-decoration: none;\" href=\"https:\/\/ticsalutsocial.atoom.space\/es\/project\/intersocial\/\" target=\"_blank\" rel=\"noopener\">Proyecto Intersocial<\/a><\/p>\n","quiz":false,"preguntes_quiz":false,"resultats_general":false,"info_resultats":false,"formulari":false,"formulari_shortcode":""},{"titol":"INCISIVE","contingut":"<p><a class=\"veure-btn\" style=\"text-decoration: none;\" href=\"https:\/\/ticsalutsocial.atoom.space\/es\/project\/incisive\/\" target=\"_blank\" rel=\"noopener\">Proyecto INCISIVE<\/a><\/p>\n","quiz":false,"preguntes_quiz":false,"resultats_general":false,"info_resultats":false,"formulari":false,"formulari_shortcode":""},{"titol":"OTROS","contingut":"<p>&nbsp;<\/p>\n<p>L&#8217;OFSTI dona suport a projectes de la Fundaci\u00f3 TIC Salut Social i les seves \u00e0rees de treball, com la de <strong><em>mHealth, <\/em><\/strong>en q\u00fcestions com la certificaci\u00f3 d\u2019aplicacions m\u00f2bils en, la guia de desenvolupament d\u2019aplicacions m\u00f2bils o l\u2019eina de suport a la decisi\u00f3 pel desenvolupament d\u2019aplicacions m\u00f2bil.<\/p>\n<p>Ha participat i participa en projectes com:<\/p>\n<p><a class=\"veure-btn\" style=\"text-decoration: none;\" href=\"https:\/\/ticsalutsocial.atoom.space\/es\/project\/label-2-enable\/\" target=\"_blank\" rel=\"noopener\">Proyecto Label2Enable<\/a><\/p>\n<p><a class=\"veure-btn\" style=\"text-decoration: none;\" href=\"https:\/\/ticsalutsocial.atoom.space\/es\/project\/nextcare\/\" target=\"_blank\" rel=\"noopener\">Proyecto Nextcare<\/a><\/p>\n<p><a class=\"veure-btn\" style=\"text-decoration: none;\" href=\"https:\/\/ticsalutsocial.atoom.space\/es\/project\/racsel\/\" target=\"_blank\" rel=\"noopener\">Proyecto RACSEL<\/a><\/p>\n<p><a class=\"veure-btn\" style=\"text-decoration: none;\" href=\"https:\/\/ticsalutsocial.atoom.space\/es\/project\/antilope\/\" target=\"_blank\" rel=\"noopener\">Proyecto Antilope<\/a><\/p>\n<p><a class=\"veure-btn\" style=\"text-decoration: none;\" href=\"https:\/\/ticsalutsocial.atoom.space\/es\/project\/trillium-bridge-ii\/\" target=\"_blank\" rel=\"noopener\">Proyecto Trillium-Bridge II<\/a><\/p>\n<p><a class=\"veure-btn\" style=\"text-decoration: none;\" href=\"https:\/\/ticsalutsocial.atoom.space\/es\/project\/x-ehealth\/\" target=\"_blank\" rel=\"noopener\">Proyecto x-eHealth<\/a><\/p>\n<p><a class=\"veure-btn\" style=\"text-decoration: none;\" href=\"https:\/\/ticsalutsocial.atoom.space\/es\/project\/secant\/\" target=\"_blank\" rel=\"noopener\">Proyecto Secant<\/a><\/p>\n","quiz":false,"preguntes_quiz":false,"resultats_general":false,"info_resultats":false,"formulari":false,"formulari_shortcode":""}],"texte":"<p>&nbsp;<\/p>\n<p>&nbsp;<\/p>\n"},{"acf_fc_layout":"texte_gradient","mostrar_numero":false,"backcolor":"gris","titol":"Miembros y colaboraciones","texte_superior":"","texte_gradient":{"titol":"","contingut":"La Fundaci\u00f3n TIC Salud Social colabora y es miembro de las siguientes organizaciones internacionales referentes en normalizaci\u00f3n e interoperabilidad:","icona":885},"texte_inferior":"<p><strong>SNOMED\u00a0International,\u00a0CNS\u00a0(Centro Nacional de\u00a0Referencia\u00a0de\u00a0SNOMED\u00a0CT)<\/strong><\/p>\n<p><strong>SNOMED\u00a0International<\/strong> es una organizaci\u00f3n sin \u00e1nimo de lucro que tiene los derechos y la propiedad de la terminolog\u00eda cl\u00ednica SNOMED CT (Systematized Nomenclature of Medicine \u2013 Clinical Terms), as\u00ed como la responsabilidad de actualizarla y distribuirla a nivel internacional.<\/p>\n<p><strong>SNOMED\u00a0Spanish\u00a0Edition<\/strong> es la versi\u00f3n internacional del est\u00e1ndar traducida al espa\u00f1ol de Am\u00e9rica Latina.<\/p>\n<p>Algunos pa\u00edses mantienen y distribuyen, como miembros de esta organizaci\u00f3n, una edici\u00f3n nacional de\u00a0SNOMED\u00a0CT\u00a0para utilizar dentro de su territorio. La Extensi\u00f3n espa\u00f1ola es la edici\u00f3n nacional del territorio espa\u00f1ol mantenida por el\u00a0Centro\u00a0Nacional de\u00a0Referencia\u00a0de\u00a0SNOMED\u00a0CT\u00a0por Espa\u00f1a,\u00a0Ministerio\u00a0de\u00a0Sanidad, Consumo\u00a0y\u00a0Bienestar\u00a0Social.<\/p>\n<p><strong>HL7\u00a0International\u00a0&#8211; HL7\u00a0Spain<\/strong><\/p>\n<p><strong>HL7\u00a0Spain<\/strong> es la entidad oficial de HL7 International que trabaja en el desarrollo de est\u00e1ndares de interoperabilidad global de datos en el \u00e1mbito de la salud y promueve el uso de los est\u00e1ndares de HL7 en Espa\u00f1a a trav\u00e9s de la participaci\u00f3n de eventos en todo el pa\u00eds, de cursos, de formaci\u00f3n o de publicaci\u00f3n de gu\u00edas y manuales sobre el uso y la implementaci\u00f3n de los est\u00e1ndares.<\/p>\n<p>Es la \u00fanica organizaci\u00f3n acreditada en Espa\u00f1a por la formaci\u00f3n y certificaci\u00f3n de los est\u00e1ndares HL7 entre profesionales de la salud.<\/p>\n<p><strong>Integrating\u00a0the\u00a0Healthcare\u00a0Enterprise\u00a0(IHE)<\/strong><\/p>\n<p>Es una Organizaci\u00f3n de Desarrollo de Est\u00e1ndares para el \u00e1mbito de la salud, fundada el 1987 y sin \u00e1nimo de lucro, que trabaja en el \u00e1mbito internacional siendo actualmente una de las m\u00e1s importantes en est\u00e1ndares de mensajer\u00eda en inform\u00e1tica m\u00e9dica.<\/p>\n<p>El\u00a0IHE\u00a0promueve el uso coordinado de est\u00e1ndares establecidos como\u00a0DICOM\u00a0y HL7 para abordar necesidades cl\u00ednicas. Su misi\u00f3n es proveer un marco completo de est\u00e1ndares relacionados con el intercambio, la integraci\u00f3n, y la recuperaci\u00f3n de informaci\u00f3n electr\u00f3nica de salud que soporte la pr\u00e1ctica y la gesti\u00f3n cl\u00ednica para habilitar flujos de trabajo digitales interoperables.<\/p>\n<p><strong>LOINC\u00a0International<\/strong><\/p>\n<p>LOINC\u00a0International\u00a0es una organizaci\u00f3n de investigaci\u00f3n m\u00e9dica sin \u00e1nimo de lucro asociada a la Universidad de Indiana. Esta organizaci\u00f3n promueve el est\u00e1ndar internacional\u00a0LOINC\u00a0(Logical\u00a0Observation\u00a0Identifiers\u00a0Names\u00a0and\u00a0Codas), que al\u00a0SISCAT\u00a0se utiliza para representar pruebas de laboratorio.<\/p>\n"}]}},"yoast_head":"<!-- This site is optimized with the Yoast SEO plugin v27.1.1 - https:\/\/yoast.com\/product\/yoast-seo-wordpress\/ -->\n<title>Interoperabilidad - Fundaci\u00f3 TIC Salut i Social<\/title>\n<meta name=\"robots\" content=\"index, follow, max-snippet:-1, max-image-preview:large, max-video-preview:-1\" \/>\n<link rel=\"canonical\" href=\"https:\/\/ticsalutsocial.atoom.space\/es\/que-fem\/interoperabilitat-y-estandares\/\" \/>\n<meta property=\"og:locale\" content=\"es_ES\" \/>\n<meta property=\"og:type\" content=\"article\" \/>\n<meta property=\"og:title\" content=\"Interoperabilidad - Fundaci\u00f3 TIC Salut i Social\" \/>\n<meta property=\"og:url\" content=\"https:\/\/ticsalutsocial.atoom.space\/es\/que-fem\/interoperabilitat-y-estandares\/\" \/>\n<meta property=\"og:site_name\" content=\"Fundaci\u00f3 TIC Salut i Social\" \/>\n<meta property=\"article:modified_time\" content=\"2024-11-26T08:31:09+00:00\" \/>\n<meta name=\"twitter:card\" content=\"summary_large_image\" \/>\n<script type=\"application\/ld+json\" class=\"yoast-schema-graph\">{\"@context\":\"https:\/\/schema.org\",\"@graph\":[{\"@type\":\"WebPage\",\"@id\":\"https:\/\/ticsalutsocial.atoom.space\/es\/que-fem\/interoperabilitat-y-estandares\/\",\"url\":\"https:\/\/ticsalutsocial.atoom.space\/es\/que-fem\/interoperabilitat-y-estandares\/\",\"name\":\"Interoperabilidad - Fundaci\u00f3 TIC Salut i Social\",\"isPartOf\":{\"@id\":\"https:\/\/ticsalutsocial.atoom.space\/es\/#website\"},\"datePublished\":\"2022-08-23T11:44:59+00:00\",\"dateModified\":\"2024-11-26T08:31:09+00:00\",\"breadcrumb\":{\"@id\":\"https:\/\/ticsalutsocial.atoom.space\/es\/que-fem\/interoperabilitat-y-estandares\/#breadcrumb\"},\"inLanguage\":\"es\",\"potentialAction\":[{\"@type\":\"ReadAction\",\"target\":[\"https:\/\/ticsalutsocial.atoom.space\/es\/que-fem\/interoperabilitat-y-estandares\/\"]}]},{\"@type\":\"BreadcrumbList\",\"@id\":\"https:\/\/ticsalutsocial.atoom.space\/es\/que-fem\/interoperabilitat-y-estandares\/#breadcrumb\",\"itemListElement\":[{\"@type\":\"ListItem\",\"position\":1,\"name\":\"Inici\",\"item\":\"https:\/\/ticsalutsocial.atoom.space\/es\/\"},{\"@type\":\"ListItem\",\"position\":2,\"name\":\"Que Fem\",\"item\":\"https:\/\/ticsalutsocial.atoom.space\/es\/que-fem\/\"},{\"@type\":\"ListItem\",\"position\":3,\"name\":\"Interoperabilidad\"}]},{\"@type\":\"WebSite\",\"@id\":\"https:\/\/ticsalutsocial.atoom.space\/es\/#website\",\"url\":\"https:\/\/ticsalutsocial.atoom.space\/es\/\",\"name\":\"Fundaci\u00f3 TIC Salut i Social\",\"description\":\"\",\"potentialAction\":[{\"@type\":\"SearchAction\",\"target\":{\"@type\":\"EntryPoint\",\"urlTemplate\":\"https:\/\/ticsalutsocial.atoom.space\/es\/?s={search_term_string}\"},\"query-input\":{\"@type\":\"PropertyValueSpecification\",\"valueRequired\":true,\"valueName\":\"search_term_string\"}}],\"inLanguage\":\"es\"}]}<\/script>\n<!-- \/ Yoast SEO plugin. -->","yoast_head_json":{"title":"Interoperabilidad - Fundaci\u00f3 TIC Salut i Social","robots":{"index":"index","follow":"follow","max-snippet":"max-snippet:-1","max-image-preview":"max-image-preview:large","max-video-preview":"max-video-preview:-1"},"canonical":"https:\/\/ticsalutsocial.atoom.space\/es\/que-fem\/interoperabilitat-y-estandares\/","og_locale":"es_ES","og_type":"article","og_title":"Interoperabilidad - Fundaci\u00f3 TIC Salut i Social","og_url":"https:\/\/ticsalutsocial.atoom.space\/es\/que-fem\/interoperabilitat-y-estandares\/","og_site_name":"Fundaci\u00f3 TIC Salut i Social","article_modified_time":"2024-11-26T08:31:09+00:00","twitter_card":"summary_large_image","schema":{"@context":"https:\/\/schema.org","@graph":[{"@type":"WebPage","@id":"https:\/\/ticsalutsocial.atoom.space\/es\/que-fem\/interoperabilitat-y-estandares\/","url":"https:\/\/ticsalutsocial.atoom.space\/es\/que-fem\/interoperabilitat-y-estandares\/","name":"Interoperabilidad - Fundaci\u00f3 TIC Salut i Social","isPartOf":{"@id":"https:\/\/ticsalutsocial.atoom.space\/es\/#website"},"datePublished":"2022-08-23T11:44:59+00:00","dateModified":"2024-11-26T08:31:09+00:00","breadcrumb":{"@id":"https:\/\/ticsalutsocial.atoom.space\/es\/que-fem\/interoperabilitat-y-estandares\/#breadcrumb"},"inLanguage":"es","potentialAction":[{"@type":"ReadAction","target":["https:\/\/ticsalutsocial.atoom.space\/es\/que-fem\/interoperabilitat-y-estandares\/"]}]},{"@type":"BreadcrumbList","@id":"https:\/\/ticsalutsocial.atoom.space\/es\/que-fem\/interoperabilitat-y-estandares\/#breadcrumb","itemListElement":[{"@type":"ListItem","position":1,"name":"Inici","item":"https:\/\/ticsalutsocial.atoom.space\/es\/"},{"@type":"ListItem","position":2,"name":"Que Fem","item":"https:\/\/ticsalutsocial.atoom.space\/es\/que-fem\/"},{"@type":"ListItem","position":3,"name":"Interoperabilidad"}]},{"@type":"WebSite","@id":"https:\/\/ticsalutsocial.atoom.space\/es\/#website","url":"https:\/\/ticsalutsocial.atoom.space\/es\/","name":"Fundaci\u00f3 TIC Salut i Social","description":"","potentialAction":[{"@type":"SearchAction","target":{"@type":"EntryPoint","urlTemplate":"https:\/\/ticsalutsocial.atoom.space\/es\/?s={search_term_string}"},"query-input":{"@type":"PropertyValueSpecification","valueRequired":true,"valueName":"search_term_string"}}],"inLanguage":"es"}]}},"_links":{"self":[{"href":"https:\/\/ticsalutsocial.atoom.space\/es\/wp-json\/wp\/v2\/pages\/13865","targetHints":{"allow":["GET"]}}],"collection":[{"href":"https:\/\/ticsalutsocial.atoom.space\/es\/wp-json\/wp\/v2\/pages"}],"about":[{"href":"https:\/\/ticsalutsocial.atoom.space\/es\/wp-json\/wp\/v2\/types\/page"}],"author":[{"embeddable":true,"href":"https:\/\/ticsalutsocial.atoom.space\/es\/wp-json\/wp\/v2\/users\/21"}],"replies":[{"embeddable":true,"href":"https:\/\/ticsalutsocial.atoom.space\/es\/wp-json\/wp\/v2\/comments?post=13865"}],"version-history":[{"count":22,"href":"https:\/\/ticsalutsocial.atoom.space\/es\/wp-json\/wp\/v2\/pages\/13865\/revisions"}],"predecessor-version":[{"id":29242,"href":"https:\/\/ticsalutsocial.atoom.space\/es\/wp-json\/wp\/v2\/pages\/13865\/revisions\/29242"}],"up":[{"embeddable":true,"href":"https:\/\/ticsalutsocial.atoom.space\/es\/wp-json\/wp\/v2\/pages\/24861"}],"wp:attachment":[{"href":"https:\/\/ticsalutsocial.atoom.space\/es\/wp-json\/wp\/v2\/media?parent=13865"}],"wp:term":[{"taxonomy":"tipus","embeddable":true,"href":"https:\/\/ticsalutsocial.atoom.space\/es\/wp-json\/wp\/v2\/tipus?post=13865"}],"curies":[{"name":"wp","href":"https:\/\/api.w.org\/{rel}","templated":true}]}}