
{"id":13866,"date":"2022-07-29T09:41:52","date_gmt":"2022-07-29T07:41:52","guid":{"rendered":"https:\/\/ticsalutsocial.atoom.space\/atencio-no-presencial\/"},"modified":"2024-02-27T15:10:43","modified_gmt":"2024-02-27T13:10:43","slug":"ehealth","status":"publish","type":"page","link":"https:\/\/ticsalutsocial.atoom.space\/es\/que-fem\/ehealth\/","title":{"rendered":"eHealth"},"content":{"rendered":"","protected":false},"excerpt":{"rendered":"","protected":false},"author":12,"featured_media":0,"parent":24861,"menu_order":0,"comment_status":"closed","ping_status":"closed","template":"page-templates\/models.php","meta":{"_acf_changed":false,"inline_featured_image":false,"footnotes":""},"tipus":[],"class_list":["post-13866","page","type-page","status-publish","hentry"],"acf":{"finalitzat":false,"tipus_plantilla":"seccions","template_seccions":{"objectius":{"titol":"OBJETIVOS ESPEC\u00cdFICOS","objectius":[{"icona":24167,"texte":"<p><strong>Proporcionar<\/strong> una visi\u00f3n de gu\u00eda con los aspectos a tener en cuenta para llevar a cabo iniciativas de atenci\u00f3n no presencial digital.<\/p>\n"},{"icona":24170,"texte":"<p><strong>Proporcionar<\/strong> recomendaciones de uso y contenidos espec\u00edficos de soporte a los profesionales.<\/p>\n"}]},"cont_flex":[{"acf_fc_layout":"texte_gradient","mostrar_numero":false,"backcolor":"gris","titol":"","texte_superior":"","texte_gradient":{"titol":"","contingut":"Para consultar informes y documentos sobre esta tem\u00e1tica pulse en la pesta\u00f1a superior de 'Documentos de referencia'","icona":13355},"texte_inferior":""},{"acf_fc_layout":"texte","mostrar_numero":false,"backcolor":"gris","titol":"La estrategia","texte":"<p><strong>Latitud es el modelo de referencia para la implantaci\u00f3n de soluciones digitales en el \u00e1mbito asistencial no presencial de salud y contempla los aspectos relativos a:<\/strong><\/p>\n<ul>\n<li><strong>Objetivos generales a conseguir<\/strong><\/li>\n<li><strong>Caracter\u00edsticas principales asociadas a la adaptaci\u00f3n de los procesos asistenciales<\/strong><\/li>\n<li><strong>\u00c1mbitos legales<\/strong><\/li>\n<li><strong>\u00c1mbitos tecnol\u00f3gicos<\/strong><\/li>\n<li><strong>\u00c1mbitos de interoperabilidad y evaluaci\u00f3n.<\/strong><\/li>\n<\/ul>\n<p>Se orienta a garantizar\u00a0la<strong> equidad, calidad y sostenibilidad\u00a0<\/strong>de los servicios sanitarios, tanto desde la perspectiva de la ciudadan\u00eda como del sistema sanitario. Para alcanzar estos objetivos, el modelo incorpora como pilares la <strong>centralidad en la persona y el uso intensivo de los datos<\/strong>, y los aplica a trav\u00e9s de la configuraci\u00f3n de rutas asistenciales din\u00e1micas. Contempla tanto aspectos de la\u00a0<strong>salud<\/strong>, como los\u00a0c<strong>ondicionantes de la persona<\/strong> (sociales, econ\u00f3micos, competenciales, del entorno, etc.), y los recursos asistenciales disponibles, para definir rutas asistenciales adaptadas a las necesidades y que permitan combinar la atenci\u00f3n presencial y no presencial.<\/p>\n<p>El modelo contempla todos los \u00e1mbitos de intervenci\u00f3n en salud incluidos en la cadena de valor asistencial: la <strong>promoci\u00f3n de la salud<\/strong> y la <strong>prevenci\u00f3n<\/strong>, el <strong>diagn\u00f3stico<\/strong>, el <strong>tratamiento y el seguimiento de la enfermedad.<\/strong><\/p>\n<p><strong>La estrategia de atenci\u00f3n no presencial tiene por objetivo definir un marco com\u00fan para la implementaci\u00f3n de herramientas digitales innovadoras en el sector salud principalmente orientadas a la consecuci\u00f3n de los siguientes objetivos:<\/strong><\/p>\n<p><img loading=\"lazy\" decoding=\"async\" class=\"aligncenter wp-image-14185 size-large\" src=\"https:\/\/ticsalutsocial.atoom.space\/wp-content\/uploads\/2022\/09\/ANP-1-1024x270.png\" alt=\"\" width=\"1024\" height=\"270\" srcset=\"https:\/\/ticsalutsocial.atoom.space\/wp-content\/uploads\/2022\/09\/ANP-1-1024x270.png 1024w, https:\/\/ticsalutsocial.atoom.space\/wp-content\/uploads\/2022\/09\/ANP-1-300x79.png 300w, https:\/\/ticsalutsocial.atoom.space\/wp-content\/uploads\/2022\/09\/ANP-1-768x203.png 768w, https:\/\/ticsalutsocial.atoom.space\/wp-content\/uploads\/2022\/09\/ANP-1.png 1084w\" sizes=\"auto, (max-width: 1024px) 100vw, 1024px\" \/><\/p>\n"},{"acf_fc_layout":"video","mostrar_numero":false,"backcolor":"blanc","titol":"La salud digital en Catalu\u00f1a y el mundo: estado del arte","texte_intro":"<p><strong>La r\u00e1pida evoluci\u00f3n de las tecnolog\u00edas junto con la disponibilidad y menor coste de los servicios de conectividad, han permitido evolucionar en el dise\u00f1o de sistemas y modelos de atenci\u00f3n cada vez m\u00e1s adaptados a las necesidades de la persona y sus condicionantes personales, cl\u00ednicos y sociales.<\/strong><\/p>\n<p>En este contexto, todos los pa\u00edses con econom\u00edas avanzadas est\u00e1n incorporando estrategias y servicios de atenci\u00f3n no presencial en los modelos de prestaci\u00f3n sanitaria. En 2018, el mercado en telemedicina y eSalut se dimension\u00f3 en 38,3 miles de millones de d\u00f3lares, con una tasa de crecimiento anual estimada del 19,2%, por lo que se prev\u00e9 un volumen global de m\u00e1s de 130 miles de millones de d\u00f3lares para 2025 seg\u00fan el informe Telemedicine Market Share Report | Global 2019-2025 Industry Data.<\/p>\n<p>En Catalu\u00f1a, las bases de la implantaci\u00f3n de la Salud Digital empiezan a establecerse con una primera definici\u00f3n del Modelo de Atenci\u00f3n No Presencial (2013-2016). M\u00e1s adelante, las iniciativas relacionadas con la atenci\u00f3n no presencial a nivel sist\u00e9mico se incluyen dentro del Plan de Salud (2016-2020) y el Plan Director de Sistemas de Informaci\u00f3n del Departament de Salut.<\/p>\n<p>A nivel de implementaci\u00f3n territorial, las entidades proveedoras del sistema sanitario integral de utilizaci\u00f3n p\u00fablica de Catalu\u00f1a (SISCAT) han impulsado soluciones digitales espec\u00edficas, con diferentes niveles de despliegue entre las que se destacan principalmente tres iniciativas por su largo recorrido y escalabilidad territorial:<\/p>\n<ul>\n<li>La <strong>eConsulta<\/strong> destaca por ser un proyecto impulsado desde el propio sistema sanitario y desplegado en la gran mayor\u00eda de centros de atenci\u00f3n primaria y extensible a la especializada.<\/li>\n<li>El <strong>teleictus<\/strong> destaca por su capacidad de coordinaci\u00f3n entre centros proveedores del SISCAT.<\/li>\n<li>La <strong>teledermatolog\u00eda<\/strong> destaca por el uso de herramientas existentes y la reducci\u00f3n en los desplazamientos por parte de la poblaci\u00f3n.<\/li>\n<\/ul>\n","nom_video":"","data_video":"","img_prev":false,"url_video":"","texte_inferior":"<p>A nivel internacional, los organismos multilaterales como Naciones Unidas, la Organizaci\u00f3n Mundial de la Salud (OMS) o la Comisi\u00f3n Europea, presentan recomendaciones en sus planes estrat\u00e9gicos con el objetivo de guiar los sistemas sanitarios en el momento de dar respuesta a los retos del sector. Por ejemplo, la OMS insta a sus estados miembros a establecer un conjunto de pr\u00e1cticas relacionadas con la salud digital. En la presentaci\u00f3n de estas pr\u00e1cticas, se reconoce el potencial de las tecnolog\u00edas para apoyar a los sistemas sanitarios en la consecuci\u00f3n de los objetivos de sostenibilidad, las posibilidades que ofrecen para generar cambios de los modelos de atenci\u00f3n, y la necesidad de asegurar que impliquen realmente una mejora.<\/p>\n<p>Tal y como se presenta en el documento \u00abAn\u00e1lisis comparativo de modelos de atenci\u00f3n no presencial en el \u00e1mbito de la salud\u00bb, la mayor parte de los pa\u00edses analizados est\u00e1n generando estrategias sanitarias muy enfocadas a la digitalizaci\u00f3n y a nuevos modelos de relaci\u00f3n con la ciudadan\u00eda , enmarcadas en planes de salud digital.<\/p>\n","documents":false,"texte_adicional":"","documents_adicionals":false},{"acf_fc_layout":"varis_llistats","mostrar_numero":false,"backcolor":"blanc","titol":"Recomendaciones de uso de los canales de atenci\u00f3n no presencial","texte":"<p>Para determinar el grado de despliegue del modelo de atenci\u00f3n no presencial de sus hospitales, la Regi\u00f3n Sanitaria de Catalunya Central ha impulsado un estudio de evaluaci\u00f3n a trav\u00e9s de cuatro centros:<\/p>\n<ul>\n<li><a href=\"https:\/\/www.althaia.cat\/althaia\/ca\/homepage\">Althaia- Xarxa Assistencial Universit\u00e0ria de Manresa<\/a><\/li>\n<li><a href=\"https:\/\/www.csa.cat\/ca\/\">Consorci Sanitari de l\u2019Anoia-Hospital d\u2019Igualada<\/a><\/li>\n<li><a href=\"https:\/\/www.chv.cat\/\">Consorci Hospitalari de Vic<\/a><\/li>\n<li><a href=\"https:\/\/hcsb.info\/\">Salut Catalunya Central &#8211; Hospital de Berga<\/a><\/li>\n<\/ul>\n<p>El uso de canales de Atenci\u00f3n No Presencial debe permitir una atenci\u00f3n personalizada y adaptada al contexto del ciudadano y de los recursos sanitarios disponibles. Con el objetivo de facilitar el uso de estos canales, se ha elaborado conjuntamente con el \u00e1rea asistencial y el \u00e1rea de sistemas de informaci\u00f3n del Servicio Catal\u00e1n de la Salud una serie de recomendaciones en diferentes \u00e1mbitos orientadas a distintos perfiles y resumidas en una serie de fichas monogr\u00e1ficas:<\/p>\n<p>&nbsp;<\/p>\n<p><strong>Contenidos dirigidos a los profesionales asistenciales<\/strong><\/p>\n<ul>\n<li>Resumen del uso de los canales de atenci\u00f3n no presencial y principales aspectos a tener en cuenta.<\/li>\n<li>Descripci\u00f3n de los canales de atenci\u00f3n telef\u00f3nica, eConsulta y videoConsulta.<\/li>\n<li>Principales aspectos legales para el cumplimiento de la normativa sobre protecci\u00f3n y privacidad de datos.<\/li>\n<li>Buenas pr\u00e1cticas para la correcta realizaci\u00f3n de visitas no presenciales.<\/li>\n<\/ul>\n<p><strong>Contenidos dirigidos a las direcciones de los centros<\/strong><\/p>\n<ul>\n<li>Recomendaciones organizativas: aspectos relacionados con las actividades necesarias dentro de los centros para el uso de los canales no presenciales.<\/li>\n<li>Principales aspectos legales para el cumplimiento de la normativa sobre protecci\u00f3n y privacidad de datos.<\/li>\n<li>Lista de comprobaci\u00f3n: resumen de aspectos a tener en cuenta en el uso de los canales de atenci\u00f3n no presencial.<\/li>\n<li>Buenas pr\u00e1cticas para la correcta realizaci\u00f3n de visitas no presenciales.<\/li>\n<\/ul>\n","llistats":false,"documents":false},{"acf_fc_layout":"texte_gradient","mostrar_numero":false,"backcolor":"gris","titol":"","texte_superior":"","texte_gradient":{"titol":"","contingut":"Para consultar informes y documentos sobre esta tem\u00e1tica pulse en la pesta\u00f1a superior de 'Documentos de referencia'","icona":false},"texte_inferior":""}]},"ancora":"eHealth"},"yoast_head":"<!-- This site is optimized with the Yoast SEO plugin v27.1.1 - https:\/\/yoast.com\/product\/yoast-seo-wordpress\/ -->\n<title>eHealth - Fundaci\u00f3 TIC Salut i Social<\/title>\n<meta name=\"robots\" content=\"index, follow, max-snippet:-1, max-image-preview:large, max-video-preview:-1\" \/>\n<link rel=\"canonical\" href=\"https:\/\/ticsalutsocial.atoom.space\/es\/que-fem\/ehealth\/\" \/>\n<meta property=\"og:locale\" content=\"es_ES\" \/>\n<meta property=\"og:type\" content=\"article\" \/>\n<meta property=\"og:title\" content=\"eHealth - Fundaci\u00f3 TIC Salut i Social\" \/>\n<meta property=\"og:url\" content=\"https:\/\/ticsalutsocial.atoom.space\/es\/que-fem\/ehealth\/\" \/>\n<meta property=\"og:site_name\" content=\"Fundaci\u00f3 TIC Salut i Social\" \/>\n<meta property=\"article:modified_time\" content=\"2024-02-27T13:10:43+00:00\" \/>\n<meta name=\"twitter:card\" content=\"summary_large_image\" \/>\n<script type=\"application\/ld+json\" class=\"yoast-schema-graph\">{\"@context\":\"https:\/\/schema.org\",\"@graph\":[{\"@type\":\"WebPage\",\"@id\":\"https:\/\/ticsalutsocial.atoom.space\/es\/que-fem\/ehealth\/\",\"url\":\"https:\/\/ticsalutsocial.atoom.space\/es\/que-fem\/ehealth\/\",\"name\":\"eHealth - Fundaci\u00f3 TIC Salut i Social\",\"isPartOf\":{\"@id\":\"https:\/\/ticsalutsocial.atoom.space\/es\/#website\"},\"datePublished\":\"2022-07-29T07:41:52+00:00\",\"dateModified\":\"2024-02-27T13:10:43+00:00\",\"breadcrumb\":{\"@id\":\"https:\/\/ticsalutsocial.atoom.space\/es\/que-fem\/ehealth\/#breadcrumb\"},\"inLanguage\":\"es\",\"potentialAction\":[{\"@type\":\"ReadAction\",\"target\":[\"https:\/\/ticsalutsocial.atoom.space\/es\/que-fem\/ehealth\/\"]}]},{\"@type\":\"BreadcrumbList\",\"@id\":\"https:\/\/ticsalutsocial.atoom.space\/es\/que-fem\/ehealth\/#breadcrumb\",\"itemListElement\":[{\"@type\":\"ListItem\",\"position\":1,\"name\":\"Inici\",\"item\":\"https:\/\/ticsalutsocial.atoom.space\/es\/\"},{\"@type\":\"ListItem\",\"position\":2,\"name\":\"Que Fem\",\"item\":\"https:\/\/ticsalutsocial.atoom.space\/es\/que-fem\/\"},{\"@type\":\"ListItem\",\"position\":3,\"name\":\"eHealth\"}]},{\"@type\":\"WebSite\",\"@id\":\"https:\/\/ticsalutsocial.atoom.space\/es\/#website\",\"url\":\"https:\/\/ticsalutsocial.atoom.space\/es\/\",\"name\":\"Fundaci\u00f3 TIC Salut i Social\",\"description\":\"\",\"potentialAction\":[{\"@type\":\"SearchAction\",\"target\":{\"@type\":\"EntryPoint\",\"urlTemplate\":\"https:\/\/ticsalutsocial.atoom.space\/es\/?s={search_term_string}\"},\"query-input\":{\"@type\":\"PropertyValueSpecification\",\"valueRequired\":true,\"valueName\":\"search_term_string\"}}],\"inLanguage\":\"es\"}]}<\/script>\n<!-- \/ Yoast SEO plugin. -->","yoast_head_json":{"title":"eHealth - Fundaci\u00f3 TIC Salut i Social","robots":{"index":"index","follow":"follow","max-snippet":"max-snippet:-1","max-image-preview":"max-image-preview:large","max-video-preview":"max-video-preview:-1"},"canonical":"https:\/\/ticsalutsocial.atoom.space\/es\/que-fem\/ehealth\/","og_locale":"es_ES","og_type":"article","og_title":"eHealth - Fundaci\u00f3 TIC Salut i Social","og_url":"https:\/\/ticsalutsocial.atoom.space\/es\/que-fem\/ehealth\/","og_site_name":"Fundaci\u00f3 TIC Salut i Social","article_modified_time":"2024-02-27T13:10:43+00:00","twitter_card":"summary_large_image","schema":{"@context":"https:\/\/schema.org","@graph":[{"@type":"WebPage","@id":"https:\/\/ticsalutsocial.atoom.space\/es\/que-fem\/ehealth\/","url":"https:\/\/ticsalutsocial.atoom.space\/es\/que-fem\/ehealth\/","name":"eHealth - Fundaci\u00f3 TIC Salut i Social","isPartOf":{"@id":"https:\/\/ticsalutsocial.atoom.space\/es\/#website"},"datePublished":"2022-07-29T07:41:52+00:00","dateModified":"2024-02-27T13:10:43+00:00","breadcrumb":{"@id":"https:\/\/ticsalutsocial.atoom.space\/es\/que-fem\/ehealth\/#breadcrumb"},"inLanguage":"es","potentialAction":[{"@type":"ReadAction","target":["https:\/\/ticsalutsocial.atoom.space\/es\/que-fem\/ehealth\/"]}]},{"@type":"BreadcrumbList","@id":"https:\/\/ticsalutsocial.atoom.space\/es\/que-fem\/ehealth\/#breadcrumb","itemListElement":[{"@type":"ListItem","position":1,"name":"Inici","item":"https:\/\/ticsalutsocial.atoom.space\/es\/"},{"@type":"ListItem","position":2,"name":"Que Fem","item":"https:\/\/ticsalutsocial.atoom.space\/es\/que-fem\/"},{"@type":"ListItem","position":3,"name":"eHealth"}]},{"@type":"WebSite","@id":"https:\/\/ticsalutsocial.atoom.space\/es\/#website","url":"https:\/\/ticsalutsocial.atoom.space\/es\/","name":"Fundaci\u00f3 TIC Salut i Social","description":"","potentialAction":[{"@type":"SearchAction","target":{"@type":"EntryPoint","urlTemplate":"https:\/\/ticsalutsocial.atoom.space\/es\/?s={search_term_string}"},"query-input":{"@type":"PropertyValueSpecification","valueRequired":true,"valueName":"search_term_string"}}],"inLanguage":"es"}]}},"_links":{"self":[{"href":"https:\/\/ticsalutsocial.atoom.space\/es\/wp-json\/wp\/v2\/pages\/13866","targetHints":{"allow":["GET"]}}],"collection":[{"href":"https:\/\/ticsalutsocial.atoom.space\/es\/wp-json\/wp\/v2\/pages"}],"about":[{"href":"https:\/\/ticsalutsocial.atoom.space\/es\/wp-json\/wp\/v2\/types\/page"}],"author":[{"embeddable":true,"href":"https:\/\/ticsalutsocial.atoom.space\/es\/wp-json\/wp\/v2\/users\/12"}],"replies":[{"embeddable":true,"href":"https:\/\/ticsalutsocial.atoom.space\/es\/wp-json\/wp\/v2\/comments?post=13866"}],"version-history":[{"count":13,"href":"https:\/\/ticsalutsocial.atoom.space\/es\/wp-json\/wp\/v2\/pages\/13866\/revisions"}],"predecessor-version":[{"id":25578,"href":"https:\/\/ticsalutsocial.atoom.space\/es\/wp-json\/wp\/v2\/pages\/13866\/revisions\/25578"}],"up":[{"embeddable":true,"href":"https:\/\/ticsalutsocial.atoom.space\/es\/wp-json\/wp\/v2\/pages\/24861"}],"wp:attachment":[{"href":"https:\/\/ticsalutsocial.atoom.space\/es\/wp-json\/wp\/v2\/media?parent=13866"}],"wp:term":[{"taxonomy":"tipus","embeddable":true,"href":"https:\/\/ticsalutsocial.atoom.space\/es\/wp-json\/wp\/v2\/tipus?post=13866"}],"curies":[{"name":"wp","href":"https:\/\/api.w.org\/{rel}","templated":true}]}}