
{"id":25598,"date":"2023-11-14T09:39:02","date_gmt":"2023-11-14T07:39:02","guid":{"rendered":"https:\/\/ticsalutsocial.atoom.space\/que-fem\/activos-digitales-para-los-ciudadanos\/comite-dexperts\/"},"modified":"2024-07-23T14:46:01","modified_gmt":"2024-07-23T12:46:01","slug":"comite-dexperts","status":"publish","type":"page","link":"https:\/\/ticsalutsocial.atoom.space\/es\/que-fem\/activos-digitales-para-los-ciudadanos\/comite-dexperts\/","title":{"rendered":"Comit\u00e9 de expertos"},"content":{"rendered":"\r\n<p>El \u00c1rea de Activos Digitales por la Ciudadan\u00eda cuenta con un Comit\u00e9 de Expertos Funcionales integrado por miembros de colegios oficiales \u2013<a href=\"https:\/\/www.comb.cat\/es\/home\" target=\"_blank\" rel=\"noopener\">COMB<\/a>, <a href=\"https:\/\/www.coplefc.cat\/\" target=\"_blank\" rel=\"noopener\">COPFLEFC<\/a>, <a href=\"https:\/\/www.coib.cat\/ca-es\/inici.html\" target=\"_blank\" rel=\"noopener\">COIB<\/a>\u2013, sociedades cient\u00edficas \u2013<a href=\"https:\/\/webs.academia.cat\/societats\/scepc\/\" target=\"_blank\" rel=\"noopener\">SCEPC<\/a> i <a href=\"http:\/\/www.camfic.cat\/\" target=\"_blank\" rel=\"noopener\">CAMFIC<\/a>\u2013, y asociaciones \u2013<a href=\"https:\/\/www.aificc.cat\/\" target=\"_blank\" rel=\"noopener\">AIFiCC<\/a>\u2013. Forman parte personal sanitario y de bienestar social de diferentes \u00e1mbitos.<\/p>\r\n<p>El Comit\u00e9 colabora para fomentar un uso seguro y responsable de las aplicaciones de salud en el territorio y participa activamente en la evaluaci\u00f3n de las aplicaciones m\u00f3viles que se han presentado en el Proceso de Certificaci\u00f3n de la Fundaci\u00f3n TIC Salut Social. Sus miembros eval\u00faan la calidad de los contenidos, el beneficio que aportan estas soluciones a las personas usuarias que las utilizan y la utilidad de las funcionalidades que incorporan.<\/p>\r\n","protected":false},"excerpt":{"rendered":"<p>El \u00c1rea de Activos Digitales por la Ciudadan\u00eda cuenta con un Comit\u00e9 de Expertos Funcionales integrado por miembros de colegios oficiales \u2013COMB, COPFLEFC, COIB\u2013, sociedades cient\u00edficas \u2013SCEPC i CAMFIC\u2013, y asociaciones \u2013AIFiCC\u2013. Forman parte personal sanitario y de bienestar social de diferentes \u00e1mbitos. El Comit\u00e9 colabora para fomentar un uso seguro y responsable de las [&hellip;]<\/p>\n","protected":false},"author":21,"featured_media":0,"parent":12969,"menu_order":0,"comment_status":"closed","ping_status":"closed","template":"page-templates\/equip.php","meta":{"_acf_changed":false,"inline_featured_image":false,"footnotes":""},"tipus":[],"class_list":["post-25598","page","type-page","status-publish","hentry"],"acf":{"departaments":[{"nom":"Comit\u00e9 de expertos","equips":[{"equip":{"ID":23261,"post_author":"21","post_date":"2024-08-07 12:58:33","post_date_gmt":"2024-08-07 10:58:33","post_content":"","post_title":"Jaume Bataller","post_excerpt":"","post_status":"publish","comment_status":"closed","ping_status":"closed","post_password":"","post_name":"jaume-bataller","to_ping":"","pinged":"","post_modified":"2024-08-07 12:58:33","post_modified_gmt":"2024-08-07 10:58:33","post_content_filtered":"","post_parent":0,"guid":"https:\/\/ticsalutsocial.atoom.space\/?post_type=equip&#038;p=23261","menu_order":0,"post_type":"equip","post_mime_type":"","comment_count":"0","filter":"raw"}},{"equip":{"ID":23267,"post_author":"21","post_date":"2024-08-07 12:56:33","post_date_gmt":"2024-08-07 10:56:33","post_content":"","post_title":"Maite Garolera","post_excerpt":"","post_status":"publish","comment_status":"closed","ping_status":"closed","post_password":"","post_name":"maite-garolera","to_ping":"","pinged":"","post_modified":"2024-08-07 12:59:08","post_modified_gmt":"2024-08-07 10:59:08","post_content_filtered":"","post_parent":0,"guid":"https:\/\/ticsalutsocial.atoom.space\/?post_type=equip&#038;p=23267","menu_order":0,"post_type":"equip","post_mime_type":"","comment_count":"0","filter":"raw"}},{"equip":{"ID":23264,"post_author":"21","post_date":"2024-01-11 14:12:02","post_date_gmt":"2024-01-11 12:12:02","post_content":"","post_title":"Encarnaci\u00f3n Gomez Gamboa","post_excerpt":"","post_status":"publish","comment_status":"closed","ping_status":"closed","post_password":"","post_name":"encarnacion-gomez-gamboa","to_ping":"","pinged":"","post_modified":"2024-07-23 12:56:36","post_modified_gmt":"2024-07-23 10:56:36","post_content_filtered":"","post_parent":0,"guid":"https:\/\/ticsalutsocial.atoom.space\/?post_type=equip&#038;p=23264","menu_order":0,"post_type":"equip","post_mime_type":"","comment_count":"0","filter":"raw"}},{"equip":{"ID":23265,"post_author":"21","post_date":"2024-08-07 12:59:38","post_date_gmt":"2024-08-07 10:59:38","post_content":"","post_title":"Daniel Lara","post_excerpt":"","post_status":"publish","comment_status":"closed","ping_status":"closed","post_password":"","post_name":"daniel-lara","to_ping":"","pinged":"","post_modified":"2024-08-07 12:59:38","post_modified_gmt":"2024-08-07 10:59:38","post_content_filtered":"","post_parent":0,"guid":"https:\/\/ticsalutsocial.atoom.space\/?post_type=equip&#038;p=23265","menu_order":0,"post_type":"equip","post_mime_type":"","comment_count":"0","filter":"raw"}},{"equip":{"ID":23262,"post_author":"21","post_date":"2023-11-14 09:47:40","post_date_gmt":"0000-00-00 00:00:00","post_content":"","post_title":"Miguel \u00c0ngel Mayer","post_excerpt":"","post_status":"draft","comment_status":"closed","ping_status":"closed","post_password":"","post_name":"","to_ping":"","pinged":"","post_modified":"2023-11-14 09:47:40","post_modified_gmt":"2023-11-14 07:47:40","post_content_filtered":"","post_parent":0,"guid":"https:\/\/ticsalutsocial.atoom.space\/?post_type=equip&#038;p=23262","menu_order":0,"post_type":"equip","post_mime_type":"","comment_count":"0","filter":"raw"}},{"equip":{"ID":23263,"post_author":"21","post_date":"2024-07-23 12:33:18","post_date_gmt":"2024-07-23 10:33:18","post_content":"","post_title":"Jordi Mestres","post_excerpt":"","post_status":"publish","comment_status":"closed","ping_status":"closed","post_password":"","post_name":"jordi-mestres","to_ping":"","pinged":"","post_modified":"2024-07-23 12:34:26","post_modified_gmt":"2024-07-23 10:34:26","post_content_filtered":"","post_parent":0,"guid":"https:\/\/ticsalutsocial.atoom.space\/?post_type=equip&#038;p=23263","menu_order":0,"post_type":"equip","post_mime_type":"","comment_count":"0","filter":"raw"}},{"equip":{"ID":23268,"post_author":"21","post_date":"2024-08-07 13:00:24","post_date_gmt":"2024-08-07 11:00:24","post_content":"","post_title":"Clara Salvad\u00f3","post_excerpt":"","post_status":"publish","comment_status":"closed","ping_status":"closed","post_password":"","post_name":"clara-salvado","to_ping":"","pinged":"","post_modified":"2024-08-07 13:00:24","post_modified_gmt":"2024-08-07 11:00:24","post_content_filtered":"","post_parent":0,"guid":"https:\/\/ticsalutsocial.atoom.space\/?post_type=equip&#038;p=23268","menu_order":0,"post_type":"equip","post_mime_type":"","comment_count":"0","filter":"raw"}},{"equip":{"ID":23266,"post_author":"21","post_date":"2024-08-07 13:02:01","post_date_gmt":"2024-08-07 11:02:01","post_content":"","post_title":"Mireia Sans","post_excerpt":"","post_status":"publish","comment_status":"closed","ping_status":"closed","post_password":"","post_name":"mireia-sans","to_ping":"","pinged":"","post_modified":"2024-08-07 13:02:01","post_modified_gmt":"2024-08-07 11:02:01","post_content_filtered":"","post_parent":0,"guid":"https:\/\/ticsalutsocial.atoom.space\/?post_type=equip&#038;p=23266","menu_order":0,"post_type":"equip","post_mime_type":"","comment_count":"0","filter":"raw"}}]}]},"yoast_head":"<!-- This site is optimized with the Yoast SEO plugin v27.1.1 - https:\/\/yoast.com\/product\/yoast-seo-wordpress\/ -->\n<title>Comit\u00e9 de expertos - Fundaci\u00f3 TIC Salut i Social<\/title>\n<meta name=\"robots\" content=\"index, follow, max-snippet:-1, max-image-preview:large, max-video-preview:-1\" \/>\n<link rel=\"canonical\" href=\"https:\/\/ticsalutsocial.atoom.space\/es\/que-fem\/activos-digitales-para-los-ciudadanos\/comite-dexperts\/\" \/>\n<meta property=\"og:locale\" content=\"es_ES\" \/>\n<meta property=\"og:type\" content=\"article\" \/>\n<meta property=\"og:title\" content=\"Comit\u00e9 de expertos - Fundaci\u00f3 TIC Salut i Social\" \/>\n<meta property=\"og:description\" content=\"El \u00c1rea de Activos Digitales por la Ciudadan\u00eda cuenta con un Comit\u00e9 de Expertos Funcionales integrado por miembros de colegios oficiales \u2013COMB, COPFLEFC, COIB\u2013, sociedades cient\u00edficas \u2013SCEPC i CAMFIC\u2013, y asociaciones \u2013AIFiCC\u2013. Forman parte personal sanitario y de bienestar social de diferentes \u00e1mbitos. El Comit\u00e9 colabora para fomentar un uso seguro y responsable de las [&hellip;]\" \/>\n<meta property=\"og:url\" content=\"https:\/\/ticsalutsocial.atoom.space\/es\/que-fem\/activos-digitales-para-los-ciudadanos\/comite-dexperts\/\" \/>\n<meta property=\"og:site_name\" content=\"Fundaci\u00f3 TIC Salut i Social\" \/>\n<meta property=\"article:modified_time\" content=\"2024-07-23T12:46:01+00:00\" \/>\n<meta name=\"twitter:card\" content=\"summary_large_image\" \/>\n<meta name=\"twitter:label1\" content=\"Tiempo de lectura\" \/>\n\t<meta name=\"twitter:data1\" content=\"1 minuto\" \/>\n<script type=\"application\/ld+json\" class=\"yoast-schema-graph\">{\"@context\":\"https:\/\/schema.org\",\"@graph\":[{\"@type\":\"WebPage\",\"@id\":\"https:\/\/ticsalutsocial.atoom.space\/es\/que-fem\/activos-digitales-para-los-ciudadanos\/comite-dexperts\/\",\"url\":\"https:\/\/ticsalutsocial.atoom.space\/es\/que-fem\/activos-digitales-para-los-ciudadanos\/comite-dexperts\/\",\"name\":\"Comit\u00e9 de expertos - Fundaci\u00f3 TIC Salut i Social\",\"isPartOf\":{\"@id\":\"https:\/\/ticsalutsocial.atoom.space\/es\/#website\"},\"datePublished\":\"2023-11-14T07:39:02+00:00\",\"dateModified\":\"2024-07-23T12:46:01+00:00\",\"breadcrumb\":{\"@id\":\"https:\/\/ticsalutsocial.atoom.space\/es\/que-fem\/activos-digitales-para-los-ciudadanos\/comite-dexperts\/#breadcrumb\"},\"inLanguage\":\"es\",\"potentialAction\":[{\"@type\":\"ReadAction\",\"target\":[\"https:\/\/ticsalutsocial.atoom.space\/es\/que-fem\/activos-digitales-para-los-ciudadanos\/comite-dexperts\/\"]}]},{\"@type\":\"BreadcrumbList\",\"@id\":\"https:\/\/ticsalutsocial.atoom.space\/es\/que-fem\/activos-digitales-para-los-ciudadanos\/comite-dexperts\/#breadcrumb\",\"itemListElement\":[{\"@type\":\"ListItem\",\"position\":1,\"name\":\"Inici\",\"item\":\"https:\/\/ticsalutsocial.atoom.space\/es\/\"},{\"@type\":\"ListItem\",\"position\":2,\"name\":\"Que Fem\",\"item\":\"https:\/\/ticsalutsocial.atoom.space\/es\/que-fem\/\"},{\"@type\":\"ListItem\",\"position\":3,\"name\":\"Activos digitales para los ciudadanos\",\"item\":\"https:\/\/ticsalutsocial.atoom.space\/es\/que-fem\/activos-digitales-para-los-ciudadanos\/\"},{\"@type\":\"ListItem\",\"position\":4,\"name\":\"Comit\u00e9 de expertos\"}]},{\"@type\":\"WebSite\",\"@id\":\"https:\/\/ticsalutsocial.atoom.space\/es\/#website\",\"url\":\"https:\/\/ticsalutsocial.atoom.space\/es\/\",\"name\":\"Fundaci\u00f3 TIC Salut i Social\",\"description\":\"\",\"potentialAction\":[{\"@type\":\"SearchAction\",\"target\":{\"@type\":\"EntryPoint\",\"urlTemplate\":\"https:\/\/ticsalutsocial.atoom.space\/es\/?s={search_term_string}\"},\"query-input\":{\"@type\":\"PropertyValueSpecification\",\"valueRequired\":true,\"valueName\":\"search_term_string\"}}],\"inLanguage\":\"es\"}]}<\/script>\n<!-- \/ Yoast SEO plugin. -->","yoast_head_json":{"title":"Comit\u00e9 de expertos - Fundaci\u00f3 TIC Salut i Social","robots":{"index":"index","follow":"follow","max-snippet":"max-snippet:-1","max-image-preview":"max-image-preview:large","max-video-preview":"max-video-preview:-1"},"canonical":"https:\/\/ticsalutsocial.atoom.space\/es\/que-fem\/activos-digitales-para-los-ciudadanos\/comite-dexperts\/","og_locale":"es_ES","og_type":"article","og_title":"Comit\u00e9 de expertos - Fundaci\u00f3 TIC Salut i Social","og_description":"El \u00c1rea de Activos Digitales por la Ciudadan\u00eda cuenta con un Comit\u00e9 de Expertos Funcionales integrado por miembros de colegios oficiales \u2013COMB, COPFLEFC, COIB\u2013, sociedades cient\u00edficas \u2013SCEPC i CAMFIC\u2013, y asociaciones \u2013AIFiCC\u2013. Forman parte personal sanitario y de bienestar social de diferentes \u00e1mbitos. El Comit\u00e9 colabora para fomentar un uso seguro y responsable de las [&hellip;]","og_url":"https:\/\/ticsalutsocial.atoom.space\/es\/que-fem\/activos-digitales-para-los-ciudadanos\/comite-dexperts\/","og_site_name":"Fundaci\u00f3 TIC Salut i Social","article_modified_time":"2024-07-23T12:46:01+00:00","twitter_card":"summary_large_image","twitter_misc":{"Tiempo de lectura":"1 minuto"},"schema":{"@context":"https:\/\/schema.org","@graph":[{"@type":"WebPage","@id":"https:\/\/ticsalutsocial.atoom.space\/es\/que-fem\/activos-digitales-para-los-ciudadanos\/comite-dexperts\/","url":"https:\/\/ticsalutsocial.atoom.space\/es\/que-fem\/activos-digitales-para-los-ciudadanos\/comite-dexperts\/","name":"Comit\u00e9 de expertos - Fundaci\u00f3 TIC Salut i Social","isPartOf":{"@id":"https:\/\/ticsalutsocial.atoom.space\/es\/#website"},"datePublished":"2023-11-14T07:39:02+00:00","dateModified":"2024-07-23T12:46:01+00:00","breadcrumb":{"@id":"https:\/\/ticsalutsocial.atoom.space\/es\/que-fem\/activos-digitales-para-los-ciudadanos\/comite-dexperts\/#breadcrumb"},"inLanguage":"es","potentialAction":[{"@type":"ReadAction","target":["https:\/\/ticsalutsocial.atoom.space\/es\/que-fem\/activos-digitales-para-los-ciudadanos\/comite-dexperts\/"]}]},{"@type":"BreadcrumbList","@id":"https:\/\/ticsalutsocial.atoom.space\/es\/que-fem\/activos-digitales-para-los-ciudadanos\/comite-dexperts\/#breadcrumb","itemListElement":[{"@type":"ListItem","position":1,"name":"Inici","item":"https:\/\/ticsalutsocial.atoom.space\/es\/"},{"@type":"ListItem","position":2,"name":"Que Fem","item":"https:\/\/ticsalutsocial.atoom.space\/es\/que-fem\/"},{"@type":"ListItem","position":3,"name":"Activos digitales para los ciudadanos","item":"https:\/\/ticsalutsocial.atoom.space\/es\/que-fem\/activos-digitales-para-los-ciudadanos\/"},{"@type":"ListItem","position":4,"name":"Comit\u00e9 de expertos"}]},{"@type":"WebSite","@id":"https:\/\/ticsalutsocial.atoom.space\/es\/#website","url":"https:\/\/ticsalutsocial.atoom.space\/es\/","name":"Fundaci\u00f3 TIC Salut i Social","description":"","potentialAction":[{"@type":"SearchAction","target":{"@type":"EntryPoint","urlTemplate":"https:\/\/ticsalutsocial.atoom.space\/es\/?s={search_term_string}"},"query-input":{"@type":"PropertyValueSpecification","valueRequired":true,"valueName":"search_term_string"}}],"inLanguage":"es"}]}},"_links":{"self":[{"href":"https:\/\/ticsalutsocial.atoom.space\/es\/wp-json\/wp\/v2\/pages\/25598","targetHints":{"allow":["GET"]}}],"collection":[{"href":"https:\/\/ticsalutsocial.atoom.space\/es\/wp-json\/wp\/v2\/pages"}],"about":[{"href":"https:\/\/ticsalutsocial.atoom.space\/es\/wp-json\/wp\/v2\/types\/page"}],"author":[{"embeddable":true,"href":"https:\/\/ticsalutsocial.atoom.space\/es\/wp-json\/wp\/v2\/users\/21"}],"replies":[{"embeddable":true,"href":"https:\/\/ticsalutsocial.atoom.space\/es\/wp-json\/wp\/v2\/comments?post=25598"}],"version-history":[{"count":3,"href":"https:\/\/ticsalutsocial.atoom.space\/es\/wp-json\/wp\/v2\/pages\/25598\/revisions"}],"predecessor-version":[{"id":28044,"href":"https:\/\/ticsalutsocial.atoom.space\/es\/wp-json\/wp\/v2\/pages\/25598\/revisions\/28044"}],"up":[{"embeddable":true,"href":"https:\/\/ticsalutsocial.atoom.space\/es\/wp-json\/wp\/v2\/pages\/12969"}],"wp:attachment":[{"href":"https:\/\/ticsalutsocial.atoom.space\/es\/wp-json\/wp\/v2\/media?parent=25598"}],"wp:term":[{"taxonomy":"tipus","embeddable":true,"href":"https:\/\/ticsalutsocial.atoom.space\/es\/wp-json\/wp\/v2\/tipus?post=25598"}],"curies":[{"name":"wp","href":"https:\/\/api.w.org\/{rel}","templated":true}]}}