
{"id":31272,"date":"2025-02-20T12:48:51","date_gmt":"2025-02-20T10:48:51","guid":{"rendered":"https:\/\/ticsalutsocial.atoom.space\/que-fem\/ambit-social\/introduccion\/"},"modified":"2025-06-06T11:21:46","modified_gmt":"2025-06-06T09:21:46","slug":"introduccion","status":"publish","type":"page","link":"https:\/\/ticsalutsocial.atoom.space\/es\/que-fem\/ambit-social\/introduccion\/","title":{"rendered":"Introducci\u00f3n"},"content":{"rendered":"\n<p>El \u00c1rea Social trabaja estrechamente con el Departamento de Derechos Sociales e inclusi\u00f3n de la Generalitat de Catalunya para promover la transformaci\u00f3n de los modelos de atenci\u00f3n asistencial en el \u00e1mbito del bienestar social, e impulsa la tecnolog\u00eda como instrumento de transformaci\u00f3n. El equipo apoya la creaci\u00f3n y el impulso de sistemas de informaci\u00f3n sociales nuevos, a la ampliaci\u00f3n de la definici\u00f3n de vocabularios controlados para el \u00e1mbito social, y a la evaluaci\u00f3n de propuestas de proyectos de los \u00e1mbitos tecnol\u00f3gico y social. Tambi\u00e9n tiene un papel clave en el impulso de la futura Agencia de Atenci\u00f3n Integrada Social y Sanitaria.\n<\/p>\n\n\n\n<p><span style=\"font-weight: 400;\">El 31 de octubre de 2023, el gobierno aprob\u00f3 un <\/span><a href=\"https:\/\/documents.dadesobertes.gencat.cat\/acordsgovern\/docs\/SIG23SLT1190.pdf?utm_campaign=inside-ticss-octubre-2023&amp;utm_medium=email&amp;utm_source=acumbamail\"><span style=\"font-weight: 400;\">acuerdo para modificar los Estatutos de la Fundaci\u00f3n TIC Salut Social<\/span><\/a><span style=\"font-weight: 400;\">, en el sentido de intensificar la integraci\u00f3n del Departamento de Derechos Sociales e inclusi\u00f3n en la Fundaci\u00f3n y dar cabida a su proyecci\u00f3n internacional. Como consecuencia, a finales de a\u00f1o se hizo efectiva la incorporaci\u00f3n de miembros del Departamento de Derechos Sociales e inclusi\u00f3n y otras entidades sociales al Patronato de la Fundaci\u00f3n TIC Salut Social.<\/span><\/p>\n\n\n\n<p>Si quieres conocer m\u00e1s detalles sobre el \u00e1mbito social consulta la siguiente informaci\u00f3n de referencia:\n<\/p>\n\n\n\n<h2 class=\"wp-block-heading\"><span style=\"font-weight: 400;\">Entidades del \u00e1mbito social:<\/span><\/h2>\n\n\n\n<ul class=\"wp-block-list\">\n<li><a href=\"https:\/\/dretssocials.gencat.cat\/ca\/inici\"><span style=\"font-weight: 400;\">Departamento de Derechos Sociales e Inclusi\u00f3n<\/span><\/a><\/li>\n\n\n\n<li><a href=\"https:\/\/www.tercersector.cat\/\"><span style=\"font-weight: 400;\">Mesa del Tercer Sector<\/span><\/a><\/li>\n\n\n\n<li><a href=\"https:\/\/www.tscat.cat\/\"><span style=\"font-weight: 400;\">Colegio Oficial de Trabajo Social de Catalunya<\/span><\/a><\/li>\n<\/ul>\n\n\n\n<h2 class=\"wp-block-heading\">Noticias relacionadas<\/h2>\n\n\n\n<style>\n    .relnews--list .relnews--list-wrapper {\n        display: flex;\n        gap: 2em;\n    }\n    .relnews--list .relnews--news {\n        width: calc(33.33% - 1em);\n    }\n    .relnews--list .relnews--img img {\n        width: 100%;\n        height: 200px;\n        object-fit: cover;\n        border-radius: 3px;\n    }\n    .relnews--list .relnews--title {\n        font-family: 'HelveticaNowDisplay-Regular';\n        font-size: 20px;\n        line-height: 28px;\n        color: #231f20;\n    }\n    .relnews--list .relnews--news:hover .relnews--title {\n        font-weight: bold;\n    }\n    @media (max-width: 782px) {\n        .relnews--list .relnews--list-wrapper {\n            flex-direction: column;\n        }\n        .relnews--list .relnews--news {\n            width: 100%;\n        }\n    }\n<\/style>\n\n<div class=\"relnews--list\">\n    <div class=\"relnews--list-wrapper\">\n                    <div class=\"relnews--news\">\n                <div class=\"relnews--news-wrapper\">\n                    <a href=\"https:\/\/ticsalutsocial.atoom.space\/es\/noticia\/intersocial-amplia-el-diccionari-terminologic-social-amb-la-incorporacio-de-nous-conceptes\/\">\n                        <div class=\"relnews--img\">\n                            <img loading=\"lazy\" decoding=\"async\" width=\"1280\" height=\"960\" src=\"https:\/\/ticsalutsocial.atoom.space\/wp-content\/uploads\/2024\/06\/diccionarisocial.jpg\" class=\"attachment-post-thumbnail size-post-thumbnail wp-post-image\" alt=\"diccionari terminol\u00f2gic social\" srcset=\"https:\/\/ticsalutsocial.atoom.space\/wp-content\/uploads\/2024\/06\/diccionarisocial.jpg 1280w, https:\/\/ticsalutsocial.atoom.space\/wp-content\/uploads\/2024\/06\/diccionarisocial-300x225.jpg 300w, https:\/\/ticsalutsocial.atoom.space\/wp-content\/uploads\/2024\/06\/diccionarisocial-1024x768.jpg 1024w, https:\/\/ticsalutsocial.atoom.space\/wp-content\/uploads\/2024\/06\/diccionarisocial-768x576.jpg 768w\" sizes=\"auto, (max-width: 1280px) 100vw, 1280px\" \/>                        <\/div>\n                        <div class=\"relnews--content\">\n                            <p><span class=\"relnews--title\">InterSocial ampl\u00eda el Diccionario Terminol\u00f3gico Social con la incorporaci\u00f3n de nuevos conceptos<\/span><\/p>\n                        <\/div>\n                    <\/a>\n                <\/div>\n            <\/div>\n                    <div class=\"relnews--news\">\n                <div class=\"relnews--news-wrapper\">\n                    <a href=\"https:\/\/ticsalutsocial.atoom.space\/es\/noticia\/el-projecte-intersocial-amplia-el-diccionari-terminologic-social-amb-92-conceptes-nous\/\">\n                        <div class=\"relnews--img\">\n                            <img loading=\"lazy\" decoding=\"async\" width=\"2560\" height=\"1668\" src=\"https:\/\/ticsalutsocial.atoom.space\/wp-content\/uploads\/2023\/09\/iStock-1044398700-scaled.jpg\" class=\"attachment-post-thumbnail size-post-thumbnail wp-post-image\" alt=\"\" srcset=\"https:\/\/ticsalutsocial.atoom.space\/wp-content\/uploads\/2023\/09\/iStock-1044398700-scaled.jpg 2560w, https:\/\/ticsalutsocial.atoom.space\/wp-content\/uploads\/2023\/09\/iStock-1044398700-300x196.jpg 300w, https:\/\/ticsalutsocial.atoom.space\/wp-content\/uploads\/2023\/09\/iStock-1044398700-1024x667.jpg 1024w, https:\/\/ticsalutsocial.atoom.space\/wp-content\/uploads\/2023\/09\/iStock-1044398700-768x501.jpg 768w, https:\/\/ticsalutsocial.atoom.space\/wp-content\/uploads\/2023\/09\/iStock-1044398700-1536x1001.jpg 1536w, https:\/\/ticsalutsocial.atoom.space\/wp-content\/uploads\/2023\/09\/iStock-1044398700-2048x1335.jpg 2048w\" sizes=\"auto, (max-width: 2560px) 100vw, 2560px\" \/>                        <\/div>\n                        <div class=\"relnews--content\">\n                            <p><span class=\"relnews--title\">El proyecto InterSocial ampl\u00eda el diccionario terminol\u00f3gico social con 92 conceptos nuevos<\/span><\/p>\n                        <\/div>\n                    <\/a>\n                <\/div>\n            <\/div>\n            <\/div>\n<\/div>\n","protected":false},"excerpt":{"rendered":"<p>El \u00c1rea Social trabaja estrechamente con el Departamento de Derechos Sociales e inclusi\u00f3n de la Generalitat de Catalunya para promover la transformaci\u00f3n de los modelos de atenci\u00f3n asistencial en el \u00e1mbito del bienestar social, e impulsa la tecnolog\u00eda como instrumento de transformaci\u00f3n. El equipo apoya la creaci\u00f3n y el impulso de sistemas de informaci\u00f3n sociales [&hellip;]<\/p>\n","protected":false},"author":21,"featured_media":0,"parent":13842,"menu_order":0,"comment_status":"closed","ping_status":"closed","template":"page-templates\/section--ambit-social.php","meta":{"_acf_changed":false,"inline_featured_image":false,"footnotes":""},"tipus":[],"class_list":["post-31272","page","type-page","status-publish","hentry"],"acf":[],"yoast_head":"<!-- This site is optimized with the Yoast SEO plugin v27.1.1 - https:\/\/yoast.com\/product\/yoast-seo-wordpress\/ -->\n<title>Introducci\u00f3n - Fundaci\u00f3 TIC Salut i Social<\/title>\n<meta name=\"robots\" content=\"index, follow, max-snippet:-1, max-image-preview:large, max-video-preview:-1\" \/>\n<link rel=\"canonical\" href=\"https:\/\/ticsalutsocial.atoom.space\/es\/que-fem\/ambit-social\/introduccion\/\" \/>\n<meta property=\"og:locale\" content=\"es_ES\" \/>\n<meta property=\"og:type\" content=\"article\" \/>\n<meta property=\"og:title\" content=\"Introducci\u00f3n - Fundaci\u00f3 TIC Salut i Social\" \/>\n<meta property=\"og:description\" content=\"El \u00c1rea Social trabaja estrechamente con el Departamento de Derechos Sociales e inclusi\u00f3n de la Generalitat de Catalunya para promover la transformaci\u00f3n de los modelos de atenci\u00f3n asistencial en el \u00e1mbito del bienestar social, e impulsa la tecnolog\u00eda como instrumento de transformaci\u00f3n. El equipo apoya la creaci\u00f3n y el impulso de sistemas de informaci\u00f3n sociales [&hellip;]\" \/>\n<meta property=\"og:url\" content=\"https:\/\/ticsalutsocial.atoom.space\/es\/que-fem\/ambit-social\/introduccion\/\" \/>\n<meta property=\"og:site_name\" content=\"Fundaci\u00f3 TIC Salut i Social\" \/>\n<meta property=\"article:modified_time\" content=\"2025-06-06T09:21:46+00:00\" \/>\n<meta name=\"twitter:card\" content=\"summary_large_image\" \/>\n<meta name=\"twitter:label1\" content=\"Tiempo de lectura\" \/>\n\t<meta name=\"twitter:data1\" content=\"2 minutos\" \/>\n<script type=\"application\/ld+json\" class=\"yoast-schema-graph\">{\"@context\":\"https:\/\/schema.org\",\"@graph\":[{\"@type\":\"WebPage\",\"@id\":\"https:\/\/ticsalutsocial.atoom.space\/es\/que-fem\/ambit-social\/introduccion\/\",\"url\":\"https:\/\/ticsalutsocial.atoom.space\/es\/que-fem\/ambit-social\/introduccion\/\",\"name\":\"Introducci\u00f3n - Fundaci\u00f3 TIC Salut i Social\",\"isPartOf\":{\"@id\":\"https:\/\/ticsalutsocial.atoom.space\/es\/#website\"},\"datePublished\":\"2025-02-20T10:48:51+00:00\",\"dateModified\":\"2025-06-06T09:21:46+00:00\",\"breadcrumb\":{\"@id\":\"https:\/\/ticsalutsocial.atoom.space\/es\/que-fem\/ambit-social\/introduccion\/#breadcrumb\"},\"inLanguage\":\"es\",\"potentialAction\":[{\"@type\":\"ReadAction\",\"target\":[\"https:\/\/ticsalutsocial.atoom.space\/es\/que-fem\/ambit-social\/introduccion\/\"]}]},{\"@type\":\"BreadcrumbList\",\"@id\":\"https:\/\/ticsalutsocial.atoom.space\/es\/que-fem\/ambit-social\/introduccion\/#breadcrumb\",\"itemListElement\":[{\"@type\":\"ListItem\",\"position\":1,\"name\":\"Inici\",\"item\":\"https:\/\/ticsalutsocial.atoom.space\/es\/\"},{\"@type\":\"ListItem\",\"position\":2,\"name\":\"Que Fem\",\"item\":\"https:\/\/ticsalutsocial.atoom.space\/es\/que-fem\/\"},{\"@type\":\"ListItem\",\"position\":3,\"name\":\"\u00c1mbito social\",\"item\":\"https:\/\/ticsalutsocial.atoom.space\/es\/que-fem\/ambit-social\/\"},{\"@type\":\"ListItem\",\"position\":4,\"name\":\"Introducci\u00f3n\"}]},{\"@type\":\"WebSite\",\"@id\":\"https:\/\/ticsalutsocial.atoom.space\/es\/#website\",\"url\":\"https:\/\/ticsalutsocial.atoom.space\/es\/\",\"name\":\"Fundaci\u00f3 TIC Salut i Social\",\"description\":\"\",\"potentialAction\":[{\"@type\":\"SearchAction\",\"target\":{\"@type\":\"EntryPoint\",\"urlTemplate\":\"https:\/\/ticsalutsocial.atoom.space\/es\/?s={search_term_string}\"},\"query-input\":{\"@type\":\"PropertyValueSpecification\",\"valueRequired\":true,\"valueName\":\"search_term_string\"}}],\"inLanguage\":\"es\"}]}<\/script>\n<!-- \/ Yoast SEO plugin. -->","yoast_head_json":{"title":"Introducci\u00f3n - Fundaci\u00f3 TIC Salut i Social","robots":{"index":"index","follow":"follow","max-snippet":"max-snippet:-1","max-image-preview":"max-image-preview:large","max-video-preview":"max-video-preview:-1"},"canonical":"https:\/\/ticsalutsocial.atoom.space\/es\/que-fem\/ambit-social\/introduccion\/","og_locale":"es_ES","og_type":"article","og_title":"Introducci\u00f3n - Fundaci\u00f3 TIC Salut i Social","og_description":"El \u00c1rea Social trabaja estrechamente con el Departamento de Derechos Sociales e inclusi\u00f3n de la Generalitat de Catalunya para promover la transformaci\u00f3n de los modelos de atenci\u00f3n asistencial en el \u00e1mbito del bienestar social, e impulsa la tecnolog\u00eda como instrumento de transformaci\u00f3n. El equipo apoya la creaci\u00f3n y el impulso de sistemas de informaci\u00f3n sociales [&hellip;]","og_url":"https:\/\/ticsalutsocial.atoom.space\/es\/que-fem\/ambit-social\/introduccion\/","og_site_name":"Fundaci\u00f3 TIC Salut i Social","article_modified_time":"2025-06-06T09:21:46+00:00","twitter_card":"summary_large_image","twitter_misc":{"Tiempo de lectura":"2 minutos"},"schema":{"@context":"https:\/\/schema.org","@graph":[{"@type":"WebPage","@id":"https:\/\/ticsalutsocial.atoom.space\/es\/que-fem\/ambit-social\/introduccion\/","url":"https:\/\/ticsalutsocial.atoom.space\/es\/que-fem\/ambit-social\/introduccion\/","name":"Introducci\u00f3n - Fundaci\u00f3 TIC Salut i Social","isPartOf":{"@id":"https:\/\/ticsalutsocial.atoom.space\/es\/#website"},"datePublished":"2025-02-20T10:48:51+00:00","dateModified":"2025-06-06T09:21:46+00:00","breadcrumb":{"@id":"https:\/\/ticsalutsocial.atoom.space\/es\/que-fem\/ambit-social\/introduccion\/#breadcrumb"},"inLanguage":"es","potentialAction":[{"@type":"ReadAction","target":["https:\/\/ticsalutsocial.atoom.space\/es\/que-fem\/ambit-social\/introduccion\/"]}]},{"@type":"BreadcrumbList","@id":"https:\/\/ticsalutsocial.atoom.space\/es\/que-fem\/ambit-social\/introduccion\/#breadcrumb","itemListElement":[{"@type":"ListItem","position":1,"name":"Inici","item":"https:\/\/ticsalutsocial.atoom.space\/es\/"},{"@type":"ListItem","position":2,"name":"Que Fem","item":"https:\/\/ticsalutsocial.atoom.space\/es\/que-fem\/"},{"@type":"ListItem","position":3,"name":"\u00c1mbito social","item":"https:\/\/ticsalutsocial.atoom.space\/es\/que-fem\/ambit-social\/"},{"@type":"ListItem","position":4,"name":"Introducci\u00f3n"}]},{"@type":"WebSite","@id":"https:\/\/ticsalutsocial.atoom.space\/es\/#website","url":"https:\/\/ticsalutsocial.atoom.space\/es\/","name":"Fundaci\u00f3 TIC Salut i Social","description":"","potentialAction":[{"@type":"SearchAction","target":{"@type":"EntryPoint","urlTemplate":"https:\/\/ticsalutsocial.atoom.space\/es\/?s={search_term_string}"},"query-input":{"@type":"PropertyValueSpecification","valueRequired":true,"valueName":"search_term_string"}}],"inLanguage":"es"}]}},"_links":{"self":[{"href":"https:\/\/ticsalutsocial.atoom.space\/es\/wp-json\/wp\/v2\/pages\/31272","targetHints":{"allow":["GET"]}}],"collection":[{"href":"https:\/\/ticsalutsocial.atoom.space\/es\/wp-json\/wp\/v2\/pages"}],"about":[{"href":"https:\/\/ticsalutsocial.atoom.space\/es\/wp-json\/wp\/v2\/types\/page"}],"author":[{"embeddable":true,"href":"https:\/\/ticsalutsocial.atoom.space\/es\/wp-json\/wp\/v2\/users\/21"}],"replies":[{"embeddable":true,"href":"https:\/\/ticsalutsocial.atoom.space\/es\/wp-json\/wp\/v2\/comments?post=31272"}],"version-history":[{"count":4,"href":"https:\/\/ticsalutsocial.atoom.space\/es\/wp-json\/wp\/v2\/pages\/31272\/revisions"}],"predecessor-version":[{"id":32503,"href":"https:\/\/ticsalutsocial.atoom.space\/es\/wp-json\/wp\/v2\/pages\/31272\/revisions\/32503"}],"up":[{"embeddable":true,"href":"https:\/\/ticsalutsocial.atoom.space\/es\/wp-json\/wp\/v2\/pages\/13842"}],"wp:attachment":[{"href":"https:\/\/ticsalutsocial.atoom.space\/es\/wp-json\/wp\/v2\/media?parent=31272"}],"wp:term":[{"taxonomy":"tipus","embeddable":true,"href":"https:\/\/ticsalutsocial.atoom.space\/es\/wp-json\/wp\/v2\/tipus?post=31272"}],"curies":[{"name":"wp","href":"https:\/\/api.w.org\/{rel}","templated":true}]}}