
{"id":31466,"date":"2025-02-25T12:34:35","date_gmt":"2025-02-25T10:34:35","guid":{"rendered":"https:\/\/ticsalutsocial.atoom.space\/que-fem\/intelligencia-artificial\/introduccion\/"},"modified":"2025-06-06T12:24:43","modified_gmt":"2025-06-06T10:24:43","slug":"introduccion","status":"publish","type":"page","link":"https:\/\/ticsalutsocial.atoom.space\/es\/que-fem\/intelligencia-artificial\/introduccion\/","title":{"rendered":"Introducci\u00f3n"},"content":{"rendered":"\n<p><span style=\"font-weight: 400;\">El \u00c1rea de Inteligencia Artificial de la Fundaci\u00f3n TIC Salut Social est\u00e1 formada por un equipo multidisciplinario de profesionales provenientes de \u00e1mbitos como la Ingenier\u00eda Biom\u00e9dica, las Matem\u00e1ticas o las Telecomunicaciones, entre otros. Los principales objetivos del \u00e1rea son:<\/span><\/p>\n\n\n\n<ul class=\"wp-block-list\">\n<li><span style=\"font-weight: 400;\">Coordinar y ejecutar las acciones para el desarrollo del <\/span><a href=\"https:\/\/iasalut.cat\/es\/\" target=\"_blank\" rel=\"noreferrer noopener\"><span style=\"font-weight: 400;\">Programa Salut\/IA<\/span><\/a><\/li>\n\n\n\n<li>Participar en proyectos de IA financiados con fondos competitivos que aportan un alto valor.\n<\/li>\n<\/ul>\n\n\n\n<p><span style=\"font-weight: 400;\">El Director de la Fundaci\u00f3n TIC Salut Social, <\/span><b>Joan Guanyabens, es el representante del Departamento de Salud en la Comisi\u00f3n de Inteligencia Artificial<\/b><span style=\"font-weight: 400;\"> aprobada en el acuerdo de gobierno 45\/2024, de 27 de febrero de 2024. La nueva iniciativa pretende dotar a la Administraci\u00f3n de la Generalitat de un marco organizativo transversal que coordine los diferentes \u00e1mbitos de actuaci\u00f3n que requiere la aplicaci\u00f3n de las tecnolog\u00edas basadas en IA en la prestaci\u00f3n de los servicios p\u00fablicos y, asimismo, fomente el uso de una IA \u00e9tica, confiable y respetuosa con los derechos fundamentales, que garantice los derechos de la ciudadan\u00eda,&nbsp; como en la informaci\u00f3n, transparencia y protecci\u00f3n de los datos de car\u00e1cter personal.<\/span><\/p>\n\n\n\n<h2 class=\"wp-block-heading\">Noticias destacadas<\/h2>\n\n\n\n<style>\n    .relnews--list .relnews--list-wrapper {\n        display: flex;\n        gap: 2em;\n    }\n    .relnews--list .relnews--news {\n        width: calc(33.33% - 1em);\n    }\n    .relnews--list .relnews--img img {\n        width: 100%;\n        height: 200px;\n        object-fit: cover;\n        border-radius: 3px;\n    }\n    .relnews--list .relnews--title {\n        font-family: 'HelveticaNowDisplay-Regular';\n        font-size: 20px;\n        line-height: 28px;\n        color: #231f20;\n    }\n    .relnews--list .relnews--news:hover .relnews--title {\n        font-weight: bold;\n    }\n    @media (max-width: 782px) {\n        .relnews--list .relnews--list-wrapper {\n            flex-direction: column;\n        }\n        .relnews--list .relnews--news {\n            width: 100%;\n        }\n    }\n<\/style>\n\n<div class=\"relnews--list\">\n    <div class=\"relnews--list-wrapper\">\n                    <div class=\"relnews--news\">\n                <div class=\"relnews--news-wrapper\">\n                    <a href=\"https:\/\/ticsalutsocial.atoom.space\/es\/noticia\/una-solucio-que-transforma-els-informes-durgencies-en-guies-personalitzades-per-als-pacients-guanya-el-genai-health-hack-2026\/\">\n                        <div class=\"relnews--img\">\n                            <img loading=\"lazy\" decoding=\"async\" width=\"1280\" height=\"960\" src=\"https:\/\/ticsalutsocial.atoom.space\/wp-content\/uploads\/2026\/02\/GENAI-HEALTH-HACK-2026.png\" class=\"attachment-post-thumbnail size-post-thumbnail wp-post-image\" alt=\"GENAI HEALTH HACK 2026\" srcset=\"https:\/\/ticsalutsocial.atoom.space\/wp-content\/uploads\/2026\/02\/GENAI-HEALTH-HACK-2026.png 1280w, https:\/\/ticsalutsocial.atoom.space\/wp-content\/uploads\/2026\/02\/GENAI-HEALTH-HACK-2026-300x225.png 300w, https:\/\/ticsalutsocial.atoom.space\/wp-content\/uploads\/2026\/02\/GENAI-HEALTH-HACK-2026-1024x768.png 1024w, https:\/\/ticsalutsocial.atoom.space\/wp-content\/uploads\/2026\/02\/GENAI-HEALTH-HACK-2026-768x576.png 768w\" sizes=\"auto, (max-width: 1280px) 100vw, 1280px\" \/>                        <\/div>\n                        <div class=\"relnews--content\">\n                            <p><span class=\"relnews--title\">Una soluci\u00f3n que transforma los informes de urgencias en gu\u00edas personalizadas para los pacientes gana el GenAI Health Hack 2026<\/span><\/p>\n                        <\/div>\n                    <\/a>\n                <\/div>\n            <\/div>\n                    <div class=\"relnews--news\">\n                <div class=\"relnews--news-wrapper\">\n                    <a href=\"https:\/\/ticsalutsocial.atoom.space\/es\/noticia\/publicades-les-bases-de-la-consulta-oberta-al-mercat-del-repte-de-cribratge-de-cancer-de-mama\/\">\n                        <div class=\"relnews--img\">\n                            <img loading=\"lazy\" decoding=\"async\" width=\"1280\" height=\"960\" src=\"https:\/\/ticsalutsocial.atoom.space\/wp-content\/uploads\/2026\/02\/consulta-repte-IA-cribratge-cancer-de-mama.png\" class=\"attachment-post-thumbnail size-post-thumbnail wp-post-image\" alt=\"consulta repte IA cribratge cancer de mama\" srcset=\"https:\/\/ticsalutsocial.atoom.space\/wp-content\/uploads\/2026\/02\/consulta-repte-IA-cribratge-cancer-de-mama.png 1280w, https:\/\/ticsalutsocial.atoom.space\/wp-content\/uploads\/2026\/02\/consulta-repte-IA-cribratge-cancer-de-mama-300x225.png 300w, https:\/\/ticsalutsocial.atoom.space\/wp-content\/uploads\/2026\/02\/consulta-repte-IA-cribratge-cancer-de-mama-1024x768.png 1024w, https:\/\/ticsalutsocial.atoom.space\/wp-content\/uploads\/2026\/02\/consulta-repte-IA-cribratge-cancer-de-mama-768x576.png 768w\" sizes=\"auto, (max-width: 1280px) 100vw, 1280px\" \/>                        <\/div>\n                        <div class=\"relnews--content\">\n                            <p><span class=\"relnews--title\">Publicadas las bases de la consulta abierta al mercado del reto de cribado de c\u00e1ncer de mama<\/span><\/p>\n                        <\/div>\n                    <\/a>\n                <\/div>\n            <\/div>\n                    <div class=\"relnews--news\">\n                <div class=\"relnews--news-wrapper\">\n                    <a href=\"https:\/\/ticsalutsocial.atoom.space\/es\/noticia\/baixen-un-11-les-urgencies-de-baixa-complexitat-a-lhospital-universitari-arnau-de-vilanova-gracies-a-leina-dautotriatge-basada-en-intelligencia-artificial\/\">\n                        <div class=\"relnews--img\">\n                            <img loading=\"lazy\" decoding=\"async\" width=\"1280\" height=\"960\" src=\"https:\/\/ticsalutsocial.atoom.space\/wp-content\/uploads\/2026\/01\/avaluador-simptomes.png\" class=\"attachment-post-thumbnail size-post-thumbnail wp-post-image\" alt=\"\" srcset=\"https:\/\/ticsalutsocial.atoom.space\/wp-content\/uploads\/2026\/01\/avaluador-simptomes.png 1280w, https:\/\/ticsalutsocial.atoom.space\/wp-content\/uploads\/2026\/01\/avaluador-simptomes-300x225.png 300w, https:\/\/ticsalutsocial.atoom.space\/wp-content\/uploads\/2026\/01\/avaluador-simptomes-1024x768.png 1024w, https:\/\/ticsalutsocial.atoom.space\/wp-content\/uploads\/2026\/01\/avaluador-simptomes-768x576.png 768w\" sizes=\"auto, (max-width: 1280px) 100vw, 1280px\" \/>                        <\/div>\n                        <div class=\"relnews--content\">\n                            <p><span class=\"relnews--title\">Disminuyen un 11% las urgencias de baja complejidad en el Hospital Universitari Arnau de Vilanova gracias a la herramienta de autotriaje basada en inteligencia artificial<\/span><\/p>\n                        <\/div>\n                    <\/a>\n                <\/div>\n            <\/div>\n            <\/div>\n<\/div>\n","protected":false},"excerpt":{"rendered":"<p>El \u00c1rea de Inteligencia Artificial de la Fundaci\u00f3n TIC Salut Social est\u00e1 formada por un equipo multidisciplinario de profesionales provenientes de \u00e1mbitos como la Ingenier\u00eda Biom\u00e9dica, las Matem\u00e1ticas o las Telecomunicaciones, entre otros. Los principales objetivos del \u00e1rea son: El Director de la Fundaci\u00f3n TIC Salut Social, Joan Guanyabens, es el representante del Departamento de [&hellip;]<\/p>\n","protected":false},"author":21,"featured_media":0,"parent":13864,"menu_order":0,"comment_status":"closed","ping_status":"closed","template":"page-templates\/section--inteligencia-artificial.php","meta":{"_acf_changed":false,"inline_featured_image":false,"footnotes":""},"tipus":[],"class_list":["post-31466","page","type-page","status-publish","hentry"],"acf":{"block_eixos":null,"block_linies":null,"block_inferior":null,"documents":null},"yoast_head":"<!-- This site is optimized with the Yoast SEO plugin v27.1.1 - https:\/\/yoast.com\/product\/yoast-seo-wordpress\/ -->\n<title>Introducci\u00f3n - Fundaci\u00f3 TIC Salut i Social<\/title>\n<meta name=\"robots\" content=\"index, follow, max-snippet:-1, max-image-preview:large, max-video-preview:-1\" \/>\n<link rel=\"canonical\" href=\"https:\/\/ticsalutsocial.atoom.space\/es\/que-fem\/intelligencia-artificial\/introduccion\/\" \/>\n<meta property=\"og:locale\" content=\"es_ES\" \/>\n<meta property=\"og:type\" content=\"article\" \/>\n<meta property=\"og:title\" content=\"Introducci\u00f3n - Fundaci\u00f3 TIC Salut i Social\" \/>\n<meta property=\"og:description\" content=\"El \u00c1rea de Inteligencia Artificial de la Fundaci\u00f3n TIC Salut Social est\u00e1 formada por un equipo multidisciplinario de profesionales provenientes de \u00e1mbitos como la Ingenier\u00eda Biom\u00e9dica, las Matem\u00e1ticas o las Telecomunicaciones, entre otros. Los principales objetivos del \u00e1rea son: El Director de la Fundaci\u00f3n TIC Salut Social, Joan Guanyabens, es el representante del Departamento de [&hellip;]\" \/>\n<meta property=\"og:url\" content=\"https:\/\/ticsalutsocial.atoom.space\/es\/que-fem\/intelligencia-artificial\/introduccion\/\" \/>\n<meta property=\"og:site_name\" content=\"Fundaci\u00f3 TIC Salut i Social\" \/>\n<meta property=\"article:modified_time\" content=\"2025-06-06T10:24:43+00:00\" \/>\n<meta name=\"twitter:card\" content=\"summary_large_image\" \/>\n<meta name=\"twitter:label1\" content=\"Tiempo de lectura\" \/>\n\t<meta name=\"twitter:data1\" content=\"1 minuto\" \/>\n<script type=\"application\/ld+json\" class=\"yoast-schema-graph\">{\"@context\":\"https:\/\/schema.org\",\"@graph\":[{\"@type\":\"WebPage\",\"@id\":\"https:\/\/ticsalutsocial.atoom.space\/es\/que-fem\/intelligencia-artificial\/introduccion\/\",\"url\":\"https:\/\/ticsalutsocial.atoom.space\/es\/que-fem\/intelligencia-artificial\/introduccion\/\",\"name\":\"Introducci\u00f3n - Fundaci\u00f3 TIC Salut i Social\",\"isPartOf\":{\"@id\":\"https:\/\/ticsalutsocial.atoom.space\/es\/#website\"},\"datePublished\":\"2025-02-25T10:34:35+00:00\",\"dateModified\":\"2025-06-06T10:24:43+00:00\",\"breadcrumb\":{\"@id\":\"https:\/\/ticsalutsocial.atoom.space\/es\/que-fem\/intelligencia-artificial\/introduccion\/#breadcrumb\"},\"inLanguage\":\"es\",\"potentialAction\":[{\"@type\":\"ReadAction\",\"target\":[\"https:\/\/ticsalutsocial.atoom.space\/es\/que-fem\/intelligencia-artificial\/introduccion\/\"]}]},{\"@type\":\"BreadcrumbList\",\"@id\":\"https:\/\/ticsalutsocial.atoom.space\/es\/que-fem\/intelligencia-artificial\/introduccion\/#breadcrumb\",\"itemListElement\":[{\"@type\":\"ListItem\",\"position\":1,\"name\":\"Inici\",\"item\":\"https:\/\/ticsalutsocial.atoom.space\/es\/\"},{\"@type\":\"ListItem\",\"position\":2,\"name\":\"Que Fem\",\"item\":\"https:\/\/ticsalutsocial.atoom.space\/es\/que-fem\/\"},{\"@type\":\"ListItem\",\"position\":3,\"name\":\"Inteligencia artificial\",\"item\":\"https:\/\/ticsalutsocial.atoom.space\/es\/que-fem\/intelligencia-artificial\/\"},{\"@type\":\"ListItem\",\"position\":4,\"name\":\"Introducci\u00f3n\"}]},{\"@type\":\"WebSite\",\"@id\":\"https:\/\/ticsalutsocial.atoom.space\/es\/#website\",\"url\":\"https:\/\/ticsalutsocial.atoom.space\/es\/\",\"name\":\"Fundaci\u00f3 TIC Salut i Social\",\"description\":\"\",\"potentialAction\":[{\"@type\":\"SearchAction\",\"target\":{\"@type\":\"EntryPoint\",\"urlTemplate\":\"https:\/\/ticsalutsocial.atoom.space\/es\/?s={search_term_string}\"},\"query-input\":{\"@type\":\"PropertyValueSpecification\",\"valueRequired\":true,\"valueName\":\"search_term_string\"}}],\"inLanguage\":\"es\"}]}<\/script>\n<!-- \/ Yoast SEO plugin. -->","yoast_head_json":{"title":"Introducci\u00f3n - Fundaci\u00f3 TIC Salut i Social","robots":{"index":"index","follow":"follow","max-snippet":"max-snippet:-1","max-image-preview":"max-image-preview:large","max-video-preview":"max-video-preview:-1"},"canonical":"https:\/\/ticsalutsocial.atoom.space\/es\/que-fem\/intelligencia-artificial\/introduccion\/","og_locale":"es_ES","og_type":"article","og_title":"Introducci\u00f3n - Fundaci\u00f3 TIC Salut i Social","og_description":"El \u00c1rea de Inteligencia Artificial de la Fundaci\u00f3n TIC Salut Social est\u00e1 formada por un equipo multidisciplinario de profesionales provenientes de \u00e1mbitos como la Ingenier\u00eda Biom\u00e9dica, las Matem\u00e1ticas o las Telecomunicaciones, entre otros. Los principales objetivos del \u00e1rea son: El Director de la Fundaci\u00f3n TIC Salut Social, Joan Guanyabens, es el representante del Departamento de [&hellip;]","og_url":"https:\/\/ticsalutsocial.atoom.space\/es\/que-fem\/intelligencia-artificial\/introduccion\/","og_site_name":"Fundaci\u00f3 TIC Salut i Social","article_modified_time":"2025-06-06T10:24:43+00:00","twitter_card":"summary_large_image","twitter_misc":{"Tiempo de lectura":"1 minuto"},"schema":{"@context":"https:\/\/schema.org","@graph":[{"@type":"WebPage","@id":"https:\/\/ticsalutsocial.atoom.space\/es\/que-fem\/intelligencia-artificial\/introduccion\/","url":"https:\/\/ticsalutsocial.atoom.space\/es\/que-fem\/intelligencia-artificial\/introduccion\/","name":"Introducci\u00f3n - Fundaci\u00f3 TIC Salut i Social","isPartOf":{"@id":"https:\/\/ticsalutsocial.atoom.space\/es\/#website"},"datePublished":"2025-02-25T10:34:35+00:00","dateModified":"2025-06-06T10:24:43+00:00","breadcrumb":{"@id":"https:\/\/ticsalutsocial.atoom.space\/es\/que-fem\/intelligencia-artificial\/introduccion\/#breadcrumb"},"inLanguage":"es","potentialAction":[{"@type":"ReadAction","target":["https:\/\/ticsalutsocial.atoom.space\/es\/que-fem\/intelligencia-artificial\/introduccion\/"]}]},{"@type":"BreadcrumbList","@id":"https:\/\/ticsalutsocial.atoom.space\/es\/que-fem\/intelligencia-artificial\/introduccion\/#breadcrumb","itemListElement":[{"@type":"ListItem","position":1,"name":"Inici","item":"https:\/\/ticsalutsocial.atoom.space\/es\/"},{"@type":"ListItem","position":2,"name":"Que Fem","item":"https:\/\/ticsalutsocial.atoom.space\/es\/que-fem\/"},{"@type":"ListItem","position":3,"name":"Inteligencia artificial","item":"https:\/\/ticsalutsocial.atoom.space\/es\/que-fem\/intelligencia-artificial\/"},{"@type":"ListItem","position":4,"name":"Introducci\u00f3n"}]},{"@type":"WebSite","@id":"https:\/\/ticsalutsocial.atoom.space\/es\/#website","url":"https:\/\/ticsalutsocial.atoom.space\/es\/","name":"Fundaci\u00f3 TIC Salut i Social","description":"","potentialAction":[{"@type":"SearchAction","target":{"@type":"EntryPoint","urlTemplate":"https:\/\/ticsalutsocial.atoom.space\/es\/?s={search_term_string}"},"query-input":{"@type":"PropertyValueSpecification","valueRequired":true,"valueName":"search_term_string"}}],"inLanguage":"es"}]}},"_links":{"self":[{"href":"https:\/\/ticsalutsocial.atoom.space\/es\/wp-json\/wp\/v2\/pages\/31466","targetHints":{"allow":["GET"]}}],"collection":[{"href":"https:\/\/ticsalutsocial.atoom.space\/es\/wp-json\/wp\/v2\/pages"}],"about":[{"href":"https:\/\/ticsalutsocial.atoom.space\/es\/wp-json\/wp\/v2\/types\/page"}],"author":[{"embeddable":true,"href":"https:\/\/ticsalutsocial.atoom.space\/es\/wp-json\/wp\/v2\/users\/21"}],"replies":[{"embeddable":true,"href":"https:\/\/ticsalutsocial.atoom.space\/es\/wp-json\/wp\/v2\/comments?post=31466"}],"version-history":[{"count":3,"href":"https:\/\/ticsalutsocial.atoom.space\/es\/wp-json\/wp\/v2\/pages\/31466\/revisions"}],"predecessor-version":[{"id":32538,"href":"https:\/\/ticsalutsocial.atoom.space\/es\/wp-json\/wp\/v2\/pages\/31466\/revisions\/32538"}],"up":[{"embeddable":true,"href":"https:\/\/ticsalutsocial.atoom.space\/es\/wp-json\/wp\/v2\/pages\/13864"}],"wp:attachment":[{"href":"https:\/\/ticsalutsocial.atoom.space\/es\/wp-json\/wp\/v2\/media?parent=31466"}],"wp:term":[{"taxonomy":"tipus","embeddable":true,"href":"https:\/\/ticsalutsocial.atoom.space\/es\/wp-json\/wp\/v2\/tipus?post=31466"}],"curies":[{"name":"wp","href":"https:\/\/api.w.org\/{rel}","templated":true}]}}